{"id":15320,"date":"2025-10-14T14:40:13","date_gmt":"2025-10-14T12:40:13","guid":{"rendered":"https:\/\/preprod.lafourneedoree.fr\/?post_type=our-products&#038;p=15320"},"modified":"2026-02-18T12:41:49","modified_gmt":"2026-02-18T11:41:49","slug":"sliced-brioche-loaf","status":"publish","type":"our-products","link":"https:\/\/www.lafourneedoree.fr\/au\/product\/sliced-brioche-loaf\/","title":{"rendered":"Sliced Brioche Loaf"},"content":{"rendered":"\n<div id=\"wp-block-themeisle-blocks-advanced-columns-2c099ba2\" class=\"wp-block-themeisle-blocks-advanced-columns alignfull has-1-columns has-desktop-equal-layout has-tablet-equal-layout has-mobile-equal-layout has-vertical-unset ticss-fa08f3b6\"><div class=\"wp-block-themeisle-blocks-advanced-columns-overlay\"><\/div><div class=\"innerblocks-wrap\">\n<div id=\"wp-block-themeisle-blocks-advanced-column-cbab418a\" class=\"wp-block-themeisle-blocks-advanced-column\">\n<div id=\"wp-block-themeisle-blocks-advanced-columns-e44f5343\" class=\"wp-block-themeisle-blocks-advanced-columns has-1-columns has-desktop-equal-layout has-tablet-equal-layout has-mobile-equal-layout has-vertical-unset\"><div class=\"wp-block-themeisle-blocks-advanced-columns-overlay\"><\/div><div class=\"innerblocks-wrap\">\n<div id=\"wp-block-themeisle-blocks-advanced-column-689a75a8\" class=\"wp-block-themeisle-blocks-advanced-column\"><div class=\"yoast-breadcrumbs ticss-60825abe\"><span><span><a href=\"https:\/\/www.lafourneedoree.fr\/au\/\">La Fourn\u00e9e Dor\u00e9e<\/a><\/span> \u00bb <span class=\"breadcrumb_last\" aria-current=\"page\">Sliced Brioche Loaf<\/span><\/span><\/div><\/div>\n<\/div><\/div>\n\n\n\n<div id=\"wp-block-themeisle-blocks-advanced-columns-055230dd\" class=\"wp-block-themeisle-blocks-advanced-columns alignfull has-2-columns has-desktop-equal-layout has-tablet-equal-layout has-mobile-collapsedRows-layout has-vertical-unset\"><div class=\"wp-block-themeisle-blocks-advanced-columns-overlay\"><\/div><div class=\"innerblocks-wrap\">\n<div id=\"wp-block-themeisle-blocks-advanced-column-0fa954fd\" class=\"wp-block-themeisle-blocks-advanced-column\">\n<div id=\"wp-block-themeisle-blocks-slider-db221a67\" class=\"wp-block-themeisle-blocks-slider glide ticss-d6c73f2d\" data-per-view=\"1\" data-gap=\"0\" data-peek=\"0\" data-autoplay=\"3000\" data-height=\"550px\" data-hide-arrows=\"true\"><div class=\"glide__track\" data-glide-el=\"track\"><div class=\"glide__slides\"><div class=\"wp-block-themeisle-blocks-slider-item-wrapper glide__slide\" tabindex=\"0\"><figure><img decoding=\"async\" class=\"wp-block-themeisle-blocks-slider-item\" src=\"https:\/\/www.lafourneedoree.fr\/wp-content\/uploads\/2025\/12\/sliced-brioche-loaf-ingredients.png\" alt=\"\" title=\"\" data-id=\"15333\"\/><\/figure><\/div><div class=\"wp-block-themeisle-blocks-slider-item-wrapper glide__slide\" tabindex=\"0\"><figure><img decoding=\"async\" class=\"wp-block-themeisle-blocks-slider-item\" src=\"https:\/\/www.lafourneedoree.fr\/wp-content\/uploads\/2026\/02\/sliced-brioche-loaf-pack.png\" alt=\"\" title=\"\" data-id=\"15327\"\/><\/figure><\/div><div class=\"wp-block-themeisle-blocks-slider-item-wrapper glide__slide\" tabindex=\"0\"><figure><img decoding=\"async\" class=\"wp-block-themeisle-blocks-slider-item\" src=\"https:\/\/www.lafourneedoree.fr\/wp-content\/uploads\/2025\/12\/chocolate-waffles.png\" alt=\"\" title=\"\" data-id=\"15321\"\/><\/figure><\/div><\/div><div class=\"glide__bullets\" data-glide-el=\"controls[nav]\"><button class=\"glide__bullet\" data-glide-dir=\"=0\"><\/button><button class=\"glide__bullet\" data-glide-dir=\"=1\"><\/button><button class=\"glide__bullet\" data-glide-dir=\"=2\"><\/button><\/div><\/div><\/div>\n<\/div>\n\n\n\n<div id=\"wp-block-themeisle-blocks-advanced-column-132cc021\" class=\"wp-block-themeisle-blocks-advanced-column\">\n<h1 id=\"wp-block-themeisle-blocks-advanced-heading-f763f1bc\" class=\"wp-block-themeisle-blocks-advanced-heading wp-block-themeisle-blocks-advanced-heading-f763f1bc\">Sliced Brioche Loaf<\/h1>\n\n\n\n<p class=\"ticss-587ac4be has-neve-link-color-color has-text-color has-link-color wp-elements-9fc43062ebb5cbed664f70fd743c4aab\"><strong>Try our inimitable soft brioche, with its sweet taste and smooth texture that melts in your mouth.<\/strong><\/p>\n\n\n\n<p class=\"has-neve-link-color-color has-text-color has-link-color wp-elements-eea54167573a51c6a6ef88c9c4253567\"><strong>Already sliced for more convenience, with generous slices perfect for any meal.<\/strong><\/p>\n\n\n\n<p class=\"ticss-587ac4be has-neve-link-color-color has-text-color has-link-color wp-elements-c68e2d16999df235c9f6a42b0da48445\"><strong>Use this traditional French brioche for cold sandwiches, as toast with your favourite toppings, or enjoy it on its own. For something even more indulgent, you can also make the most delicious French Toast.<\/strong><\/p>\n<\/div>\n<\/div><\/div>\n<\/div>\n<\/div><\/div>\n\n\n\n<div id=\"wp-block-themeisle-blocks-advanced-columns-0bb90b60\" class=\"wp-block-themeisle-blocks-advanced-columns alignfull has-1-columns has-desktop-equal-layout has-tablet-equal-layout has-mobile-equal-layout has-vertical-unset\"><div class=\"wp-block-themeisle-blocks-advanced-columns-overlay\"><\/div><div class=\"innerblocks-wrap\">\n<div id=\"wp-block-themeisle-blocks-advanced-column-d26373b0\" class=\"wp-block-themeisle-blocks-advanced-column\">\n<h2 class=\"wp-block-heading has-text-align-center ticss-051af1f3 has-custom-3-color has-text-color has-link-color wp-elements-a086a8c0dc913afaa46c1cfbeedc6c3d\">Cook with our products<\/h2>\n\n\n\n        <section class=\"bg-rel-simple\">\n\n            \n            <ul class=\"bg-rel-grid\">\n\n                \n                    <li class=\"bg-rel-card no-hover \">\n\n                        <a href=\"https:\/\/www.lafourneedoree.fr\/au\/recipes\/breakfast-brioche\/\" class=\"bg-rel-link\">\n\n\t\t\t  <span class=\"bg-rel-figure\">\n\n\t\t\t\t\n                    <span class=\"bg-rel-img bg-rel-main\"><img width=\"1024\" height=\"1024\" src=\"https:\/\/www.lafourneedoree.fr\/wp-content\/uploads\/2026\/01\/breakfast-brioche-1024x1024.png\" class=\"bg-rel-thumb\" alt=\"Breakfast Brioche\" loading=\"lazy\" decoding=\"async\" srcset=\"https:\/\/www.lafourneedoree.fr\/wp-content\/uploads\/2026\/01\/breakfast-brioche-1024x1024.png 1024w, https:\/\/www.lafourneedoree.fr\/wp-content\/uploads\/2026\/01\/breakfast-brioche-300x300.png 300w, https:\/\/www.lafourneedoree.fr\/wp-content\/uploads\/2026\/01\/breakfast-brioche-150x150.png 150w, https:\/\/www.lafourneedoree.fr\/wp-content\/uploads\/2026\/01\/breakfast-brioche-768x768.png 768w, https:\/\/www.lafourneedoree.fr\/wp-content\/uploads\/2026\/01\/breakfast-brioche-650x650.png 650w, https:\/\/www.lafourneedoree.fr\/wp-content\/uploads\/2026\/01\/breakfast-brioche.png 1080w\" sizes=\"auto, (max-width: 1024px) 100vw, 1024px\" \/><\/span>\n\n                \n                  \n\t\t\t  <\/span>\n\n                            <span class=\"bg-rel-name\">Breakfast Brioche<\/span>\n\n\n                                                            <hr class=\"separateur\">\n                                <span class=\"bg-rel-meta\">\n\n\t\t\t\t  \n                            <div class=\"recette_picto\">\n                                <span class=\"servings\">\n                                        <div class=\"recette_picto_icon\">\n                                            <span class=\"icon-users icon\"><\/span>\n                                        <\/div>\n                                        2 servings<\/span>\n                            <\/div>  <div class=\"recette_picto\">\n                                                <div class=\"recette_picto-icon\">\n                                                     <span class=\"icon-clock2 icon\"><\/span>\n                                                <\/div>\n\t\t\t\t                                <span class=\"prep-time\"><time datetime=\"PT15M\">15 min<\/time><\/span>\n\t\t\t\t                            <\/div>       <div class=\"recette_picto\">\n                                                <div class=\"recette_picto-icon\">\n                                                    <span class=\"icon-chapeau-cuisine icon\"><\/span>\n                                                <\/div>\n                                                <span class=\"difficulty\">Facile<\/span>\n                                            <\/div>\n                                            \n\t\t\t\t<\/span>\n\n                            \n                        <\/a>\n\n                    <\/li>\n\n                \n                    <li class=\"bg-rel-card no-hover \">\n\n                        <a href=\"https:\/\/www.lafourneedoree.fr\/au\/recipes\/briochfingers-2\/\" class=\"bg-rel-link\">\n\n\t\t\t  <span class=\"bg-rel-figure\">\n\n\t\t\t\t\n                    <span class=\"bg-rel-img bg-rel-main\"><img width=\"1024\" height=\"1024\" src=\"https:\/\/www.lafourneedoree.fr\/wp-content\/uploads\/2026\/01\/brioch-fingers-1024x1024.png\" class=\"bg-rel-thumb\" alt=\"Brioch&#8217;fingers\" loading=\"lazy\" decoding=\"async\" srcset=\"https:\/\/www.lafourneedoree.fr\/wp-content\/uploads\/2026\/01\/brioch-fingers-1024x1024.png 1024w, https:\/\/www.lafourneedoree.fr\/wp-content\/uploads\/2026\/01\/brioch-fingers-300x300.png 300w, https:\/\/www.lafourneedoree.fr\/wp-content\/uploads\/2026\/01\/brioch-fingers-150x150.png 150w, https:\/\/www.lafourneedoree.fr\/wp-content\/uploads\/2026\/01\/brioch-fingers-768x768.png 768w, https:\/\/www.lafourneedoree.fr\/wp-content\/uploads\/2026\/01\/brioch-fingers-650x650.png 650w, https:\/\/www.lafourneedoree.fr\/wp-content\/uploads\/2026\/01\/brioch-fingers.png 1080w\" sizes=\"auto, (max-width: 1024px) 100vw, 1024px\" \/><\/span>\n\n                \n                  \n\t\t\t  <\/span>\n\n                            <span class=\"bg-rel-name\">Brioch&#8217;fingers<\/span>\n\n\n                                                            <hr class=\"separateur\">\n                                <span class=\"bg-rel-meta\">\n\n\t\t\t\t  \n                            <div class=\"recette_picto\">\n                                <span class=\"servings\">\n                                        <div class=\"recette_picto_icon\">\n                                            <span class=\"icon-users icon\"><\/span>\n                                        <\/div>\n                                        4 servings<\/span>\n                            <\/div>  <div class=\"recette_picto\">\n                                                <div class=\"recette_picto-icon\">\n                                                     <span class=\"icon-clock2 icon\"><\/span>\n                                                <\/div>\n\t\t\t\t                                <span class=\"prep-time\"><time datetime=\"PT10M\">10 min<\/time><\/span>\n\t\t\t\t                            <\/div>       <div class=\"recette_picto\">\n                                                <div class=\"recette_picto-icon\">\n                                                    <span class=\"icon-chapeau-cuisine icon\"><\/span>\n                                                <\/div>\n                                                <span class=\"difficulty\">Facile<\/span>\n                                            <\/div>\n                                            \n\t\t\t\t<\/span>\n\n                            \n                        <\/a>\n\n                    <\/li>\n\n                \n                    <li class=\"bg-rel-card no-hover \">\n\n                        <a href=\"https:\/\/www.lafourneedoree.fr\/au\/recipes\/chocolate-waffles\/\" class=\"bg-rel-link\">\n\n\t\t\t  <span class=\"bg-rel-figure\">\n\n\t\t\t\t\n                    <span class=\"bg-rel-img bg-rel-main\"><img width=\"1024\" height=\"1024\" src=\"https:\/\/www.lafourneedoree.fr\/wp-content\/uploads\/2026\/01\/chocolate-waffles-1024x1024.png\" class=\"bg-rel-thumb\" alt=\"Chocolate Waffles\" loading=\"lazy\" decoding=\"async\" srcset=\"https:\/\/www.lafourneedoree.fr\/wp-content\/uploads\/2026\/01\/chocolate-waffles-1024x1024.png 1024w, https:\/\/www.lafourneedoree.fr\/wp-content\/uploads\/2026\/01\/chocolate-waffles-300x300.png 300w, https:\/\/www.lafourneedoree.fr\/wp-content\/uploads\/2026\/01\/chocolate-waffles-150x150.png 150w, https:\/\/www.lafourneedoree.fr\/wp-content\/uploads\/2026\/01\/chocolate-waffles-768x768.png 768w, https:\/\/www.lafourneedoree.fr\/wp-content\/uploads\/2026\/01\/chocolate-waffles-650x650.png 650w, https:\/\/www.lafourneedoree.fr\/wp-content\/uploads\/2026\/01\/chocolate-waffles.png 1080w\" sizes=\"auto, (max-width: 1024px) 100vw, 1024px\" \/><\/span>\n\n                \n                  \n\t\t\t  <\/span>\n\n                            <span class=\"bg-rel-name\">Chocolate Waffles<\/span>\n\n\n                                                            <hr class=\"separateur\">\n                                <span class=\"bg-rel-meta\">\n\n\t\t\t\t  \n                            <div class=\"recette_picto\">\n                                <span class=\"servings\">\n                                        <div class=\"recette_picto_icon\">\n                                            <span class=\"icon-users icon\"><\/span>\n                                        <\/div>\n                                        2 servings<\/span>\n                            <\/div>  <div class=\"recette_picto\">\n                                                <div class=\"recette_picto-icon\">\n                                                     <span class=\"icon-clock2 icon\"><\/span>\n                                                <\/div>\n\t\t\t\t                                <span class=\"prep-time\"><time datetime=\"PT12M\">12 min<\/time><\/span>\n\t\t\t\t                            <\/div>       <div class=\"recette_picto\">\n                                                <div class=\"recette_picto-icon\">\n                                                    <span class=\"icon-chapeau-cuisine icon\"><\/span>\n                                                <\/div>\n                                                <span class=\"difficulty\">Facile<\/span>\n                                            <\/div>\n                                            \n\t\t\t\t<\/span>\n\n                            \n                        <\/a>\n\n                    <\/li>\n\n                \n            <\/ul>\n\n        <\/section>\n\n        \n<\/div>\n<\/div><\/div>\n\n\n\n<div id=\"wp-block-themeisle-blocks-advanced-columns-c24f46c6\" class=\"wp-block-themeisle-blocks-advanced-columns alignfull has-1-columns has-desktop-equal-layout has-tablet-equal-layout has-mobile-equal-layout has-vertical-unset ticss-89ac11e2\"><div class=\"wp-block-themeisle-blocks-advanced-columns-overlay\"><\/div><div class=\"innerblocks-wrap\">\n<div id=\"wp-block-themeisle-blocks-advanced-column-3bc36067\" class=\"wp-block-themeisle-blocks-advanced-column\">\n<div id=\"wp-block-themeisle-blocks-advanced-columns-163ca190\" class=\"wp-block-themeisle-blocks-advanced-columns has-1-columns has-desktop-equal-layout has-tablet-equal-layout has-mobile-equal-layout has-vertical-unset\"><div class=\"wp-block-themeisle-blocks-advanced-columns-overlay\"><\/div><div class=\"innerblocks-wrap\">\n<div id=\"wp-block-themeisle-blocks-advanced-column-eed396af\" class=\"wp-block-themeisle-blocks-advanced-column\">\n<h2 class=\"wp-block-heading has-text-align-center titre-cc has-custom-3-color has-text-color has-link-color wp-elements-8d78b20afccb915ef4829c84b0d6a049\">You may also like<\/h2>\n<\/div>\n<\/div><\/div>\n\n\n    <section class=\"bg-rel-simple\">\r\n            <ul class=\"bg-rel-grid\">\r\n        \t\t  <li class=\"bg-rel-card has-hover\">\r\n\t\t\t<a href=\"https:\/\/www.lafourneedoree.fr\/au\/product\/sliced-brioche-loaf\/\" class=\"bg-rel-link\">\r\n\t\t\t  <span class=\"bg-rel-figure\">\r\n\t\t\t\t\t\t\t\t  <span class=\"bg-rel-img bg-rel-main\"><img width=\"650\" height=\"650\" src=\"https:\/\/www.lafourneedoree.fr\/wp-content\/uploads\/2026\/02\/sliced-brioche-loaf-pack.png\" class=\"attachment-large size-large wp-post-image\" alt=\"\" loading=\"lazy\" decoding=\"async\" srcset=\"https:\/\/www.lafourneedoree.fr\/wp-content\/uploads\/2026\/02\/sliced-brioche-loaf-pack.png 650w, https:\/\/www.lafourneedoree.fr\/wp-content\/uploads\/2026\/02\/sliced-brioche-loaf-pack-300x300.png 300w, https:\/\/www.lafourneedoree.fr\/wp-content\/uploads\/2026\/02\/sliced-brioche-loaf-pack-150x150.png 150w\" sizes=\"auto, (max-width: 650px) 100vw, 650px\" \/><\/span>\r\n\t\t\t\t\t\t\t\t\t\t\t\t  <span class=\"bg-rel-img bg-rel-hover\" aria-hidden=\"true\"><img width=\"608\" height=\"590\" src=\"https:\/\/www.lafourneedoree.fr\/wp-content\/uploads\/2025\/12\/sliced-brioche-loaf-ingredients.png\" class=\"attachment-large size-large\" alt=\"\" loading=\"lazy\" decoding=\"async\" srcset=\"https:\/\/www.lafourneedoree.fr\/wp-content\/uploads\/2025\/12\/sliced-brioche-loaf-ingredients.png 608w, https:\/\/www.lafourneedoree.fr\/wp-content\/uploads\/2025\/12\/sliced-brioche-loaf-ingredients-300x291.png 300w\" sizes=\"auto, (max-width: 608px) 100vw, 608px\" \/><\/span>\r\n\t\t\t\t\t\t\t  <\/span>\r\n\t\t\t  <span class=\"bg-rel-name\">Sliced Brioche Loaf<\/span>\r\n                \t\t\t  \t\t\t<\/a>\r\n\t\t  <\/li>\r\n\t\t      <\/ul>\r\n    <\/section>\r\n    \n<\/div>\n<\/div><\/div>\n\n\n\n<div style=\"height:100px\" aria-hidden=\"true\" class=\"wp-block-spacer\"><\/div>\n","protected":false},"featured_media":15327,"parent":0,"template":"","meta":{"_acf_changed":true,"neve_meta_sidebar":"","neve_meta_container":"","neve_meta_enable_content_width":"","neve_meta_content_width":0,"neve_meta_title_alignment":"","neve_meta_author_avatar":"","neve_post_elements_order":"","neve_meta_disable_header":"","neve_meta_disable_footer":"","neve_meta_disable_title":"","neve_meta_reading_time":"","_themeisle_gutenberg_block_has_review":false},"product-type":[321,313,1125],"class_list":["post-15320","our-products","type-our-products","status-publish","has-post-thumbnail","hentry","product-type-brioches-au","product-type-sweet-au","product-type-to-share-or-not-au"],"acf":[],"yoast_head":"<!-- This site is optimized with the Yoast SEO plugin v27.3 - https:\/\/yoast.com\/product\/yoast-seo-wordpress\/ -->\n<title>Sliced Brioche Loaf - La Fourn\u00e9e Dor\u00e9e - La saveur retrouv\u00e9e<\/title>\n<meta name=\"robots\" content=\"index, follow, max-snippet:-1, max-image-preview:large, max-video-preview:-1\" \/>\n<link rel=\"canonical\" href=\"https:\/\/www.lafourneedoree.fr\/au\/product\/sliced-brioche-loaf\/\" \/>\n<meta property=\"og:locale\" content=\"en_US\" \/>\n<meta property=\"og:type\" content=\"article\" \/>\n<meta property=\"og:title\" content=\"Sliced Brioche Loaf - La Fourn\u00e9e Dor\u00e9e - La saveur retrouv\u00e9e\" \/>\n<meta property=\"og:url\" content=\"https:\/\/www.lafourneedoree.fr\/au\/product\/sliced-brioche-loaf\/\" \/>\n<meta property=\"og:site_name\" content=\"La Fourn\u00e9e Dor\u00e9e - La saveur retrouv\u00e9e\" \/>\n<meta property=\"article:modified_time\" content=\"2026-02-18T11:41:49+00:00\" \/>\n<meta property=\"og:image\" content=\"https:\/\/www.lafourneedoree.fr\/wp-content\/uploads\/2026\/02\/sliced-brioche-loaf-pack.png\" \/>\n\t<meta property=\"og:image:width\" content=\"650\" \/>\n\t<meta property=\"og:image:height\" content=\"650\" \/>\n\t<meta property=\"og:image:type\" content=\"image\/png\" \/>\n<meta name=\"twitter:card\" content=\"summary_large_image\" \/>\n<meta name=\"twitter:label1\" content=\"Est. reading time\" \/>\n\t<meta name=\"twitter:data1\" content=\"2 minutes\" \/>\n<script type=\"application\/ld+json\" class=\"yoast-schema-graph\">{\"@context\":\"https:\\\/\\\/schema.org\",\"@graph\":[{\"@type\":\"WebPage\",\"@id\":\"https:\\\/\\\/www.lafourneedoree.fr\\\/au\\\/product\\\/sliced-brioche-loaf\\\/\",\"url\":\"https:\\\/\\\/www.lafourneedoree.fr\\\/au\\\/product\\\/sliced-brioche-loaf\\\/\",\"name\":\"Sliced Brioche Loaf - La Fourn\u00e9e Dor\u00e9e - La saveur retrouv\u00e9e\",\"isPartOf\":{\"@id\":\"https:\\\/\\\/www.lafourneedoree.fr\\\/#website\"},\"primaryImageOfPage\":{\"@id\":\"https:\\\/\\\/www.lafourneedoree.fr\\\/au\\\/product\\\/sliced-brioche-loaf\\\/#primaryimage\"},\"image\":{\"@id\":\"https:\\\/\\\/www.lafourneedoree.fr\\\/au\\\/product\\\/sliced-brioche-loaf\\\/#primaryimage\"},\"thumbnailUrl\":\"https:\\\/\\\/www.lafourneedoree.fr\\\/wp-content\\\/uploads\\\/2026\\\/02\\\/sliced-brioche-loaf-pack.png\",\"datePublished\":\"2025-10-14T12:40:13+00:00\",\"dateModified\":\"2026-02-18T11:41:49+00:00\",\"breadcrumb\":{\"@id\":\"https:\\\/\\\/www.lafourneedoree.fr\\\/au\\\/product\\\/sliced-brioche-loaf\\\/#breadcrumb\"},\"inLanguage\":\"au-EN\",\"potentialAction\":[{\"@type\":\"ReadAction\",\"target\":[\"https:\\\/\\\/www.lafourneedoree.fr\\\/au\\\/product\\\/sliced-brioche-loaf\\\/\"]}]},{\"@type\":\"ImageObject\",\"inLanguage\":\"au-EN\",\"@id\":\"https:\\\/\\\/www.lafourneedoree.fr\\\/au\\\/product\\\/sliced-brioche-loaf\\\/#primaryimage\",\"url\":\"https:\\\/\\\/www.lafourneedoree.fr\\\/wp-content\\\/uploads\\\/2026\\\/02\\\/sliced-brioche-loaf-pack.png\",\"contentUrl\":\"https:\\\/\\\/www.lafourneedoree.fr\\\/wp-content\\\/uploads\\\/2026\\\/02\\\/sliced-brioche-loaf-pack.png\",\"width\":650,\"height\":650},{\"@type\":\"BreadcrumbList\",\"@id\":\"https:\\\/\\\/www.lafourneedoree.fr\\\/au\\\/product\\\/sliced-brioche-loaf\\\/#breadcrumb\",\"itemListElement\":[{\"@type\":\"ListItem\",\"position\":1,\"name\":\"La Fourn\u00e9e Dor\u00e9e\",\"item\":\"https:\\\/\\\/www.lafourneedoree.fr\\\/au\\\/\"},{\"@type\":\"ListItem\",\"position\":2,\"name\":\"Sliced Brioche Loaf\"}]},{\"@type\":\"WebSite\",\"@id\":\"https:\\\/\\\/www.lafourneedoree.fr\\\/#website\",\"url\":\"https:\\\/\\\/www.lafourneedoree.fr\\\/\",\"name\":\"La Fourn\u00e9e Dor\u00e9e - La saveur retrouv\u00e9e\",\"description\":\"\",\"potentialAction\":[{\"@type\":\"SearchAction\",\"target\":{\"@type\":\"EntryPoint\",\"urlTemplate\":\"https:\\\/\\\/www.lafourneedoree.fr\\\/?s={search_term_string}\"},\"query-input\":{\"@type\":\"PropertyValueSpecification\",\"valueRequired\":true,\"valueName\":\"search_term_string\"}}],\"inLanguage\":\"au-EN\"}]}<\/script>\n<!-- \/ Yoast SEO plugin. -->","yoast_head_json":{"title":"Sliced Brioche Loaf - La Fourn\u00e9e Dor\u00e9e - La saveur retrouv\u00e9e","robots":{"index":"index","follow":"follow","max-snippet":"max-snippet:-1","max-image-preview":"max-image-preview:large","max-video-preview":"max-video-preview:-1"},"canonical":"https:\/\/www.lafourneedoree.fr\/au\/product\/sliced-brioche-loaf\/","og_locale":"en_US","og_type":"article","og_title":"Sliced Brioche Loaf - La Fourn\u00e9e Dor\u00e9e - La saveur retrouv\u00e9e","og_url":"https:\/\/www.lafourneedoree.fr\/au\/product\/sliced-brioche-loaf\/","og_site_name":"La Fourn\u00e9e Dor\u00e9e - La saveur retrouv\u00e9e","article_modified_time":"2026-02-18T11:41:49+00:00","og_image":[{"width":650,"height":650,"url":"https:\/\/www.lafourneedoree.fr\/wp-content\/uploads\/2026\/02\/sliced-brioche-loaf-pack.png","type":"image\/png"}],"twitter_card":"summary_large_image","twitter_misc":{"Est. reading time":"2 minutes"},"schema":{"@context":"https:\/\/schema.org","@graph":[{"@type":"WebPage","@id":"https:\/\/www.lafourneedoree.fr\/au\/product\/sliced-brioche-loaf\/","url":"https:\/\/www.lafourneedoree.fr\/au\/product\/sliced-brioche-loaf\/","name":"Sliced Brioche Loaf - La Fourn\u00e9e Dor\u00e9e - La saveur retrouv\u00e9e","isPartOf":{"@id":"https:\/\/www.lafourneedoree.fr\/#website"},"primaryImageOfPage":{"@id":"https:\/\/www.lafourneedoree.fr\/au\/product\/sliced-brioche-loaf\/#primaryimage"},"image":{"@id":"https:\/\/www.lafourneedoree.fr\/au\/product\/sliced-brioche-loaf\/#primaryimage"},"thumbnailUrl":"https:\/\/www.lafourneedoree.fr\/wp-content\/uploads\/2026\/02\/sliced-brioche-loaf-pack.png","datePublished":"2025-10-14T12:40:13+00:00","dateModified":"2026-02-18T11:41:49+00:00","breadcrumb":{"@id":"https:\/\/www.lafourneedoree.fr\/au\/product\/sliced-brioche-loaf\/#breadcrumb"},"inLanguage":"au-EN","potentialAction":[{"@type":"ReadAction","target":["https:\/\/www.lafourneedoree.fr\/au\/product\/sliced-brioche-loaf\/"]}]},{"@type":"ImageObject","inLanguage":"au-EN","@id":"https:\/\/www.lafourneedoree.fr\/au\/product\/sliced-brioche-loaf\/#primaryimage","url":"https:\/\/www.lafourneedoree.fr\/wp-content\/uploads\/2026\/02\/sliced-brioche-loaf-pack.png","contentUrl":"https:\/\/www.lafourneedoree.fr\/wp-content\/uploads\/2026\/02\/sliced-brioche-loaf-pack.png","width":650,"height":650},{"@type":"BreadcrumbList","@id":"https:\/\/www.lafourneedoree.fr\/au\/product\/sliced-brioche-loaf\/#breadcrumb","itemListElement":[{"@type":"ListItem","position":1,"name":"La Fourn\u00e9e Dor\u00e9e","item":"https:\/\/www.lafourneedoree.fr\/au\/"},{"@type":"ListItem","position":2,"name":"Sliced Brioche Loaf"}]},{"@type":"WebSite","@id":"https:\/\/www.lafourneedoree.fr\/#website","url":"https:\/\/www.lafourneedoree.fr\/","name":"La Fourn\u00e9e Dor\u00e9e - La saveur retrouv\u00e9e","description":"","potentialAction":[{"@type":"SearchAction","target":{"@type":"EntryPoint","urlTemplate":"https:\/\/www.lafourneedoree.fr\/?s={search_term_string}"},"query-input":{"@type":"PropertyValueSpecification","valueRequired":true,"valueName":"search_term_string"}}],"inLanguage":"au-EN"}]}},"_links":{"self":[{"href":"https:\/\/www.lafourneedoree.fr\/au\/wp-json\/wp\/v2\/our-products\/15320","targetHints":{"allow":["GET"]}}],"collection":[{"href":"https:\/\/www.lafourneedoree.fr\/au\/wp-json\/wp\/v2\/our-products"}],"about":[{"href":"https:\/\/www.lafourneedoree.fr\/au\/wp-json\/wp\/v2\/types\/our-products"}],"wp:featuredmedia":[{"embeddable":true,"href":"https:\/\/www.lafourneedoree.fr\/au\/wp-json\/wp\/v2\/media\/15327"}],"wp:attachment":[{"href":"https:\/\/www.lafourneedoree.fr\/au\/wp-json\/wp\/v2\/media?parent=15320"}],"wp:term":[{"taxonomy":"product-type","embeddable":true,"href":"https:\/\/www.lafourneedoree.fr\/au\/wp-json\/wp\/v2\/product-type?post=15320"}],"curies":[{"name":"wp","href":"https:\/\/api.w.org\/{rel}","templated":true}]}}