{"id":19369,"date":"2025-10-16T12:02:23","date_gmt":"2025-10-16T10:02:23","guid":{"rendered":"http:\/\/preprod.lafourneedoree.fr\/avoir-du-coeur\/"},"modified":"2026-01-29T11:57:53","modified_gmt":"2026-01-29T10:57:53","slug":"avoir-du-coeur","status":"publish","type":"page","link":"https:\/\/www.lafourneedoree.fr\/fr-CA\/avoir-du-coeur\/","title":{"rendered":"Avoir du coeur"},"content":{"rendered":"\n<div id=\"wp-block-themeisle-blocks-advanced-columns-2c099ba2\" class=\"wp-block-themeisle-blocks-advanced-columns alignfull has-1-columns has-desktop-equal-layout has-tablet-equal-layout has-mobile-equal-layout has-vertical-unset dentele\"><div class=\"wp-block-themeisle-blocks-advanced-columns-overlay\"><\/div><div class=\"innerblocks-wrap\">\n<div id=\"wp-block-themeisle-blocks-advanced-column-cbab418a\" class=\"wp-block-themeisle-blocks-advanced-column\">\n<div id=\"wp-block-themeisle-blocks-advanced-columns-e44f5343\" class=\"wp-block-themeisle-blocks-advanced-columns has-1-columns has-desktop-equal-layout has-tablet-equal-layout has-mobile-equal-layout has-vertical-unset\"><div class=\"wp-block-themeisle-blocks-advanced-columns-overlay\"><\/div><div class=\"innerblocks-wrap\">\n<div id=\"wp-block-themeisle-blocks-advanced-column-689a75a8\" class=\"wp-block-themeisle-blocks-advanced-column\"><div class=\"yoast-breadcrumbs ticss-60825abe\"><span><span><a href=\"https:\/\/www.lafourneedoree.fr\/fr-CA\/\">La Fourn\u00e9e Dor\u00e9e<\/a><\/span> \u00bb <span class=\"breadcrumb_last\" aria-current=\"page\">Avoir du coeur<\/span><\/span><\/div><\/div>\n<\/div><\/div>\n\n\n\n<h1 class=\"wp-block-heading has-text-align-center has-nv-text-dark-bg-color has-text-color has-link-color wp-elements-eb912c0c48cd244e887e28fe2ae50c5c\">Avoir du coeur<\/h1>\n<\/div>\n<\/div><\/div>\n\n<div id=\"wp-block-themeisle-blocks-advanced-columns-52052e1d\" class=\"wp-block-themeisle-blocks-advanced-columns alignfull has-1-columns has-desktop-equal-layout has-tablet-equal-layout has-mobile-equal-layout has-vertical-unset ticss-52052e1d\"><div class=\"wp-block-themeisle-blocks-advanced-columns-overlay\"><\/div><div class=\"innerblocks-wrap\">\n<div id=\"wp-block-themeisle-blocks-advanced-column-8ac37232\" class=\"wp-block-themeisle-blocks-advanced-column\"><div class=\"wp-block-image\">\n<figure class=\"aligncenter size-full\"><img loading=\"lazy\" decoding=\"async\" width=\"184\" height=\"184\" src=\"https:\/\/www.lafourneedoree.fr\/wp-content\/uploads\/2025\/11\/ENGAGEMENTS_dimension-humaine.png\" alt=\"\" class=\"wp-image-13199\" style=\"object-fit:cover\" srcset=\"https:\/\/www.lafourneedoree.fr\/wp-content\/uploads\/2025\/11\/ENGAGEMENTS_dimension-humaine.png 184w, https:\/\/www.lafourneedoree.fr\/wp-content\/uploads\/2025\/11\/ENGAGEMENTS_dimension-humaine-150x150.png 150w\" sizes=\"auto, (max-width: 184px) 100vw, 184px\" \/><\/figure>\n<\/div>\n\n\n<span id=\"wp-block-themeisle-blocks-advanced-heading-00bba111\" class=\"wp-block-themeisle-blocks-advanced-heading wp-block-themeisle-blocks-advanced-heading-00bba111\"><strong>R\u00eaver d\u2019une entreprise respectueuse et g\u00e9n\u00e9reuse, c\u2019est bien. <\/strong><br><strong>Tout faire pour que chacun puisse s\u2019\u00e9panouir dans son travail c\u2019est mieux !<br>Alors nous travaillons dur chaque jour pour faire de notre r\u00eave une r\u00e9alit\u00e9\u2026 <\/strong><br><strong>Et pour le partager au plus grand nombre.<\/strong><\/span>\n<\/div>\n<\/div><\/div>\n\n<div id=\"wp-block-themeisle-blocks-advanced-columns-d7c99098\" class=\"wp-block-themeisle-blocks-advanced-columns alignfull has-1-columns has-desktop-equal-layout has-tablet-equal-layout has-mobile-equal-layout has-vertical-unset ticss-d7c99098\"><div class=\"wp-block-themeisle-blocks-advanced-columns-overlay\"><\/div><div class=\"innerblocks-wrap\">\n<div id=\"wp-block-themeisle-blocks-advanced-column-5181351c\" class=\"wp-block-themeisle-blocks-advanced-column\"><div class=\"wp-block-image\">\n<figure class=\"aligncenter size-full\"><img loading=\"lazy\" decoding=\"async\" width=\"518\" height=\"250\" src=\"https:\/\/www.lafourneedoree.fr\/wp-content\/uploads\/2025\/11\/Groupe-1842.png\" alt=\"\" class=\"wp-image-13201\" srcset=\"https:\/\/www.lafourneedoree.fr\/wp-content\/uploads\/2025\/11\/Groupe-1842.png 518w, https:\/\/www.lafourneedoree.fr\/wp-content\/uploads\/2025\/11\/Groupe-1842-300x145.png 300w\" sizes=\"auto, (max-width: 518px) 100vw, 518px\" \/><\/figure>\n<\/div>\n\n\n<h2 id=\"wp-block-themeisle-blocks-advanced-heading-ccf5a949\" class=\"wp-block-themeisle-blocks-advanced-heading wp-block-themeisle-blocks-advanced-heading-ccf5a949\">UN POUR TOUS<\/h2>\n\n\n\n<span id=\"wp-block-themeisle-blocks-advanced-heading-60984f5d\" class=\"wp-block-themeisle-blocks-advanced-heading wp-block-themeisle-blocks-advanced-heading-60984f5d bobby\">ET TOUS POUR L\u2019\u00c9GALIT\u00c9 DES CHANCES<\/span>\n\n\n\n<p class=\"has-text-align-center has-custom-2-color has-text-color has-link-color wp-elements-c3f79cabdfa52ed8ad7a42e616e05d7a\" style=\"padding-bottom:50px\">Comment faire pour que chacun ait la m\u00eame part de brioche ?<br\/>\u00c0 La Fourn\u00e9e Dor\u00e9e, nous garantissons l\u2019\u00e9coute gr\u00e2ce \u00e0 un dialogue social de qualit\u00e9 ! Et parce que ce ne sont pas des paroles en l\u2019air, nous nous engageons avec des actions concr\u00e8tes de lutte contre toutes formes de discrimination. Comme par exemple avec notre Charte \u00e9thique, qui grave dans le marbre qu\u2019\u00e0 La Fourn\u00e9e Dor\u00e9e, nous nous mobilisons contre les discriminations, nous veillons \u00e0 l\u2019\u00e9galit\u00e9 des chances entre tou\u00b7tes, et \u00e0 l\u2019int\u00e9gration des personnes en situation de handicap.  <\/p>\n\n\n\n<span id=\"wp-block-themeisle-blocks-advanced-heading-a6dcd5a5\" class=\"wp-block-themeisle-blocks-advanced-heading wp-block-themeisle-blocks-advanced-heading-a6dcd5a5 bobby\">Index \u00e9galit\u00e9 professionnelle 2024<\/span>\n<\/div>\n<\/div><\/div>\n\n<div id=\"wp-block-themeisle-blocks-advanced-columns-2edc9309\" class=\"wp-block-themeisle-blocks-advanced-columns has-1-columns has-desktop-equal-layout has-tablet-equal-layout has-mobile-equal-layout has-vertical-unset\"><div class=\"wp-block-themeisle-blocks-advanced-columns-overlay\"><\/div><div class=\"innerblocks-wrap\">\n<div id=\"wp-block-themeisle-blocks-advanced-column-8f467238\" class=\"wp-block-themeisle-blocks-advanced-column\">\n<figure class=\"wp-block-table is-style-regular responsive-table\">\n  <table class=\"auto-layout\">\n    <thead>\n      <tr>\n        <th><\/th>\n        <th>Nombre de points maximum<\/th>\n        <th>La Fourn\u00e9e Dor\u00e9e Atlantique<\/th>\n        <th>La Fourn\u00e9e Dor\u00e9e Lorraine<\/th>\n        <th>PODIS<\/th>\n        <th>La Fourn\u00e9e Dor\u00e9e Bourgogne<\/th>\n        <th>La Fourn\u00e9e Dor\u00e9e (si\u00e8ge)<\/th>\n      <\/tr>\n    <\/thead>\n    <tbody>\n      <tr>\n        <td>1. Ecart de r\u00e9mun\u00e9ration<\/td>\n        <td>40<\/td>\n        <td>40<\/td>\n        <td>39<\/td>\n        <td>39<\/td>\n        <td>39<\/td>\n        <td>35<\/td>\n      <\/tr>\n      <tr>\n        <td>2. Ecart de taux d&#8217;augmentation<\/td>\n        <td>20<\/td>\n        <td>20<\/td>\n        <td>10<\/td>\n        <td>20<\/td>\n        <td>5<\/td>\n        <td>25<\/td>\n      <\/tr>\n      <tr>\n        <td>3. Ecart de taux de promotion<\/td>\n        <td>15<\/td>\n        <td>10<\/td>\n        <td>15<\/td>\n        <td>15<\/td>\n        <td>15<\/td>\n        <td>25<\/td>\n      <\/tr>\n      <tr>\n        <td>4. Pourcentage de salari\u00e9s augment\u00e9s au retour d&#8217;un cong\u00e9 maternit\u00e9<\/td>\n        <td>15<\/td>\n        <td>15<\/td>\n        <td>15<\/td>\n        <td>15<\/td>\n        <td>15<\/td>\n        <td>15<\/td>\n      <\/tr>\n      <tr>\n        <td>5. Nb de femmes et d&#8217;hommes parmi les 10+ hautes r\u00e9mun\u00e9rations<\/td>\n        <td>10<\/td>\n        <td>5<\/td>\n        <td>5<\/td>\n        <td>10<\/td>\n        <td>5<\/td>\n        <td>0<\/td>\n      <\/tr>\n    <\/tbody>\n    <tfoot>\n      <tr>\n        <td>TOTAL<\/td>\n        <td>100<\/td>\n        <td>90<\/td>\n        <td>84<\/td>\n        <td>99<\/td>\n        <td>79<\/td>\n        <td>80<\/td>\n      <\/tr>\n    <\/tfoot>\n  <\/table>\n<\/figure>\n\n\n\n<div class=\"wp-block-buttons is-content-justification-center is-layout-flex wp-container-core-buttons-is-layout-16018d1d wp-block-buttons-is-layout-flex\">\n<div class=\"wp-block-button is-style-primary\"><a class=\"wp-block-button__link has-custom-5-background-color has-background wp-element-button\" href=\"\/wp-content\/uploads\/2026\/02\/OBJECTIFS-DE-PROGRESSION-2026.pdf\" target=\"_blank\" rel=\"noreferrer noopener\">Consultez nos objectifs de progression 2024<\/a><\/div>\n\n\n\n<div class=\"wp-block-button is-style-primary\"><a class=\"wp-block-button__link has-custom-5-background-color has-background wp-element-button\" href=\"\/wp-content\/uploads\/2025\/11\/charte_ethique_lfd_compressed.pdf\" target=\"_blank\" rel=\"noreferrer noopener\">Consultez notre charte \u00e9thique<\/a><\/div>\n<\/div>\n<\/div>\n<\/div><\/div>\n\n<div id=\"wp-block-themeisle-blocks-advanced-columns-997c3ca2\" class=\"wp-block-themeisle-blocks-advanced-columns alignfull has-1-columns has-desktop-equal-layout has-tablet-equal-layout has-mobile-equal-layout has-vertical-unset ticss-997c3ca2\"><div class=\"wp-block-themeisle-blocks-advanced-columns-overlay\"><\/div><div class=\"innerblocks-wrap\">\n<div id=\"wp-block-themeisle-blocks-advanced-column-ad1c2ba4\" class=\"wp-block-themeisle-blocks-advanced-column\"><div class=\"wp-block-image\">\n<figure class=\"aligncenter size-full\"><img loading=\"lazy\" decoding=\"async\" width=\"518\" height=\"188\" src=\"https:\/\/www.lafourneedoree.fr\/wp-content\/uploads\/2025\/11\/formation-lfd.webp\" alt=\"\" class=\"wp-image-13204\" srcset=\"https:\/\/www.lafourneedoree.fr\/wp-content\/uploads\/2025\/11\/formation-lfd.webp 518w, https:\/\/www.lafourneedoree.fr\/wp-content\/uploads\/2025\/11\/formation-lfd-300x109.webp 300w\" sizes=\"auto, (max-width: 518px) 100vw, 518px\" \/><\/figure>\n<\/div>\n\n\n<h2 id=\"wp-block-themeisle-blocks-advanced-heading-3813989a\" class=\"wp-block-themeisle-blocks-advanced-heading wp-block-themeisle-blocks-advanced-heading-3813989a\">LE SECRET POUR GRANDIR ENSEMBLE ?<\/h2>\n\n\n\n<span id=\"wp-block-themeisle-blocks-advanced-heading-8dcb1a64\" class=\"wp-block-themeisle-blocks-advanced-heading wp-block-themeisle-blocks-advanced-heading-8dcb1a64 bobby\">DONNER \u00c0 CHACUN LA CHANCE D\u2019\u00c9VOLUER<\/span>\n\n\n\n<p class=\"has-text-align-center has-custom-2-color has-text-color has-link-color wp-elements-4ea48c30fb5e07d6aac510c025287507\">Plus qu\u2019un gagne-pain, travailler \u00e0 La Fourn\u00e9e Dor\u00e9e c\u2019est vivre une belle aventure humaine. Au quotidien, dans nos ateliers, nous sommes heureux d\u2019encourager l\u2019\u00e9volution interne. La preuve ? Nous avons cr\u00e9\u00e9 en 2018 l\u2019\u00c9cole LFD, qui prodigue un enseignement sur mesure, d\u00e9livr\u00e9 par des formateurs r\u00e9f\u00e9rents. De quoi pr\u00e9parer chaque ann\u00e9e une nouvelle fourn\u00e9e de professionnels \u00e9panouis !    <\/p>\n<\/div>\n<\/div><\/div>\n\n<div id=\"wp-block-themeisle-blocks-advanced-columns-af5178c7\" class=\"wp-block-themeisle-blocks-advanced-columns alignfull has-1-columns has-desktop-equal-layout has-tablet-equal-layout has-mobile-equal-layout has-vertical-unset ticss-af5178c7\"><div class=\"wp-block-themeisle-blocks-advanced-columns-overlay\"><\/div><div class=\"innerblocks-wrap\">\n<div id=\"wp-block-themeisle-blocks-advanced-column-f7e45da0\" class=\"wp-block-themeisle-blocks-advanced-column\"><div class=\"wp-block-image\">\n<figure class=\"aligncenter size-full\"><img loading=\"lazy\" decoding=\"async\" width=\"696\" height=\"317\" src=\"https:\/\/www.lafourneedoree.fr\/wp-content\/uploads\/2025\/11\/Groupe-1846.png\" alt=\"\" class=\"wp-image-13207\" srcset=\"https:\/\/www.lafourneedoree.fr\/wp-content\/uploads\/2025\/11\/Groupe-1846.png 696w, https:\/\/www.lafourneedoree.fr\/wp-content\/uploads\/2025\/11\/Groupe-1846-300x137.png 300w\" sizes=\"auto, (max-width: 696px) 100vw, 696px\" \/><\/figure>\n<\/div>\n\n\n<h2 id=\"wp-block-themeisle-blocks-advanced-heading-0cb2dacb\" class=\"wp-block-themeisle-blocks-advanced-heading wp-block-themeisle-blocks-advanced-heading-0cb2dacb\">PRENDRE SOIN DES AUTRES,<\/h2>\n\n\n\n<span id=\"wp-block-themeisle-blocks-advanced-heading-045cd58e\" class=\"wp-block-themeisle-blocks-advanced-heading wp-block-themeisle-blocks-advanced-heading-045cd58e bobby\">C\u2019EST AUSSI \u00c7A \u00caTRE UNE BONNE P\u00c2TE<\/span>\n\n\n\n<p class=\"has-text-align-center has-custom-2-color has-text-color has-link-color wp-elements-07899c2505380e0147769c1dbc7e6e8d\">Pour tout vous dire, le bien-\u00eatre des salari\u00e9s est notre plus grande richesse. Nous n\u2019h\u00e9sitons donc pas \u00e0 investir dans des outils de travail performants et ergonomiques. <\/p>\n\n\n\n<p class=\"has-text-align-center has-custom-2-color has-text-color has-link-color wp-elements-69fc9e33240ec451a63341d7483c7d31\">La s\u00e9curit\u00e9 est une priorit\u00e9 absolue. R\u00e9guli\u00e8rement, des campagnes de sensibilisation \u00e0 la s\u00e9curit\u00e9 sont men\u00e9es et des actions de pr\u00e9vention organis\u00e9es pour favoriser le bien-\u00eatre au travail. Et parce que la vie de nos salari\u00e9s ne s\u2019arr\u00eate pas \u00e0 la sortie de nos ateliers, nous menons des actions sur la s\u00e9curit\u00e9 routi\u00e8re, la nutrition, le sommeil\u2026<br\/>Bref, tout ce qui aide tout un chacun \u00e0 voir la tartine du bon c\u00f4t\u00e9 !  <\/p>\n<\/div>\n<\/div><\/div>\n\n<div id=\"wp-block-themeisle-blocks-advanced-columns-3a91aa02\" class=\"wp-block-themeisle-blocks-advanced-columns alignfull has-1-columns has-desktop-equal-layout has-tablet-equal-layout has-mobile-equal-layout has-vertical-unset ticss-3a91aa02\"><div class=\"wp-block-themeisle-blocks-advanced-columns-overlay\"><\/div><div class=\"innerblocks-wrap\">\n<div id=\"wp-block-themeisle-blocks-advanced-column-c9ceccf7\" class=\"wp-block-themeisle-blocks-advanced-column\"><div class=\"wp-block-image\">\n<figure class=\"aligncenter size-full is-resized\"><img loading=\"lazy\" decoding=\"async\" width=\"743\" height=\"324\" src=\"https:\/\/www.lafourneedoree.fr\/wp-content\/uploads\/2025\/11\/Groupe-1838.png\" alt=\"\" class=\"wp-image-13209\" style=\"width:700px\" srcset=\"https:\/\/www.lafourneedoree.fr\/wp-content\/uploads\/2025\/11\/Groupe-1838.png 743w, https:\/\/www.lafourneedoree.fr\/wp-content\/uploads\/2025\/11\/Groupe-1838-300x131.png 300w\" sizes=\"auto, (max-width: 743px) 100vw, 743px\" \/><\/figure>\n<\/div>\n\n\n<h2 id=\"wp-block-themeisle-blocks-advanced-heading-cfc84e13\" class=\"wp-block-themeisle-blocks-advanced-heading wp-block-themeisle-blocks-advanced-heading-cfc84e13\">QUAND IL S\u2019AGIT D\u2019AVOIR DU COEUR,<\/h2>\n\n\n\n<span id=\"wp-block-themeisle-blocks-advanced-heading-ed87d1d8\" class=\"wp-block-themeisle-blocks-advanced-heading wp-block-themeisle-blocks-advanced-heading-ed87d1d8 bobby\">ON EST DE VRAIES CR\u00c8MES (P\u00c2TISSI\u00c8RES) !<\/span>\n\n\n\n<p class=\"has-text-align-center has-custom-2-color has-text-color has-link-color wp-elements-9208d0a7ab6f8b82bb489706a5bb1d5a\" style=\"padding-bottom:40px\">Aider, partager, donner envie\u2026 Ah, les grands mots, c\u2019est beau ! Mais \u00e0 La Fourn\u00e9e Dor\u00e9e, nous pr\u00e9f\u00e9rons les actions concr\u00e8tes qui incitent en donnant l\u2019exemple. Voil\u00e0 pourquoi nous sommes autant impliqu\u00e9s dans la vie sociale locale et dans plusieurs associations qui \u0153uvrent au quotidien pour le bien commun.  <\/p>\n\n\n<div class=\"wp-block-image\">\n<figure class=\"aligncenter size-full\"><img loading=\"lazy\" decoding=\"async\" width=\"290\" height=\"198\" src=\"https:\/\/www.lafourneedoree.fr\/wp-content\/uploads\/2025\/11\/Groupe-1847.png\" alt=\"\" class=\"wp-image-13211\" style=\"object-fit:cover\"\/><\/figure>\n<\/div>\n\n\n<h2 id=\"wp-block-themeisle-blocks-advanced-heading-b0d8ae09\" class=\"wp-block-themeisle-blocks-advanced-heading wp-block-themeisle-blocks-advanced-heading-b0d8ae09\">SE R\u00c9GALER AU TRAVAIL,<\/h2>\n\n\n\n<span id=\"wp-block-themeisle-blocks-advanced-heading-74e940ef\" class=\"wp-block-themeisle-blocks-advanced-heading wp-block-themeisle-blocks-advanced-heading-74e940ef bobby\">C\u2019EST ESSENTIEL !<\/span>\n\n\n\n<p class=\"has-text-align-center has-custom-2-color has-text-color has-link-color wp-elements-389148d71e6bb64a38c37b6e97d06276\">Avoir du pain sur la planche, \u00e7a ne nous fait pas peur ! Mais pour nous il est important que le travail demeure une source d\u2019\u00e9panouissement. Voil\u00e0 pourquoi nous nous engageons au travers des audits SMETA, r\u00e9guli\u00e8rement r\u00e9alis\u00e9s sur nos sites.  <\/p>\n\n\n\n<p class=\"has-text-align-center has-custom-2-color has-text-color has-link-color wp-elements-a869bdc09fd4e7716267c4ec6024fce8\">Ces certifications exigeantes garantissent le respect de l\u2019engagement sur un grand nombre de th\u00e9matiques environnementales et sociales.<\/p>\n<\/div>\n<\/div><\/div>\n\n<div id=\"wp-block-themeisle-blocks-advanced-columns-575e9451\" class=\"wp-block-themeisle-blocks-advanced-columns alignfull has-1-columns has-desktop-equal-layout has-tablet-equal-layout has-mobile-equal-layout has-vertical-unset ticss-575e9451\"><div class=\"wp-block-themeisle-blocks-advanced-columns-overlay\"><\/div><div class=\"innerblocks-wrap\">\n<div id=\"wp-block-themeisle-blocks-advanced-column-0a652c6b\" class=\"wp-block-themeisle-blocks-advanced-column\"><div class=\"wp-block-image\">\n<figure class=\"aligncenter size-full\"><img loading=\"lazy\" decoding=\"async\" width=\"518\" height=\"188\" src=\"https:\/\/www.lafourneedoree.fr\/wp-content\/uploads\/2025\/11\/picto-coeur.png\" alt=\"\" class=\"wp-image-13213\" style=\"object-fit:cover\" srcset=\"https:\/\/www.lafourneedoree.fr\/wp-content\/uploads\/2025\/11\/picto-coeur.png 518w, https:\/\/www.lafourneedoree.fr\/wp-content\/uploads\/2025\/11\/picto-coeur-300x109.png 300w\" sizes=\"auto, (max-width: 518px) 100vw, 518px\" \/><\/figure>\n<\/div>\n\n\n<p class=\"has-text-align-center\" style=\"padding-bottom:0px\">Donner du sens \u00e0 notre action et permettre \u00e0 chacun de s\u2019\u00e9panouir : voici le grand d\u00e9fi que nous relevons ! Et pour le faire ensemble, nous donnons la parole \u00e0 tous, nous r\u00e9compensons l\u2019anciennet\u00e9 et nous travaillons sur le partage de la valeur ajout\u00e9e. <\/p>\n\n\n\n<h2 id=\"wp-block-themeisle-blocks-advanced-heading-619100dd\" class=\"wp-block-themeisle-blocks-advanced-heading wp-block-themeisle-blocks-advanced-heading-619100dd\">UN ESPRIT GOURMAND DANS UN CORPS SAIN,<\/h2>\n\n\n\n<span id=\"wp-block-themeisle-blocks-advanced-heading-995fe3a7\" class=\"wp-block-themeisle-blocks-advanced-heading wp-block-themeisle-blocks-advanced-heading-995fe3a7 bobby\">C\u2019EST LE SECRET DES \u00c9QUIPES QUI GAGNENT\u2026<\/span>\n\n\n\n<p class=\"has-text-align-center has-custom-2-color has-text-color has-link-color wp-elements-819c89cb28087bacb25783f08192623e\">Du bien-\u00eatre physique au bien-\u00eatre mental, il n\u2019y a qu\u2019une petite foul\u00e9e ! Alors \u00e0 La Fourn\u00e9eDor\u00e9e, des vid\u00e9os avec un coach sportif sont diffus\u00e9es pour bien commencer la journ\u00e9e. Et puis nous encourageons les sportifs et les associations \u00e0 proximit\u00e9 de nos sites de production pour partager notre envie de nous d\u00e9passer et soutenir la vie locale.  <\/p>\n\n\n<div class=\"wp-block-image\">\n<figure class=\"aligncenter size-large\"><img loading=\"lazy\" decoding=\"async\" width=\"1024\" height=\"480\" src=\"https:\/\/www.lafourneedoree.fr\/wp-content\/uploads\/2025\/11\/photoequipe_challenge_interentreprise_HandPodis2018-rezise-1024x480.webp\" alt=\"\" class=\"wp-image-13215\" srcset=\"https:\/\/www.lafourneedoree.fr\/wp-content\/uploads\/2025\/11\/photoequipe_challenge_interentreprise_HandPodis2018-rezise-1024x480.webp 1024w, https:\/\/www.lafourneedoree.fr\/wp-content\/uploads\/2025\/11\/photoequipe_challenge_interentreprise_HandPodis2018-rezise-300x141.webp 300w, https:\/\/www.lafourneedoree.fr\/wp-content\/uploads\/2025\/11\/photoequipe_challenge_interentreprise_HandPodis2018-rezise-768x360.webp 768w, https:\/\/www.lafourneedoree.fr\/wp-content\/uploads\/2025\/11\/photoequipe_challenge_interentreprise_HandPodis2018-rezise.webp 1117w\" sizes=\"auto, (max-width: 1024px) 100vw, 1024px\" \/><\/figure>\n<\/div><\/div>\n<\/div><\/div>\n\n<div id=\"wp-block-themeisle-blocks-advanced-columns-a04130c7\" class=\"wp-block-themeisle-blocks-advanced-columns alignfull has-1-columns has-desktop-equal-layout has-tablet-equal-layout has-mobile-equal-layout has-vertical-unset ticss-a04130c7\"><div class=\"wp-block-themeisle-blocks-advanced-columns-overlay\"><\/div><div class=\"innerblocks-wrap\">\n<div id=\"wp-block-themeisle-blocks-advanced-column-50a28769\" class=\"wp-block-themeisle-blocks-advanced-column\">\n<h2 class=\"wp-block-heading has-text-align-center has-nv-c-1-color has-text-color has-link-color wp-elements-c4e29ab1c8ad66dfd97a00228d196e9d\">D\u00e9couvrez nos autres engagements<\/h2>\n\n\n\n<div id=\"wp-block-themeisle-blocks-advanced-columns-c2bb691a\" class=\"wp-block-themeisle-blocks-advanced-columns has-2-columns has-desktop-equal-layout has-tablet-equal-layout has-mobile-collapsedRows-layout has-vertical-unset\"><div class=\"wp-block-themeisle-blocks-advanced-columns-overlay\"><\/div><div class=\"innerblocks-wrap\">\n<div id=\"wp-block-themeisle-blocks-advanced-column-285cb14f\" class=\"wp-block-themeisle-blocks-advanced-column\">\n<div class=\"wp-block-group has-custom-4-background-color has-background is-vertical is-content-justification-center is-layout-flex wp-container-core-group-is-layout-ec4083d0 wp-block-group-is-layout-flex\" style=\"border-radius:20px;padding-top:var(--wp--preset--spacing--60);padding-right:var(--wp--preset--spacing--70);padding-bottom:var(--wp--preset--spacing--60);padding-left:var(--wp--preset--spacing--70)\"><div class=\"wp-block-image\">\n<figure class=\"aligncenter size-full\"><img loading=\"lazy\" decoding=\"async\" width=\"120\" height=\"121\" src=\"https:\/\/www.lafourneedoree.fr\/wp-content\/uploads\/2025\/10\/Groupe-44.png\" alt=\"\" class=\"wp-image-10898\"\/><\/figure>\n<\/div>\n\n\n<div style=\"height:0px\" aria-hidden=\"true\" class=\"wp-block-spacer wp-container-content-16d1eb73\"><\/div>\n\n\n\n<span id=\"wp-block-themeisle-blocks-advanced-heading-7f3d7986\" class=\"wp-block-themeisle-blocks-advanced-heading wp-block-themeisle-blocks-advanced-heading-7f3d7986\"><strong>D\u00c9VELOPPEMENT DURABLE<\/strong><\/span>\n\n\n\n<h3 id=\"wp-block-themeisle-blocks-advanced-heading-45ca99b5\" class=\"wp-block-themeisle-blocks-advanced-heading wp-block-themeisle-blocks-advanced-heading-45ca99b5\">Pr\u00e9server demain<\/h3>\n\n\n\n<p class=\"has-text-align-center has-custom-1-color has-text-color has-link-color wp-elements-05ca928ceab6a0e6c1b4d2eec1843018\" style=\"padding-top:20px;font-size:15px\">Parce qu\u2019\u00e0 la Boulangerie Lanthier nous n\u2019arr\u00eatons pas de grandir, nous avons besoin de nouveaux talents dans tous les domaines de comp\u00e9tences. Postulez ici !<\/p>\n\n\n\n<div style=\"height:0px\" aria-hidden=\"true\" class=\"wp-block-spacer wp-container-content-6388d5dc\"><\/div>\n\n\n\n<div class=\"wp-block-buttons is-content-justification-center is-layout-flex wp-container-core-buttons-is-layout-16018d1d wp-block-buttons-is-layout-flex\">\n<div class=\"wp-block-button is-style-primary\"><a class=\"wp-block-button__link has-custom-5-background-color has-background wp-element-button\" href=\"https:\/\/www.lafourneedoree.fr\/preserver-demain\/\">EN SAVOIR PLUS<\/a><\/div>\n<\/div>\n<\/div>\n<\/div>\n\n\n\n<div id=\"wp-block-themeisle-blocks-advanced-column-e2f8945f\" class=\"wp-block-themeisle-blocks-advanced-column\">\n<div class=\"wp-block-group has-nv-c-1-background-color has-background is-vertical is-content-justification-center is-layout-flex wp-container-core-group-is-layout-24ccc003 wp-block-group-is-layout-flex\" style=\"border-radius:20px;padding-top:var(--wp--preset--spacing--60);padding-right:var(--wp--preset--spacing--60);padding-bottom:var(--wp--preset--spacing--60);padding-left:var(--wp--preset--spacing--60)\"><div class=\"wp-block-image\">\n<figure class=\"aligncenter size-full\"><img loading=\"lazy\" decoding=\"async\" width=\"120\" height=\"121\" src=\"https:\/\/www.lafourneedoree.fr\/wp-content\/uploads\/2025\/10\/Groupe-45.png\" alt=\"\" class=\"wp-image-12154\"\/><\/figure>\n<\/div>\n\n\n<div style=\"height:0px\" aria-hidden=\"true\" class=\"wp-block-spacer wp-container-content-16d1eb73\"><\/div>\n\n\n\n<span id=\"wp-block-themeisle-blocks-advanced-heading-4ca3b9b6\" class=\"wp-block-themeisle-blocks-advanced-heading wp-block-themeisle-blocks-advanced-heading-4ca3b9b6\"><strong>Qualit\u00e9 et tra\u00e7abilit\u00e9<\/strong><\/span>\n\n\n\n<h3 id=\"wp-block-themeisle-blocks-advanced-heading-a6c2c29e\" class=\"wp-block-themeisle-blocks-advanced-heading wp-block-themeisle-blocks-advanced-heading-a6c2c29e\">Rechercher l\u2019authenticit\u00e9<\/h3>\n\n\n\n<p class=\"has-text-align-center has-custom-1-color has-text-color has-link-color wp-elements-d23edc347aadcc941c4db7a5de276534\" style=\"padding-top:20px;font-size:15px\">Quoi de mieux que de s\u00e9rieux engagements qualit\u00e9 pour garder nos produits s\u00e9rieusement d\u00e9licieux ?<\/p>\n\n\n\n<div style=\"height:0px\" aria-hidden=\"true\" class=\"wp-block-spacer wp-container-content-d50df0bc\"><\/div>\n\n\n\n<div class=\"wp-block-buttons is-content-justification-center is-layout-flex wp-container-core-buttons-is-layout-16018d1d wp-block-buttons-is-layout-flex\">\n<div class=\"wp-block-button is-style-primary\"><a class=\"wp-block-button__link has-custom-2-background-color has-background wp-element-button\" href=\"https:\/\/www.lafourneedoree.fr\/fr-CA\/avoir-du-coeur\/\">EN SAVOIR PLUS<\/a><\/div>\n<\/div>\n<\/div>\n<\/div>\n<\/div><\/div>\n<\/div>\n<\/div><\/div>\n","protected":false},"excerpt":{"rendered":"","protected":false},"author":2,"featured_media":0,"parent":0,"menu_order":0,"comment_status":"closed","ping_status":"closed","template":"","meta":{"_acf_changed":false,"neve_meta_sidebar":"","neve_meta_container":"","neve_meta_enable_content_width":"","neve_meta_content_width":0,"neve_meta_title_alignment":"","neve_meta_author_avatar":"","neve_post_elements_order":"","neve_meta_disable_header":"","neve_meta_disable_footer":"","neve_meta_disable_title":"on","neve_meta_reading_time":"","_themeisle_gutenberg_block_has_review":false,"footnotes":""},"class_list":["post-19369","page","type-page","status-publish","hentry"],"acf":[],"yoast_head":"<!-- This site is optimized with the Yoast SEO plugin v27.3 - https:\/\/yoast.com\/product\/yoast-seo-wordpress\/ -->\n<title>Avoir du coeur - La Fourn\u00e9e Dor\u00e9e - La saveur retrouv\u00e9e<\/title>\n<meta name=\"robots\" content=\"index, follow, max-snippet:-1, max-image-preview:large, max-video-preview:-1\" \/>\n<link rel=\"canonical\" href=\"https:\/\/www.lafourneedoree.fr\/fr-CA\/avoir-du-coeur\/\" \/>\n<meta property=\"og:locale\" content=\"en_US\" \/>\n<meta property=\"og:type\" content=\"article\" \/>\n<meta property=\"og:title\" content=\"Avoir du coeur - La Fourn\u00e9e Dor\u00e9e - La saveur retrouv\u00e9e\" \/>\n<meta property=\"og:url\" content=\"https:\/\/www.lafourneedoree.fr\/fr-CA\/avoir-du-coeur\/\" \/>\n<meta property=\"og:site_name\" content=\"La Fourn\u00e9e Dor\u00e9e - La saveur retrouv\u00e9e\" \/>\n<meta property=\"article:modified_time\" content=\"2026-01-29T10:57:53+00:00\" \/>\n<meta property=\"og:image\" content=\"https:\/\/www.lafourneedoree.fr\/wp-content\/uploads\/2025\/11\/ENGAGEMENTS_dimension-humaine.png\" \/>\n\t<meta property=\"og:image:width\" content=\"184\" \/>\n\t<meta property=\"og:image:height\" content=\"184\" \/>\n\t<meta property=\"og:image:type\" content=\"image\/png\" \/>\n<meta name=\"twitter:card\" content=\"summary_large_image\" \/>\n<meta name=\"twitter:label1\" content=\"Est. reading time\" \/>\n\t<meta name=\"twitter:data1\" content=\"4 minutes\" \/>\n<script type=\"application\/ld+json\" class=\"yoast-schema-graph\">{\"@context\":\"https:\\\/\\\/schema.org\",\"@graph\":[{\"@type\":\"WebPage\",\"@id\":\"https:\\\/\\\/www.lafourneedoree.fr\\\/fr-CA\\\/avoir-du-coeur\\\/\",\"url\":\"https:\\\/\\\/www.lafourneedoree.fr\\\/fr-CA\\\/avoir-du-coeur\\\/\",\"name\":\"Avoir du coeur - La Fourn\u00e9e Dor\u00e9e - La saveur retrouv\u00e9e\",\"isPartOf\":{\"@id\":\"https:\\\/\\\/www.lafourneedoree.fr\\\/#website\"},\"primaryImageOfPage\":{\"@id\":\"https:\\\/\\\/www.lafourneedoree.fr\\\/fr-CA\\\/avoir-du-coeur\\\/#primaryimage\"},\"image\":{\"@id\":\"https:\\\/\\\/www.lafourneedoree.fr\\\/fr-CA\\\/avoir-du-coeur\\\/#primaryimage\"},\"thumbnailUrl\":\"https:\\\/\\\/www.lafourneedoree.fr\\\/wp-content\\\/uploads\\\/2025\\\/11\\\/ENGAGEMENTS_dimension-humaine.png\",\"datePublished\":\"2025-10-16T10:02:23+00:00\",\"dateModified\":\"2026-01-29T10:57:53+00:00\",\"breadcrumb\":{\"@id\":\"https:\\\/\\\/www.lafourneedoree.fr\\\/fr-CA\\\/avoir-du-coeur\\\/#breadcrumb\"},\"inLanguage\":\"ca-FR\",\"potentialAction\":[{\"@type\":\"ReadAction\",\"target\":[\"https:\\\/\\\/www.lafourneedoree.fr\\\/fr-CA\\\/avoir-du-coeur\\\/\"]}]},{\"@type\":\"ImageObject\",\"inLanguage\":\"ca-FR\",\"@id\":\"https:\\\/\\\/www.lafourneedoree.fr\\\/fr-CA\\\/avoir-du-coeur\\\/#primaryimage\",\"url\":\"https:\\\/\\\/www.lafourneedoree.fr\\\/wp-content\\\/uploads\\\/2025\\\/11\\\/ENGAGEMENTS_dimension-humaine.png\",\"contentUrl\":\"https:\\\/\\\/www.lafourneedoree.fr\\\/wp-content\\\/uploads\\\/2025\\\/11\\\/ENGAGEMENTS_dimension-humaine.png\"},{\"@type\":\"BreadcrumbList\",\"@id\":\"https:\\\/\\\/www.lafourneedoree.fr\\\/fr-CA\\\/avoir-du-coeur\\\/#breadcrumb\",\"itemListElement\":[{\"@type\":\"ListItem\",\"position\":1,\"name\":\"La Fourn\u00e9e Dor\u00e9e\",\"item\":\"https:\\\/\\\/www.lafourneedoree.fr\\\/fr-CA\\\/\"},{\"@type\":\"ListItem\",\"position\":2,\"name\":\"Avoir du coeur\"}]},{\"@type\":\"WebSite\",\"@id\":\"https:\\\/\\\/www.lafourneedoree.fr\\\/#website\",\"url\":\"https:\\\/\\\/www.lafourneedoree.fr\\\/\",\"name\":\"La Fourn\u00e9e Dor\u00e9e - La saveur retrouv\u00e9e\",\"description\":\"\",\"potentialAction\":[{\"@type\":\"SearchAction\",\"target\":{\"@type\":\"EntryPoint\",\"urlTemplate\":\"https:\\\/\\\/www.lafourneedoree.fr\\\/?s={search_term_string}\"},\"query-input\":{\"@type\":\"PropertyValueSpecification\",\"valueRequired\":true,\"valueName\":\"search_term_string\"}}],\"inLanguage\":\"ca-FR\"}]}<\/script>\n<!-- \/ Yoast SEO plugin. -->","yoast_head_json":{"title":"Avoir du coeur - La Fourn\u00e9e Dor\u00e9e - La saveur retrouv\u00e9e","robots":{"index":"index","follow":"follow","max-snippet":"max-snippet:-1","max-image-preview":"max-image-preview:large","max-video-preview":"max-video-preview:-1"},"canonical":"https:\/\/www.lafourneedoree.fr\/fr-CA\/avoir-du-coeur\/","og_locale":"en_US","og_type":"article","og_title":"Avoir du coeur - La Fourn\u00e9e Dor\u00e9e - La saveur retrouv\u00e9e","og_url":"https:\/\/www.lafourneedoree.fr\/fr-CA\/avoir-du-coeur\/","og_site_name":"La Fourn\u00e9e Dor\u00e9e - La saveur retrouv\u00e9e","article_modified_time":"2026-01-29T10:57:53+00:00","og_image":[{"width":184,"height":184,"url":"https:\/\/www.lafourneedoree.fr\/wp-content\/uploads\/2025\/11\/ENGAGEMENTS_dimension-humaine.png","type":"image\/png"}],"twitter_card":"summary_large_image","twitter_misc":{"Est. reading time":"4 minutes"},"schema":{"@context":"https:\/\/schema.org","@graph":[{"@type":"WebPage","@id":"https:\/\/www.lafourneedoree.fr\/fr-CA\/avoir-du-coeur\/","url":"https:\/\/www.lafourneedoree.fr\/fr-CA\/avoir-du-coeur\/","name":"Avoir du coeur - La Fourn\u00e9e Dor\u00e9e - La saveur retrouv\u00e9e","isPartOf":{"@id":"https:\/\/www.lafourneedoree.fr\/#website"},"primaryImageOfPage":{"@id":"https:\/\/www.lafourneedoree.fr\/fr-CA\/avoir-du-coeur\/#primaryimage"},"image":{"@id":"https:\/\/www.lafourneedoree.fr\/fr-CA\/avoir-du-coeur\/#primaryimage"},"thumbnailUrl":"https:\/\/www.lafourneedoree.fr\/wp-content\/uploads\/2025\/11\/ENGAGEMENTS_dimension-humaine.png","datePublished":"2025-10-16T10:02:23+00:00","dateModified":"2026-01-29T10:57:53+00:00","breadcrumb":{"@id":"https:\/\/www.lafourneedoree.fr\/fr-CA\/avoir-du-coeur\/#breadcrumb"},"inLanguage":"ca-FR","potentialAction":[{"@type":"ReadAction","target":["https:\/\/www.lafourneedoree.fr\/fr-CA\/avoir-du-coeur\/"]}]},{"@type":"ImageObject","inLanguage":"ca-FR","@id":"https:\/\/www.lafourneedoree.fr\/fr-CA\/avoir-du-coeur\/#primaryimage","url":"https:\/\/www.lafourneedoree.fr\/wp-content\/uploads\/2025\/11\/ENGAGEMENTS_dimension-humaine.png","contentUrl":"https:\/\/www.lafourneedoree.fr\/wp-content\/uploads\/2025\/11\/ENGAGEMENTS_dimension-humaine.png"},{"@type":"BreadcrumbList","@id":"https:\/\/www.lafourneedoree.fr\/fr-CA\/avoir-du-coeur\/#breadcrumb","itemListElement":[{"@type":"ListItem","position":1,"name":"La Fourn\u00e9e Dor\u00e9e","item":"https:\/\/www.lafourneedoree.fr\/fr-CA\/"},{"@type":"ListItem","position":2,"name":"Avoir du coeur"}]},{"@type":"WebSite","@id":"https:\/\/www.lafourneedoree.fr\/#website","url":"https:\/\/www.lafourneedoree.fr\/","name":"La Fourn\u00e9e Dor\u00e9e - La saveur retrouv\u00e9e","description":"","potentialAction":[{"@type":"SearchAction","target":{"@type":"EntryPoint","urlTemplate":"https:\/\/www.lafourneedoree.fr\/?s={search_term_string}"},"query-input":{"@type":"PropertyValueSpecification","valueRequired":true,"valueName":"search_term_string"}}],"inLanguage":"ca-FR"}]}},"_links":{"self":[{"href":"https:\/\/www.lafourneedoree.fr\/fr-CA\/wp-json\/wp\/v2\/pages\/19369","targetHints":{"allow":["GET"]}}],"collection":[{"href":"https:\/\/www.lafourneedoree.fr\/fr-CA\/wp-json\/wp\/v2\/pages"}],"about":[{"href":"https:\/\/www.lafourneedoree.fr\/fr-CA\/wp-json\/wp\/v2\/types\/page"}],"author":[{"embeddable":true,"href":"https:\/\/www.lafourneedoree.fr\/fr-CA\/wp-json\/wp\/v2\/users\/2"}],"replies":[{"embeddable":true,"href":"https:\/\/www.lafourneedoree.fr\/fr-CA\/wp-json\/wp\/v2\/comments?post=19369"}],"version-history":[{"count":3,"href":"https:\/\/www.lafourneedoree.fr\/fr-CA\/wp-json\/wp\/v2\/pages\/19369\/revisions"}],"predecessor-version":[{"id":19488,"href":"https:\/\/www.lafourneedoree.fr\/fr-CA\/wp-json\/wp\/v2\/pages\/19369\/revisions\/19488"}],"wp:attachment":[{"href":"https:\/\/www.lafourneedoree.fr\/fr-CA\/wp-json\/wp\/v2\/media?parent=19369"}],"curies":[{"name":"wp","href":"https:\/\/api.w.org\/{rel}","templated":true}]}}