{"id":19382,"date":"2025-10-16T15:05:08","date_gmt":"2025-10-16T13:05:08","guid":{"rendered":"http:\/\/preprod.lafourneedoree.fr\/mentions-legales\/"},"modified":"2026-04-14T16:46:35","modified_gmt":"2026-04-14T14:46:35","slug":"mentions-legales","status":"publish","type":"page","link":"https:\/\/www.lafourneedoree.fr\/fr-CA\/mentions-legales\/","title":{"rendered":"Mentions l\u00e9gales"},"content":{"rendered":"\n<h3 class=\"wp-block-heading\">1. Pr\u00e9sentation du site.<\/h3>\n\n\n\n<p>En vertu de l\u2019article 6 de la loi n\u00b0 2004-575 du 21 juin 2004 pour la confiance dans l\u2019\u00e9conomie num\u00e9rique, il est pr\u00e9cis\u00e9 aux utilisateurs du site https:\/\/lafourneedoree.fr l\u2019identit\u00e9 des diff\u00e9rents intervenants dans le cadre de sa r\u00e9alisation et de son suivi :<\/p>\n\n\n\n<p><strong>Propri\u00e9t\u00e9 :<br><\/strong>La Fourn\u00e9e Dor\u00e9e<br>ZA Sud des Achards<br>CS 60014 \u2013 6 Rue de l\u2019Oc\u00e9an<br>85150 LES ACHARDS<br>02 51 05 99 80<br>Contact : contact@lafourneedoree.fr<br>Directeur de la publication : INVEST PB HOLDING<br>Responsable publication : Florence GARREAU<br>Capital social : 500 000 \u20acuros<br>RCS : B 817 390 941<br>TVA : FR 31 817 390 941<\/p>\n\n\n\n<p>Cr\u00e9dits : Ce site a \u00e9t\u00e9 r\u00e9alis\u00e9 par <a href=\"https:\/\/lafabrique.orange-business.com\/\">La Fabrique Orange Business Services<\/a><\/p>\n\n\n\n<p>H\u00e9bergeur : La Fabrique Orange Business Services <br>SA 29 rue Servan, 38 000 GRENOBLE <br>T\u00e9l. : 04 76 44 50 50 <br>Si\u00e8ge social : 1 place des droits de l&#8217;Homme, 93210 SAINT DENIS France <br><a href=\"https:\/\/lafabrique.orange-business.com\">https:\/\/lafabrique.orange-business.com<\/a><\/p>\n\n\n\n<h3 class=\"wp-block-heading\">2. Conditions g\u00e9n\u00e9rales d\u2019utilisation du site et des services propos\u00e9s.<\/h3>\n\n\n\n<p>L\u2019utilisation du site https:\/\/lafourneedoree.fr implique l\u2019acceptation pleine et enti\u00e8re des conditions g\u00e9n\u00e9rales d\u2019utilisation ci-apr\u00e8s d\u00e9crites. Ces conditions d\u2019utilisation sont susceptibles d\u2019\u00eatre modifi\u00e9es ou compl\u00e9t\u00e9es \u00e0 tout moment, les utilisateurs du site sont donc invit\u00e9s \u00e0 les consulter de mani\u00e8re r\u00e9guli\u00e8re.<\/p>\n\n\n\n<p>Ce site est normalement accessible \u00e0 tout moment aux utilisateurs. Une interruption pour raison de maintenance technique peut \u00eatre toutefois d\u00e9cid\u00e9e par https:\/\/lafourneedoree.fr, qui s\u2019efforcera alors de communiquer pr\u00e9alablement aux utilisateurs les dates et heures de l\u2019intervention.<\/p>\n\n\n\n<p>Le site https:\/\/lafourneedoree.fr peut \u00eatre mis \u00e0 jour r\u00e9guli\u00e8rement. De la m\u00eame fa\u00e7on, les mentions l\u00e9gales peuvent \u00eatre modifi\u00e9es \u00e0 tout moment : elles s\u2019imposent n\u00e9anmoins \u00e0 l\u2019utilisateur qui est invit\u00e9 \u00e0 s\u2019y r\u00e9f\u00e9rer le plus souvent possible afin d\u2019en prendre connaissance.<\/p>\n\n\n\n<h3 class=\"wp-block-heading\">3. Description des services fournis.<\/h3>\n\n\n\n<p>Le site https:\/\/lafourneedoree.fr a pour objet de fournir une information concernant l\u2019ensemble des activit\u00e9s de la soci\u00e9t\u00e9.<\/p>\n\n\n\n<p>La Fourn\u00e9e Dor\u00e9e s\u2019efforce de fournir sur le site https:\/\/lafourneedoree.fr des informations aussi pr\u00e9cises que possible. Toutefois, la soci\u00e9t\u00e9 ne pourra \u00eatre tenue responsable des omissions, des inexactitudes et des carences dans la mise \u00e0 jour, qu\u2019elles soient de son fait ou du fait des tiers partenaires qui lui fournissent ces informations.<\/p>\n\n\n\n<p>Toutes les informations indiqu\u00e9es sur le site https:\/\/lafourneedoree.fr sont donn\u00e9es \u00e0 titre indicatif, et sont susceptibles d\u2019\u00e9voluer. Par ailleurs, les renseignements figurant sur le site ne sont pas exhaustifs. Ils sont donn\u00e9s sous r\u00e9serve de modifications ayant \u00e9t\u00e9 apport\u00e9es depuis leur mise en ligne.<\/p>\n\n\n\n<p>Le contenu du site https:\/\/lafourneedoree.fr est livr\u00e9 \u00ab en l\u2019\u00e9tat \u00bb sans aucune garantie ni d\u00e9claration qu\u2019elle soit implicite ou explicite. En particulier, il ne comprend aucune garantie ou condition tacite de qualit\u00e9 marchande, d\u2019ad\u00e9quation \u00e0 un but pr\u00e9cis ou de non-violation.<\/p>\n\n\n\n<h3 class=\"wp-block-heading\">4. Limitations contractuelles sur les donn\u00e9es techniques.<\/h3>\n\n\n\n<p>Le site Internet ne pourra \u00eatre tenu responsable de dommages mat\u00e9riels li\u00e9s \u00e0 l\u2019utilisation du site. De plus, l\u2019utilisateur du site s\u2019engage \u00e0 acc\u00e9der au site en utilisant un mat\u00e9riel r\u00e9cent, ne contenant pas de virus et avec un navigateur de derni\u00e8re g\u00e9n\u00e9ration mis \u00e0 jour.<\/p>\n\n\n\n<h3 class=\"wp-block-heading\">5. Utilisations interdites<\/h3>\n\n\n\n<p>Il est interdit d\u2019utiliser le site https:\/\/lafourneedoree.fr afin de diffamer, harceler, poursuivre, menacer, abuser ou violer de toute autre mani\u00e8re les droits d\u2019autrui telle que d\u00e9finie par la l\u00e9gislation en vigueur.<\/p>\n\n\n\n<p>Il est interdit d\u2019utiliser un appareil, m\u00e9canisme, logiciel ou autre script qui pourrait perturber le fonctionnement du site https:\/\/lafourneedoree.fr.<\/p>\n\n\n\n<p>Il est interdit de nuire \u00e0 ou s\u2019immiscer dans le fonctionnement de ce site ou d\u2019ordinateurs et de logiciels de La Fourn\u00e9e Dor\u00e9e ou d\u2019autres personnes de quelque mani\u00e8re que ce soit, y compris, sans que cette liste ne soit limitative, par le chargement, le t\u00e9l\u00e9chargement ou la transmission de fichiers corrompus ou de virus informatiques.<\/p>\n\n\n\n<p>Il est interdit de provoquer une surcharge de l\u2019infrastructure du site https:\/\/lafourneedoree.fr.<\/p>\n\n\n\n<p>Il est interdit de bloquer, \u00e9craser, modifier le contenu de site ou d\u2019interf\u00e9rer de quelque mani\u00e8re que ce soit avec son contenu.<\/p>\n\n\n\n<p>Il est interdit de se procurer, d\u2019essayer de se procurer, par n\u2019importe quel biais, un acc\u00e8s non autoris\u00e9 au site https:\/\/lafourneedoree.fr ou d\u2019utiliser un mot de passe ou un num\u00e9ro d\u2019identification personnelle fallacieux lors de la connexion \u00e0 ce site ou de d\u00e9naturer son identit\u00e9 ou autorit\u00e9 au nom d\u2019une autre personne.<\/p>\n\n\n\n<p>Si l\u2019utilisateur se trouve confront\u00e9 \u00e0 un contenu manifestement illicite qui \u00e9chappe \u00e0 La Fourn\u00e9e Dor\u00e9e, il le signale d\u00e8s que possible, en \u00e9crivant \u00e0 l\u2019adresse email suivante : contact@lafourneedoree.fr.<\/p>\n\n\n\n<h3 class=\"wp-block-heading\">6. Propri\u00e9t\u00e9 intellectuelle et contrefa\u00e7ons.<\/h3>\n\n\n\n<p>La Fourn\u00e9e Dor\u00e9e est propri\u00e9taire des droits de propri\u00e9t\u00e9 intellectuelle ou d\u00e9tient les droits d\u2019usage sur tous les \u00e9l\u00e9ments accessibles sur le site, notamment les textes, images, graphismes, logo, ic\u00f4nes, sons, logiciels.<\/p>\n\n\n\n<p>Toute reproduction, repr\u00e9sentation, modification, publication, adaptation de tout ou partie des \u00e9l\u00e9ments du site, quel que soit le moyen ou le proc\u00e9d\u00e9 utilis\u00e9, est interdite, sauf autorisation \u00e9crite pr\u00e9alable de : La Fourn\u00e9e Dor\u00e9e.<\/p>\n\n\n\n<p>Toute exploitation non autoris\u00e9e du site ou de l\u2019un quelconque des \u00e9l\u00e9ments qu\u2019il contient sera consid\u00e9r\u00e9e comme constitutive d\u2019une contrefa\u00e7on et poursuivie conform\u00e9ment aux dispositions des articles L.335-2 et suivants du Code de Propri\u00e9t\u00e9 Intellectuelle.<\/p>\n\n\n\n<p>Les photographies et autres illustrations disponibles sur le site ne sont pas libres de droit. Elles ne peuvent \u00eatre utilis\u00e9es qu\u2019avec l\u2019accord des entreprises et des auteurs mentionn\u00e9s dans les cr\u00e9dits photo.<\/p>\n\n\n\n<p>L\u2019usage du logo de La Fourn\u00e9e Dor\u00e9e ne peut \u00eatre fait sans autorisation pr\u00e9alable de la part de La Fourn\u00e9e Dor\u00e9e.<\/p>\n\n\n\n<h3 class=\"wp-block-heading\">7. Limitations de responsabilit\u00e9.<\/h3>\n\n\n\n<p>La Fourn\u00e9e Dor\u00e9e ne pourra \u00eatre tenue responsable des dommages directs et indirects caus\u00e9s au mat\u00e9riel de l\u2019utilisateur, lors de l\u2019acc\u00e8s au site, et r\u00e9sultant soit de l\u2019utilisation d\u2019un mat\u00e9riel ne r\u00e9pondant pas aux sp\u00e9cifications indiqu\u00e9es au point 4, soit de l\u2019apparition d\u2019un bug, d\u2019un virus ou d\u2019une incompatibilit\u00e9.<\/p>\n\n\n\n<p>La Fourn\u00e9e Dor\u00e9e ne pourra \u00e9galement \u00eatre tenue responsable des dommages indirects (tels par exemple qu\u2019une perte de march\u00e9 ou perte d\u2019une chance) cons\u00e9cutifs \u00e0 l\u2019utilisation du site https:\/\/lafourneedoree.fr.<\/p>\n\n\n\n<h3 class=\"wp-block-heading\">8. Gestion des donn\u00e9es personnelles.<\/h3>\n\n\n\n<p>\u00c0 l\u2019occasion de l\u2019utilisation du site https:\/\/lafourneedoree.fr, peuvent \u00eatre recueillies : l\u2019URL des liens par l\u2019interm\u00e9diaire desquels l\u2019utilisateur a acc\u00e9d\u00e9 au site https:\/\/lafourneedoree.fr, le fournisseur d\u2019acc\u00e8s de l\u2019utilisateur, l\u2019adresse de protocole Internet (IP) de l\u2019utilisateur.<\/p>\n\n\n\n<p>En tout \u00e9tat de cause, La Fourn\u00e9e Dor\u00e9e ne collecte des informations personnelles (nom, pr\u00e9nom, adresse mail, adresse postale, coordonn\u00e9es t\u00e9l\u00e9phoniques\u2026) relatives \u00e0 l\u2019utilisateur que pour le besoin de certains services (demande de contact de l\u2019utilisateur via la fiche contact, participation \u00e0 un jeu concours organis\u00e9 sur le site, propos\u00e9s par le site https:\/\/lafourneedoree.fr. L\u2019utilisateur fournit ces informations en toute connaissance de cause, notamment lorsqu\u2019il proc\u00e8de par lui-m\u00eame \u00e0 leur saisie. Il est alors pr\u00e9cis\u00e9 \u00e0 l\u2019utilisateur du site https:\/\/lafourneedoree.fr l\u2019obligation ou non de fournir ces informations.<\/p>\n\n\n\n<p>Conform\u00e9ment aux dispositions du R\u00e8glement G\u00e9n\u00e9ral sur la Protection des Donn\u00e9es (R\u00e8glement UE 2016\/679), tout utilisateur dispose d\u2019un droit d\u2019acc\u00e8s, de rectification et d\u2019opposition aux donn\u00e9es personnelles le concernant, en effectuant sa demande \u00e9crite et sign\u00e9e, accompagn\u00e9e d\u2019une copie du titre d\u2019identit\u00e9 avec signature du titulaire de la pi\u00e8ce, en pr\u00e9cisant l\u2019adresse \u00e0 laquelle la r\u00e9ponse doit \u00eatre envoy\u00e9e \u00e0 :<\/p>\n\n\n\n<p>La Fourn\u00e9e Dor\u00e9e<br>ZA Sud des Achards<br>CS 60014 \u2013 6 Rue de l\u2019Oc\u00e9an<br>85150 LES ACHARDS<\/p>\n\n\n\n<p>ou au travers du service de support : dpo@lafourneedoree.fr<\/p>\n\n\n\n<p>Aucune information personnelle de l\u2019utilisateur du site https:\/\/lafourneedoree.fr n\u2019est publi\u00e9e \u00e0 l\u2019insu de l\u2019utilisateur, \u00e9chang\u00e9e, transf\u00e9r\u00e9e, c\u00e9d\u00e9e ou vendue sur un support quelconque \u00e0 des tiers, sauf obligation l\u00e9gale et sauf \u00e0 ses prestataires informatiques, notamment l\u2019h\u00e9bergeur. Seule l\u2019hypoth\u00e8se du rachat de La Fourn\u00e9e Dor\u00e9e et de ses droits permettrait la transmission des dites informations \u00e0 l\u2019\u00e9ventuel acqu\u00e9reur qui serait \u00e0 son tour tenu de la m\u00eame obligation de conservation et de modification des donn\u00e9es vis \u00e0 vis de l\u2019utilisateur du site https:\/\/lafourneedoree.fr.<\/p>\n\n\n\n<p>La Fourn\u00e9e Dor\u00e9e conserve les donn\u00e9es \u00e0 caract\u00e8re personnel seulement le temps n\u00e9cessaire aux finalit\u00e9s pour lesquelles elles ont \u00e9t\u00e9 collect\u00e9es. Elles peuvent toutefois \u00eatre utilis\u00e9es, ult\u00e9rieurement, \u00e0 des fins statistiques.<\/p>\n\n\n\n<p>La Soci\u00e9t\u00e9 se r\u00e9serve \u00e9galement le droit de proc\u00e9der \u00e0 l\u2019archivage des donn\u00e9es personnelles qu\u2019elle a pu \u00eatre amen\u00e9e \u00e0 collecter, pour la dur\u00e9e de prescription des actions en responsabilit\u00e9 ou la dur\u00e9e l\u00e9gale de conservation des documents \u00e0 des fins comptables et fiscales.<\/p>\n\n\n\n<p>En outre, ces donn\u00e9es pourront \u00eatre utilis\u00e9es par La Fourn\u00e9e Dor\u00e9e \u00e0 des fins de prospection commerciale pendant une dur\u00e9e de trois ans \u00e0 compter de la derni\u00e8re connexion de l\u2019utilisateur.<\/p>\n\n\n\n<h3 class=\"wp-block-heading\">9. Cookies.<\/h3>\n\n\n\n<p>La navigation sur le site https:\/\/lafourneedoree.fr est susceptible de provoquer l\u2019installation de cookie(s) sur l\u2019ordinateur de l\u2019utilisateur. Un cookie est un fichier de petite taille, qui ne permet pas l\u2019identification de l\u2019utilisateur, mais qui enregistre des informations relatives \u00e0 la navigation d\u2019un ordinateur sur un site. Les donn\u00e9es ainsi obtenues visent \u00e0 faciliter la navigation ult\u00e9rieure sur le site, et ont \u00e9galement vocation \u00e0 permettre diverses mesures de fr\u00e9quentation.<\/p>\n\n\n\n<p>Le refus d\u2019installation d\u2019un cookie peut entra\u00eener l\u2019impossibilit\u00e9 d\u2019acc\u00e9der \u00e0 certains services. L\u2019utilisateur peut toutefois configurer son ordinateur pour refuser l\u2019installation des cookies.<\/p>\n\n\n\n<h3 class=\"wp-block-heading\">10. Liens hypertextes<\/h3>\n\n\n\n<p>L\u2019utilisation sur le site https:\/\/lafourneedoree.fr de liens hypertextes vers d\u2019autres sites ou ressources Internet se fait aux risques de l\u2019utilisateur. Le contenu et l\u2019exactitude des sites auxquels les liens hypertextes renvoient, ainsi que les opinions exprim\u00e9es et les autres liens pr\u00e9vus dans ces sites ne font l\u2019objet d\u2019aucun contr\u00f4le, ne sont pas v\u00e9rifi\u00e9s, surveill\u00e9s ni approuv\u00e9s par La Fourn\u00e9e Dor\u00e9e. La Fourn\u00e9e Dor\u00e9e d\u00e9cline toute responsabilit\u00e9 relativement \u00e0 l\u2019exactitude, au contenu, \u00e0 la disponibilit\u00e9 ou \u00e0 l\u2019omission des informations trouv\u00e9es sur les sites de tierces parties, et aux liens vers et \u00e0 partir du site https:\/\/lafourneedoree.fr.&nbsp;<\/p>\n\n\n\n<p>La Fourn\u00e9e Dor\u00e9e n\u2019est pas responsable des liens hypertextes menant sur son site https:\/\/lafourneedoree.fr.<\/p>\n\n\n\n<p>La Fourn\u00e9e Dor\u00e9e interdit \u00e0 quiconque de mettre en place un tel lien sans son autorisation \u00e9crite pr\u00e9alable et se r\u00e9serve le droit de retirer \u00e0 tout moment son accord relatif \u00e0 un lien.<\/p>\n\n\n\n<h3 class=\"wp-block-heading\">11. Droit applicable et attribution de juridiction.<\/h3>\n\n\n\n<p>Tout litige en relation avec l\u2019utilisation du site https:\/\/lafourneedoree.fr est soumis au droit fran\u00e7ais. Il est fait attribution exclusive de juridiction aux tribunaux comp\u00e9tents de Paris.<\/p>\n\n\n\n<h3 class=\"wp-block-heading\">12. D\u00e9finitions.<\/h3>\n\n\n\n<p>Utilisateur : Internaute se connectant, utilisant le site susnomm\u00e9.<\/p>\n\n\n\n<p>Donn\u00e9es personnelles : \u00ab les informations qui permettent, sous quelque forme que ce soit, directement ou non, l\u2019identification des personnes physiques auxquelles elles s\u2019appliquent \u00bb.<\/p>\n\n\n\n<div style=\"height:150px\" aria-hidden=\"true\" class=\"wp-block-spacer\"><\/div>\n","protected":false},"excerpt":{"rendered":"<p>1. Pr\u00e9sentation du site. En vertu de l\u2019article 6 de la loi n\u00b0 2004-575 du 21 juin 2004 pour la confiance dans l\u2019\u00e9conomie num\u00e9rique, il est pr\u00e9cis\u00e9 aux utilisateurs du site https:\/\/lafourneedoree.fr l\u2019identit\u00e9 des diff\u00e9rents intervenants dans le cadre de sa r\u00e9alisation et de son suivi : Propri\u00e9t\u00e9 :La Fourn\u00e9e Dor\u00e9eZA Sud des AchardsCS 60014&hellip;&nbsp;<\/p>\n","protected":false},"author":1,"featured_media":0,"parent":0,"menu_order":0,"comment_status":"closed","ping_status":"closed","template":"","meta":{"_acf_changed":false,"neve_meta_sidebar":"","neve_meta_container":"","neve_meta_enable_content_width":"","neve_meta_content_width":0,"neve_meta_title_alignment":"","neve_meta_author_avatar":"","neve_post_elements_order":"","neve_meta_disable_header":"","neve_meta_disable_footer":"","neve_meta_disable_title":"","neve_meta_reading_time":"","_themeisle_gutenberg_block_has_review":false,"footnotes":""},"class_list":["post-19382","page","type-page","status-publish","hentry"],"acf":[],"yoast_head":"<!-- This site is optimized with the Yoast SEO plugin v27.3 - https:\/\/yoast.com\/product\/yoast-seo-wordpress\/ -->\n<title>Mentions l\u00e9gales - La Fourn\u00e9e Dor\u00e9e - La saveur retrouv\u00e9e<\/title>\n<meta name=\"robots\" content=\"index, follow, max-snippet:-1, max-image-preview:large, max-video-preview:-1\" \/>\n<link rel=\"canonical\" href=\"https:\/\/www.lafourneedoree.fr\/fr-CA\/mentions-legales\/\" \/>\n<meta property=\"og:locale\" content=\"en_US\" \/>\n<meta property=\"og:type\" content=\"article\" \/>\n<meta property=\"og:title\" content=\"Mentions l\u00e9gales - La Fourn\u00e9e Dor\u00e9e - La saveur retrouv\u00e9e\" \/>\n<meta property=\"og:description\" content=\"1. Pr\u00e9sentation du site. En vertu de l\u2019article 6 de la loi n\u00b0 2004-575 du 21 juin 2004 pour la confiance dans l\u2019\u00e9conomie num\u00e9rique, il est pr\u00e9cis\u00e9 aux utilisateurs du site https:\/\/lafourneedoree.fr l\u2019identit\u00e9 des diff\u00e9rents intervenants dans le cadre de sa r\u00e9alisation et de son suivi : Propri\u00e9t\u00e9 :La Fourn\u00e9e Dor\u00e9eZA Sud des AchardsCS 60014&hellip;&nbsp;\" \/>\n<meta property=\"og:url\" content=\"https:\/\/www.lafourneedoree.fr\/fr-CA\/mentions-legales\/\" \/>\n<meta property=\"og:site_name\" content=\"La Fourn\u00e9e Dor\u00e9e - La saveur retrouv\u00e9e\" \/>\n<meta property=\"article:modified_time\" content=\"2026-04-14T14:46:35+00:00\" \/>\n<meta name=\"twitter:card\" content=\"summary_large_image\" \/>\n<meta name=\"twitter:label1\" content=\"Est. reading time\" \/>\n\t<meta name=\"twitter:data1\" content=\"9 minutes\" \/>\n<script type=\"application\/ld+json\" class=\"yoast-schema-graph\">{\"@context\":\"https:\\\/\\\/schema.org\",\"@graph\":[{\"@type\":\"WebPage\",\"@id\":\"https:\\\/\\\/www.lafourneedoree.fr\\\/fr-CA\\\/mentions-legales\\\/\",\"url\":\"https:\\\/\\\/www.lafourneedoree.fr\\\/fr-CA\\\/mentions-legales\\\/\",\"name\":\"Mentions l\u00e9gales - La Fourn\u00e9e Dor\u00e9e - La saveur retrouv\u00e9e\",\"isPartOf\":{\"@id\":\"https:\\\/\\\/www.lafourneedoree.fr\\\/#website\"},\"datePublished\":\"2025-10-16T13:05:08+00:00\",\"dateModified\":\"2026-04-14T14:46:35+00:00\",\"breadcrumb\":{\"@id\":\"https:\\\/\\\/www.lafourneedoree.fr\\\/fr-CA\\\/mentions-legales\\\/#breadcrumb\"},\"inLanguage\":\"ca-FR\",\"potentialAction\":[{\"@type\":\"ReadAction\",\"target\":[\"https:\\\/\\\/www.lafourneedoree.fr\\\/fr-CA\\\/mentions-legales\\\/\"]}]},{\"@type\":\"BreadcrumbList\",\"@id\":\"https:\\\/\\\/www.lafourneedoree.fr\\\/fr-CA\\\/mentions-legales\\\/#breadcrumb\",\"itemListElement\":[{\"@type\":\"ListItem\",\"position\":1,\"name\":\"La Fourn\u00e9e Dor\u00e9e\",\"item\":\"https:\\\/\\\/www.lafourneedoree.fr\\\/fr-CA\\\/\"},{\"@type\":\"ListItem\",\"position\":2,\"name\":\"Mentions l\u00e9gales\"}]},{\"@type\":\"WebSite\",\"@id\":\"https:\\\/\\\/www.lafourneedoree.fr\\\/#website\",\"url\":\"https:\\\/\\\/www.lafourneedoree.fr\\\/\",\"name\":\"La Fourn\u00e9e Dor\u00e9e - La saveur retrouv\u00e9e\",\"description\":\"\",\"potentialAction\":[{\"@type\":\"SearchAction\",\"target\":{\"@type\":\"EntryPoint\",\"urlTemplate\":\"https:\\\/\\\/www.lafourneedoree.fr\\\/?s={search_term_string}\"},\"query-input\":{\"@type\":\"PropertyValueSpecification\",\"valueRequired\":true,\"valueName\":\"search_term_string\"}}],\"inLanguage\":\"ca-FR\"}]}<\/script>\n<!-- \/ Yoast SEO plugin. -->","yoast_head_json":{"title":"Mentions l\u00e9gales - La Fourn\u00e9e Dor\u00e9e - La saveur retrouv\u00e9e","robots":{"index":"index","follow":"follow","max-snippet":"max-snippet:-1","max-image-preview":"max-image-preview:large","max-video-preview":"max-video-preview:-1"},"canonical":"https:\/\/www.lafourneedoree.fr\/fr-CA\/mentions-legales\/","og_locale":"en_US","og_type":"article","og_title":"Mentions l\u00e9gales - La Fourn\u00e9e Dor\u00e9e - La saveur retrouv\u00e9e","og_description":"1. Pr\u00e9sentation du site. En vertu de l\u2019article 6 de la loi n\u00b0 2004-575 du 21 juin 2004 pour la confiance dans l\u2019\u00e9conomie num\u00e9rique, il est pr\u00e9cis\u00e9 aux utilisateurs du site https:\/\/lafourneedoree.fr l\u2019identit\u00e9 des diff\u00e9rents intervenants dans le cadre de sa r\u00e9alisation et de son suivi : Propri\u00e9t\u00e9 :La Fourn\u00e9e Dor\u00e9eZA Sud des AchardsCS 60014&hellip;&nbsp;","og_url":"https:\/\/www.lafourneedoree.fr\/fr-CA\/mentions-legales\/","og_site_name":"La Fourn\u00e9e Dor\u00e9e - La saveur retrouv\u00e9e","article_modified_time":"2026-04-14T14:46:35+00:00","twitter_card":"summary_large_image","twitter_misc":{"Est. reading time":"9 minutes"},"schema":{"@context":"https:\/\/schema.org","@graph":[{"@type":"WebPage","@id":"https:\/\/www.lafourneedoree.fr\/fr-CA\/mentions-legales\/","url":"https:\/\/www.lafourneedoree.fr\/fr-CA\/mentions-legales\/","name":"Mentions l\u00e9gales - La Fourn\u00e9e Dor\u00e9e - La saveur retrouv\u00e9e","isPartOf":{"@id":"https:\/\/www.lafourneedoree.fr\/#website"},"datePublished":"2025-10-16T13:05:08+00:00","dateModified":"2026-04-14T14:46:35+00:00","breadcrumb":{"@id":"https:\/\/www.lafourneedoree.fr\/fr-CA\/mentions-legales\/#breadcrumb"},"inLanguage":"ca-FR","potentialAction":[{"@type":"ReadAction","target":["https:\/\/www.lafourneedoree.fr\/fr-CA\/mentions-legales\/"]}]},{"@type":"BreadcrumbList","@id":"https:\/\/www.lafourneedoree.fr\/fr-CA\/mentions-legales\/#breadcrumb","itemListElement":[{"@type":"ListItem","position":1,"name":"La Fourn\u00e9e Dor\u00e9e","item":"https:\/\/www.lafourneedoree.fr\/fr-CA\/"},{"@type":"ListItem","position":2,"name":"Mentions l\u00e9gales"}]},{"@type":"WebSite","@id":"https:\/\/www.lafourneedoree.fr\/#website","url":"https:\/\/www.lafourneedoree.fr\/","name":"La Fourn\u00e9e Dor\u00e9e - La saveur retrouv\u00e9e","description":"","potentialAction":[{"@type":"SearchAction","target":{"@type":"EntryPoint","urlTemplate":"https:\/\/www.lafourneedoree.fr\/?s={search_term_string}"},"query-input":{"@type":"PropertyValueSpecification","valueRequired":true,"valueName":"search_term_string"}}],"inLanguage":"ca-FR"}]}},"_links":{"self":[{"href":"https:\/\/www.lafourneedoree.fr\/fr-CA\/wp-json\/wp\/v2\/pages\/19382","targetHints":{"allow":["GET"]}}],"collection":[{"href":"https:\/\/www.lafourneedoree.fr\/fr-CA\/wp-json\/wp\/v2\/pages"}],"about":[{"href":"https:\/\/www.lafourneedoree.fr\/fr-CA\/wp-json\/wp\/v2\/types\/page"}],"author":[{"embeddable":true,"href":"https:\/\/www.lafourneedoree.fr\/fr-CA\/wp-json\/wp\/v2\/users\/1"}],"replies":[{"embeddable":true,"href":"https:\/\/www.lafourneedoree.fr\/fr-CA\/wp-json\/wp\/v2\/comments?post=19382"}],"version-history":[{"count":5,"href":"https:\/\/www.lafourneedoree.fr\/fr-CA\/wp-json\/wp\/v2\/pages\/19382\/revisions"}],"predecessor-version":[{"id":21536,"href":"https:\/\/www.lafourneedoree.fr\/fr-CA\/wp-json\/wp\/v2\/pages\/19382\/revisions\/21536"}],"wp:attachment":[{"href":"https:\/\/www.lafourneedoree.fr\/fr-CA\/wp-json\/wp\/v2\/media?parent=19382"}],"curies":[{"name":"wp","href":"https:\/\/api.w.org\/{rel}","templated":true}]}}