{"id":18480,"date":"2026-01-05T14:40:34","date_gmt":"2026-01-05T13:40:34","guid":{"rendered":"http:\/\/preprod.lafourneedoree.fr\/?post_type=recipes&#038;p=18480"},"modified":"2026-01-23T16:14:28","modified_gmt":"2026-01-23T15:14:28","slug":"baguette-briochee-estivale-poulet-et-cheddar","status":"publish","type":"recipes","link":"https:\/\/www.lafourneedoree.fr\/fr-CA\/recettes\/baguette-briochee-estivale-poulet-et-cheddar\/","title":{"rendered":"Baguette brioch\u00e9e estivale poulet et cheddar"},"content":{"rendered":"\n<div id=\"wp-block-themeisle-blocks-advanced-columns-b9cb080e\" class=\"wp-block-themeisle-blocks-advanced-columns alignfull has-1-columns has-desktop-equal-layout has-tablet-equal-layout has-mobile-equal-layout has-vertical-unset\"><div class=\"wp-block-themeisle-blocks-advanced-columns-overlay\"><\/div><div class=\"innerblocks-wrap\">\n<div id=\"wp-block-themeisle-blocks-advanced-column-66cec8b6\" class=\"wp-block-themeisle-blocks-advanced-column\"><div class=\"yoast-breadcrumbs ticss-2838c4d8\"><span><span><a href=\"https:\/\/www.lafourneedoree.fr\/fr-CA\/\">La Fourn\u00e9e Dor\u00e9e<\/a><\/span> \u00bb <span class=\"breadcrumb_last\" aria-current=\"page\">Baguette brioch\u00e9e estivale poulet et cheddar<\/span><\/span><\/div>\n\n\n<div id=\"wp-block-themeisle-blocks-advanced-columns-8097b5d5\" class=\"wp-block-themeisle-blocks-advanced-columns has-2-columns has-desktop-oneTwo-layout has-tablet-equal-layout has-mobile-collapsedRows-layout has-reverse-columns-mobile has-vertical-unset\"><div class=\"wp-block-themeisle-blocks-advanced-columns-overlay\"><\/div><div class=\"innerblocks-wrap\">\n<div id=\"wp-block-themeisle-blocks-advanced-column-06625f8f\" class=\"wp-block-themeisle-blocks-advanced-column ticss-bf70e9dc\">\n<div id=\"wp-block-themeisle-blocks-advanced-columns-344832dd\" class=\"wp-block-themeisle-blocks-advanced-columns has-1-columns has-desktop-equal-layout has-tablet-equal-layout hide-in-mobile has-vertical-unset\"><div class=\"wp-block-themeisle-blocks-advanced-columns-overlay\"><\/div><div class=\"innerblocks-wrap\">\n<div id=\"wp-block-themeisle-blocks-advanced-column-94732394\" class=\"wp-block-themeisle-blocks-advanced-column\">\n<figure class=\"wp-block-image size-full is-resized\"><img loading=\"lazy\" decoding=\"async\" width=\"608\" height=\"590\" src=\"https:\/\/www.lafourneedoree.fr\/wp-content\/uploads\/2026\/01\/13304-recette_viennois-ete-poulet-cheddar.jpg\" alt=\"\" class=\"wp-image-17250\" style=\"width:600px\" srcset=\"https:\/\/www.lafourneedoree.fr\/wp-content\/uploads\/2026\/01\/13304-recette_viennois-ete-poulet-cheddar.jpg 608w, https:\/\/www.lafourneedoree.fr\/wp-content\/uploads\/2026\/01\/13304-recette_viennois-ete-poulet-cheddar-300x291.jpg 300w\" sizes=\"auto, (max-width: 608px) 100vw, 608px\" \/><\/figure>\n\n\n\n<div id=\"wp-block-themeisle-blocks-advanced-columns-71c623e7\" class=\"wp-block-themeisle-blocks-advanced-columns has-1-columns has-desktop-equal-layout has-tablet-equal-layout has-mobile-equal-layout has-vertical-unset\"><div class=\"wp-block-themeisle-blocks-advanced-columns-overlay\"><\/div><div class=\"innerblocks-wrap\">\n<div id=\"wp-block-themeisle-blocks-advanced-column-a8ca399f\" class=\"wp-block-themeisle-blocks-advanced-column has-light-bg\">\n<p class=\"has-text-align-center ticss-c3387660 has-neve-link-hover-color-color has-text-color has-link-color wp-elements-53e92e4eea99c5d58f7d7e155db88e05\" style=\"font-size:26px\"><strong>Le <span class=\"plus\">+<\/span> du chef<\/strong><\/p>\n\n\n\n<p class=\"has-text-align-center has-neve-link-color-color has-text-color has-link-color has-medium-font-size wp-elements-ddfd7ae187ff565803fe5c46adee8647\" style=\"padding-top:0;padding-right:0;padding-bottom:0;padding-left:0\"><strong>N\u2019h\u00e9sitez pas \u00e0 assaisonner votre poulet d\u2019\u00e9pices pour un sandwich avec encore plus de saveurs. Vous pouvez aussi remplacer les tranches d\u2019avocat par un guacamole maison.<\/strong><\/p>\n<\/div>\n<\/div><\/div>\n<\/div>\n<\/div><\/div>\n<\/div>\n\n\n\n<div id=\"wp-block-themeisle-blocks-advanced-column-dc2fc8c1\" class=\"wp-block-themeisle-blocks-advanced-column ticss-97586afe\">\n<div id=\"wp-block-themeisle-blocks-advanced-columns-7a998239\" class=\"wp-block-themeisle-blocks-advanced-columns has-1-columns has-desktop-equal-layout has-tablet-equal-layout has-mobile-equal-layout has-vertical-unset\"><div class=\"wp-block-themeisle-blocks-advanced-columns-overlay\"><\/div><div class=\"innerblocks-wrap\">\n<div id=\"wp-block-themeisle-blocks-advanced-column-6166fc40\" class=\"wp-block-themeisle-blocks-advanced-column\">\n<h1 id=\"wp-block-themeisle-blocks-advanced-heading-219f9de1\" class=\"wp-block-themeisle-blocks-advanced-heading wp-block-themeisle-blocks-advanced-heading-219f9de1\">Baguette brioch\u00e9e estivale poulet et cheddar<\/h1>\n\n\n\n<div id=\"wp-block-themeisle-blocks-advanced-columns-8975ffaf\" class=\"wp-block-themeisle-blocks-advanced-columns has-1-columns has-mobile-equal-layout hide-in-desktop hide-in-tablet has-vertical-unset\"><div class=\"wp-block-themeisle-blocks-advanced-columns-overlay\"><\/div><div class=\"innerblocks-wrap\">\n<div id=\"wp-block-themeisle-blocks-advanced-column-87d2b03d\" class=\"wp-block-themeisle-blocks-advanced-column\">\n<figure class=\"wp-block-image size-full is-resized\"><img loading=\"lazy\" decoding=\"async\" width=\"608\" height=\"590\" src=\"https:\/\/www.lafourneedoree.fr\/wp-content\/uploads\/2026\/01\/13304-recette_viennois-ete-poulet-cheddar.jpg\" alt=\"\" class=\"wp-image-17250\" style=\"width:600px\" srcset=\"https:\/\/www.lafourneedoree.fr\/wp-content\/uploads\/2026\/01\/13304-recette_viennois-ete-poulet-cheddar.jpg 608w, https:\/\/www.lafourneedoree.fr\/wp-content\/uploads\/2026\/01\/13304-recette_viennois-ete-poulet-cheddar-300x291.jpg 300w\" sizes=\"auto, (max-width: 608px) 100vw, 608px\" \/><\/figure>\n<\/div>\n<\/div><\/div>\n\n\n\n\n\n\n<div style=\"height:20px\" aria-hidden=\"true\" class=\"wp-block-spacer\"><\/div>\n\n\n\n<div id=\"wp-block-themeisle-blocks-button-group-37365f0e\" class=\"wp-block-themeisle-blocks-button-group wp-block-buttons align-center-mobile\">\n<div id=\"wp-block-themeisle-blocks-button-dcd7150a\" class=\"wp-block-themeisle-blocks-button wp-block-button js-make-pdf\"><a target=\"_self\" rel=\"noopener noreferrer\" class=\"wp-block-button__link\"><span>Imprimer la recette<\/span><\/a><\/div>\n<\/div>\n<\/div>\n<\/div><\/div>\n\n\n\n<div id=\"wp-block-themeisle-blocks-advanced-columns-dc04d5ec\" class=\"wp-block-themeisle-blocks-advanced-columns has-1-columns has-desktop-equal-layout has-tablet-equal-layout has-mobile-equal-layout has-vertical-unset has-light-bg\"><div class=\"wp-block-themeisle-blocks-advanced-columns-overlay\"><\/div><div class=\"innerblocks-wrap\">\n<div id=\"wp-block-themeisle-blocks-advanced-column-fb8ca843\" class=\"wp-block-themeisle-blocks-advanced-column\">\n<span id=\"wp-block-themeisle-blocks-advanced-heading-89222245\" class=\"wp-block-themeisle-blocks-advanced-heading wp-block-themeisle-blocks-advanced-heading-89222245 arial-rounded\">Ingr\u00e9dients<\/span>\n\n\n\n<ul class=\"wp-block-list\">\n<li class=\"has-neve-link-color-color has-text-color has-link-color wp-elements-e72926d0bcd411668137f52fcb12dfe9\" style=\"font-size:20px\">2 Viennois La Fourn\u00e9e Dor\u00e9e<\/li>\n\n\n\n<li class=\"has-neve-link-color-color has-text-color has-link-color wp-elements-3651fa88dbb98e287d8afceb51c54e4b\" style=\"font-size:20px\">2 escalopes de poulet<\/li>\n\n\n\n<li class=\"has-neve-link-color-color has-text-color has-link-color wp-elements-31441fe115ccd7955b1b06c10113d14c\" style=\"font-size:20px\">1\/2 avocat<\/li>\n\n\n\n<li class=\"has-neve-link-color-color has-text-color has-link-color wp-elements-f9cf90b32d4e2b394d348c10f5bfb75d\" style=\"font-size:20px\">1\/2 oignon rouge<\/li>\n\n\n\n<li class=\"has-neve-link-color-color has-text-color has-link-color wp-elements-57efadd0f0da47a9408d84827dee82fb\" style=\"font-size:20px\">Mayonnaise<\/li>\n\n\n\n<li class=\"has-neve-link-color-color has-text-color has-link-color wp-elements-c6c35e796f5964554688486c9d549884\" style=\"font-size:20px\">Tranches de cheddar<\/li>\n\n\n\n<li class=\"has-neve-link-color-color has-text-color has-link-color wp-elements-0e7367c7193554ad19d49f86781971fb\" style=\"font-size:20px\">Huile d\u2019olive<\/li>\n\n\n\n<li class=\"has-neve-link-color-color has-text-color has-link-color wp-elements-dd4eb5e815b6204974b90dd61849edbb\" style=\"font-size:20px\">Sel, poivre, \u00e9pices<\/li>\n<\/ul>\n<\/div>\n<\/div><\/div>\n\n\n\n<div id=\"wp-block-themeisle-blocks-advanced-columns-a33d74fe\" class=\"wp-block-themeisle-blocks-advanced-columns has-1-columns has-desktop-equal-layout has-tablet-equal-layout has-mobile-equal-layout has-vertical-unset\"><div class=\"wp-block-themeisle-blocks-advanced-columns-overlay\"><\/div><div class=\"innerblocks-wrap\">\n<div id=\"wp-block-themeisle-blocks-advanced-column-2cdc147c\" class=\"wp-block-themeisle-blocks-advanced-column\">\n<span id=\"wp-block-themeisle-blocks-advanced-heading-68dfe006\" class=\"wp-block-themeisle-blocks-advanced-heading wp-block-themeisle-blocks-advanced-heading-68dfe006 arial-rounded\">Pr\u00e9paration<\/span>\n\n\n\n<ul class=\"wp-block-list\">\n<li class=\"has-neve-link-color-color has-text-color has-link-color wp-elements-33dade442a6f2b67212fc9deb46e2967\" style=\"font-size:20px\">Couper les escalopes de poulet en petits morceaux et les faire cuire quelques minutes \u00e0 la po\u00eale dans un filet d\u2019huile d\u2019olive. Assaisonner avec du sel et du poivre. Pr\u00e9chauffer le four \u00e0 180\u00b0C.<\/li>\n\n\n\n<li class=\"has-neve-link-color-color has-text-color has-link-color wp-elements-b2ee45f9bc7deadb73277a62555d6923\" style=\"font-size:20px\">Pendant la cuisson des escalopes, couper des tranches d\u2019avocat et le demi oignon rouge en fines lamelles.<\/li>\n\n\n\n<li class=\"has-neve-link-color-color has-text-color has-link-color wp-elements-c533d237ca26e5125c107ab1d1006a57\" style=\"font-size:20px\">\u00c9taler de la mayonnaise sur le pain. Ajouter les tranches d\u2019avocat, les lamelles d\u2019oignon rouge, le poulet cuit et les tranches de cheddar.<\/li>\n\n\n\n<li class=\"has-neve-link-color-color has-text-color has-link-color wp-elements-c96b291c6e0182a7e2141f687edf4166\" style=\"font-size:20px\">Passer vos sandwichs 3-4 minutes au four \u00e0 180\u00b0C pour faire fondre le fromage.<\/li>\n<\/ul>\n\n\n\n<p class=\"has-text-align-center has-custom-3-color has-text-color has-link-color has-large-font-size wp-elements-f8cfb8cf5607d48b99740c40589f8ce0\"><strong>Bon app\u00e9tit !<\/strong><\/p>\n<\/div>\n<\/div><\/div>\n<\/div>\n<\/div><\/div>\n<\/div>\n<\/div><\/div>\n\n\n\n<div id=\"wp-block-themeisle-blocks-advanced-columns-c8025a9b\" class=\"wp-block-themeisle-blocks-advanced-columns alignfull has-1-columns has-desktop-equal-layout has-tablet-equal-layout has-mobile-equal-layout has-vertical-unset recipe-video\"><div class=\"wp-block-themeisle-blocks-advanced-columns-overlay\"><\/div><div class=\"innerblocks-wrap\">\n<div id=\"wp-block-themeisle-blocks-advanced-column-3210a02d\" class=\"wp-block-themeisle-blocks-advanced-column\">\n<div id=\"wp-block-themeisle-blocks-advanced-columns-62c07bb3\" class=\"wp-block-themeisle-blocks-advanced-columns has-1-columns has-desktop-equal-layout has-tablet-equal-layout has-mobile-equal-layout has-vertical-unset\"><div class=\"wp-block-themeisle-blocks-advanced-columns-overlay\"><\/div><div class=\"innerblocks-wrap\">\n<div id=\"wp-block-themeisle-blocks-advanced-column-42ffc874\" class=\"wp-block-themeisle-blocks-advanced-column\">\n<h2 id=\"wp-block-themeisle-blocks-advanced-heading-fac0fb6e\" class=\"wp-block-themeisle-blocks-advanced-heading wp-block-themeisle-blocks-advanced-heading-fac0fb6e titre-cc ticss-fac0fb6e\">Recette r\u00e9alisable avec<\/h2>\n\n\n    <section class=\"bg-rel-simple\">\r\n            <ul class=\"bg-rel-grid\">\r\n        \t\t  <li class=\"bg-rel-card has-hover\">\r\n\t\t\t<a href=\"https:\/\/www.lafourneedoree.fr\/fr-CA\/produit\/4-baguettes-briochees\/\" class=\"bg-rel-link\">\r\n\t\t\t  <span class=\"bg-rel-figure\">\r\n\t\t\t\t\t\t\t\t  <span class=\"bg-rel-img bg-rel-main\"><img width=\"1024\" height=\"993\" src=\"https:\/\/www.lafourneedoree.fr\/wp-content\/uploads\/2025\/12\/brioche-baguettes-pack-produit-1-1-1024x993.png\" class=\"attachment-large size-large wp-post-image\" alt=\"\" loading=\"lazy\" decoding=\"async\" srcset=\"https:\/\/www.lafourneedoree.fr\/wp-content\/uploads\/2025\/12\/brioche-baguettes-pack-produit-1-1-1024x993.png 1024w, https:\/\/www.lafourneedoree.fr\/wp-content\/uploads\/2025\/12\/brioche-baguettes-pack-produit-1-1-300x291.png 300w, https:\/\/www.lafourneedoree.fr\/wp-content\/uploads\/2025\/12\/brioche-baguettes-pack-produit-1-1-768x745.png 768w, https:\/\/www.lafourneedoree.fr\/wp-content\/uploads\/2025\/12\/brioche-baguettes-pack-produit-1-1.png 1267w\" sizes=\"auto, (max-width: 1024px) 100vw, 1024px\" \/><\/span>\r\n\t\t\t\t\t\t\t\t\t\t\t\t  <span class=\"bg-rel-img bg-rel-hover\" aria-hidden=\"true\"><img width=\"608\" height=\"590\" src=\"https:\/\/www.lafourneedoree.fr\/wp-content\/uploads\/2025\/12\/4-Viennois-1.png\" class=\"attachment-large size-large\" alt=\"\" loading=\"lazy\" decoding=\"async\" srcset=\"https:\/\/www.lafourneedoree.fr\/wp-content\/uploads\/2025\/12\/4-Viennois-1.png 608w, https:\/\/www.lafourneedoree.fr\/wp-content\/uploads\/2025\/12\/4-Viennois-1-300x291.png 300w\" sizes=\"auto, (max-width: 608px) 100vw, 608px\" \/><\/span>\r\n\t\t\t\t\t\t\t  <\/span>\r\n\t\t\t  <span class=\"bg-rel-name\">4 Baguettes Brioch\u00e9es<\/span>\r\n                \t\t\t  \t\t\t<\/a>\r\n\t\t  <\/li>\r\n\t\t      <\/ul>\r\n    <\/section>\r\n    \n<\/div>\n<\/div><\/div>\n<\/div>\n<\/div><\/div>\n\n\n\n<div id=\"wp-block-themeisle-blocks-advanced-columns-c24f46c6\" class=\"wp-block-themeisle-blocks-advanced-columns alignfull has-1-columns has-desktop-equal-layout has-tablet-equal-layout has-mobile-equal-layout has-vertical-unset ticss-89ac11e2\"><div class=\"wp-block-themeisle-blocks-advanced-columns-overlay\"><\/div><div class=\"innerblocks-wrap\">\n<div id=\"wp-block-themeisle-blocks-advanced-column-3bc36067\" class=\"wp-block-themeisle-blocks-advanced-column\">\n<h2 class=\"wp-block-heading has-text-align-center titre-cc has-custom-3-color has-text-color has-link-color wp-elements-ae752e11b715942cd017827b6e32f4c9\">Vous aimerez aussi<\/h2>\n\n\n\n        <section class=\"bg-rel-simple\">\n\n            \n            <ul class=\"bg-rel-grid\">\n\n                \n                    <li class=\"bg-rel-card no-hover \">\n\n                        <a href=\"https:\/\/www.lafourneedoree.fr\/fr-CA\/recettes\/viennois-mexicain-1\/\" class=\"bg-rel-link\">\n\n\t\t\t  <span class=\"bg-rel-figure\">\n\n\t\t\t\t\n                    <span class=\"bg-rel-img bg-rel-main\"><img width=\"608\" height=\"590\" src=\"https:\/\/www.lafourneedoree.fr\/wp-content\/uploads\/2026\/01\/13297-recette_viennois-mexicain.jpg\" class=\"bg-rel-thumb\" alt=\"Viennois Mexicain\" loading=\"lazy\" decoding=\"async\" srcset=\"https:\/\/www.lafourneedoree.fr\/wp-content\/uploads\/2026\/01\/13297-recette_viennois-mexicain.jpg 608w, https:\/\/www.lafourneedoree.fr\/wp-content\/uploads\/2026\/01\/13297-recette_viennois-mexicain-300x291.jpg 300w\" sizes=\"auto, (max-width: 608px) 100vw, 608px\" \/><\/span>\n\n                \n                  \n\t\t\t  <\/span>\n\n                            <span class=\"bg-rel-name\">Viennois Mexicain<\/span>\n\n\n                                                            <hr class=\"separateur\">\n                                <span class=\"bg-rel-meta\">\n\n\t\t\t\t  \n                            <div class=\"recette_picto\">\n                                <span class=\"servings\">\n                                        <div class=\"recette_picto_icon\">\n                                            <span class=\"icon-users icon\"><\/span>\n                                        <\/div>\n                                        2 pers.<\/span>\n                            <\/div>  <div class=\"recette_picto\">\n                                                <div class=\"recette_picto-icon\">\n                                                     <span class=\"icon-clock2 icon\"><\/span>\n                                                <\/div>\n\t\t\t\t                                <span class=\"prep-time\"><time datetime=\"PT15M\">15 min<\/time><\/span>\n\t\t\t\t                            <\/div>       <div class=\"recette_picto\">\n                                                <div class=\"recette_picto-icon\">\n                                                    <span class=\"icon-chapeau-cuisine icon\"><\/span>\n                                                <\/div>\n                                                <span class=\"difficulty\">Facile<\/span>\n                                            <\/div>\n                                            \n\t\t\t\t<\/span>\n\n                            \n                        <\/a>\n\n                    <\/li>\n\n                \n                    <li class=\"bg-rel-card no-hover \">\n\n                        <a href=\"https:\/\/www.lafourneedoree.fr\/fr-CA\/recettes\/baguette-briochee-estivale-poulet-et-cheddar\/\" class=\"bg-rel-link\">\n\n\t\t\t  <span class=\"bg-rel-figure\">\n\n\t\t\t\t\n                    <span class=\"bg-rel-img bg-rel-main\"><img width=\"608\" height=\"590\" src=\"https:\/\/www.lafourneedoree.fr\/wp-content\/uploads\/2026\/01\/13304-recette_viennois-ete-poulet-cheddar.jpg\" class=\"bg-rel-thumb\" alt=\"Baguette brioch\u00e9e estivale poulet et cheddar\" loading=\"lazy\" decoding=\"async\" srcset=\"https:\/\/www.lafourneedoree.fr\/wp-content\/uploads\/2026\/01\/13304-recette_viennois-ete-poulet-cheddar.jpg 608w, https:\/\/www.lafourneedoree.fr\/wp-content\/uploads\/2026\/01\/13304-recette_viennois-ete-poulet-cheddar-300x291.jpg 300w\" sizes=\"auto, (max-width: 608px) 100vw, 608px\" \/><\/span>\n\n                \n                  \n\t\t\t  <\/span>\n\n                            <span class=\"bg-rel-name\">Baguette brioch\u00e9e estivale poulet et cheddar<\/span>\n\n\n                                                            <hr class=\"separateur\">\n                                <span class=\"bg-rel-meta\">\n\n\t\t\t\t  \n                            <div class=\"recette_picto\">\n                                <span class=\"servings\">\n                                        <div class=\"recette_picto_icon\">\n                                            <span class=\"icon-users icon\"><\/span>\n                                        <\/div>\n                                        2 pers.<\/span>\n                            <\/div>  <div class=\"recette_picto\">\n                                                <div class=\"recette_picto-icon\">\n                                                     <span class=\"icon-clock2 icon\"><\/span>\n                                                <\/div>\n\t\t\t\t                                <span class=\"prep-time\"><time datetime=\"PT15M\">15 min<\/time><\/span>\n\t\t\t\t                            <\/div>       <div class=\"recette_picto\">\n                                                <div class=\"recette_picto-icon\">\n                                                    <span class=\"icon-chapeau-cuisine icon\"><\/span>\n                                                <\/div>\n                                                <span class=\"difficulty\">Facile<\/span>\n                                            <\/div>\n                                            \n\t\t\t\t<\/span>\n\n                            \n                        <\/a>\n\n                    <\/li>\n\n                \n                    <li class=\"bg-rel-card no-hover \">\n\n                        <a href=\"https:\/\/www.lafourneedoree.fr\/fr-CA\/recettes\/baguette-briochee-facon-profiteroles\/\" class=\"bg-rel-link\">\n\n\t\t\t  <span class=\"bg-rel-figure\">\n\n\t\t\t\t\n                    <span class=\"bg-rel-img bg-rel-main\"><img width=\"608\" height=\"590\" src=\"https:\/\/www.lafourneedoree.fr\/wp-content\/uploads\/2026\/01\/13256-recette_viennois-profiteroles.jpg\" class=\"bg-rel-thumb\" alt=\"Baguette brioch\u00e9e fa\u00e7on profiteroles\" loading=\"lazy\" decoding=\"async\" srcset=\"https:\/\/www.lafourneedoree.fr\/wp-content\/uploads\/2026\/01\/13256-recette_viennois-profiteroles.jpg 608w, https:\/\/www.lafourneedoree.fr\/wp-content\/uploads\/2026\/01\/13256-recette_viennois-profiteroles-300x291.jpg 300w\" sizes=\"auto, (max-width: 608px) 100vw, 608px\" \/><\/span>\n\n                \n                  \n\t\t\t  <\/span>\n\n                            <span class=\"bg-rel-name\">Baguette brioch\u00e9e fa\u00e7on profiteroles<\/span>\n\n\n                                                            <hr class=\"separateur\">\n                                <span class=\"bg-rel-meta\">\n\n\t\t\t\t  \n                            <div class=\"recette_picto\">\n                                <span class=\"servings\">\n                                        <div class=\"recette_picto_icon\">\n                                            <span class=\"icon-users icon\"><\/span>\n                                        <\/div>\n                                        4 pers.<\/span>\n                            <\/div>  <div class=\"recette_picto\">\n                                                <div class=\"recette_picto-icon\">\n                                                     <span class=\"icon-clock2 icon\"><\/span>\n                                                <\/div>\n\t\t\t\t                                <span class=\"prep-time\"><time datetime=\"PT25M\">25 min<\/time><\/span>\n\t\t\t\t                            <\/div>       <div class=\"recette_picto\">\n                                                <div class=\"recette_picto-icon\">\n                                                    <span class=\"icon-chapeau-cuisine icon\"><\/span>\n                                                <\/div>\n                                                <span class=\"difficulty\">Facile<\/span>\n                                            <\/div>\n                                            \n\t\t\t\t<\/span>\n\n                            \n                        <\/a>\n\n                    <\/li>\n\n                \n            <\/ul>\n\n        <\/section>\n\n        \n<\/div>\n<\/div><\/div>\n","protected":false},"featured_media":17253,"parent":0,"template":"","meta":{"_acf_changed":true,"neve_meta_sidebar":"","neve_meta_container":"","neve_meta_enable_content_width":"","neve_meta_content_width":0,"neve_meta_title_alignment":"","neve_meta_author_avatar":"","neve_post_elements_order":"","neve_meta_disable_header":"","neve_meta_disable_footer":"","neve_meta_disable_title":"","neve_meta_reading_time":"","_themeisle_gutenberg_block_has_review":false},"recipe-type":[51],"class_list":["post-18480","recipes","type-recipes","status-publish","has-post-thumbnail","hentry","recipe-type-sale"],"acf":[],"yoast_head":"<!-- This site is optimized with the Yoast SEO plugin v27.3 - https:\/\/yoast.com\/product\/yoast-seo-wordpress\/ -->\n<title>Baguette brioch\u00e9e estivale poulet et cheddar - La Fourn\u00e9e Dor\u00e9e - La saveur retrouv\u00e9e<\/title>\n<meta name=\"robots\" content=\"index, follow, max-snippet:-1, max-image-preview:large, max-video-preview:-1\" \/>\n<link rel=\"canonical\" href=\"https:\/\/www.lafourneedoree.fr\/fr-CA\/recettes\/baguette-briochee-estivale-poulet-et-cheddar\/\" \/>\n<meta property=\"og:locale\" content=\"en_US\" \/>\n<meta property=\"og:type\" content=\"article\" \/>\n<meta property=\"og:title\" content=\"Baguette brioch\u00e9e estivale poulet et cheddar - La Fourn\u00e9e Dor\u00e9e - La saveur retrouv\u00e9e\" \/>\n<meta property=\"og:url\" content=\"https:\/\/www.lafourneedoree.fr\/fr-CA\/recettes\/baguette-briochee-estivale-poulet-et-cheddar\/\" \/>\n<meta property=\"og:site_name\" content=\"La Fourn\u00e9e Dor\u00e9e - La saveur retrouv\u00e9e\" \/>\n<meta property=\"article:modified_time\" content=\"2026-01-23T15:14:28+00:00\" \/>\n<meta property=\"og:image\" content=\"https:\/\/www.lafourneedoree.fr\/wp-content\/uploads\/2026\/01\/13304-recette_viennois-ete-poulet-cheddar.jpg\" \/>\n\t<meta property=\"og:image:width\" content=\"608\" \/>\n\t<meta property=\"og:image:height\" content=\"590\" \/>\n\t<meta property=\"og:image:type\" content=\"image\/jpeg\" \/>\n<meta name=\"twitter:card\" content=\"summary_large_image\" \/>\n<meta name=\"twitter:label1\" content=\"Est. reading time\" \/>\n\t<meta name=\"twitter:data1\" content=\"2 minutes\" \/>\n<script type=\"application\/ld+json\" class=\"yoast-schema-graph\">{\"@context\":\"https:\\\/\\\/schema.org\",\"@graph\":[{\"@type\":\"WebPage\",\"@id\":\"https:\\\/\\\/www.lafourneedoree.fr\\\/fr-CA\\\/recettes\\\/baguette-briochee-estivale-poulet-et-cheddar\\\/\",\"url\":\"https:\\\/\\\/www.lafourneedoree.fr\\\/fr-CA\\\/recettes\\\/baguette-briochee-estivale-poulet-et-cheddar\\\/\",\"name\":\"Baguette brioch\u00e9e estivale poulet et cheddar - La Fourn\u00e9e Dor\u00e9e - La saveur retrouv\u00e9e\",\"isPartOf\":{\"@id\":\"https:\\\/\\\/www.lafourneedoree.fr\\\/#website\"},\"primaryImageOfPage\":{\"@id\":\"https:\\\/\\\/www.lafourneedoree.fr\\\/fr-CA\\\/recettes\\\/baguette-briochee-estivale-poulet-et-cheddar\\\/#primaryimage\"},\"image\":{\"@id\":\"https:\\\/\\\/www.lafourneedoree.fr\\\/fr-CA\\\/recettes\\\/baguette-briochee-estivale-poulet-et-cheddar\\\/#primaryimage\"},\"thumbnailUrl\":\"https:\\\/\\\/www.lafourneedoree.fr\\\/wp-content\\\/uploads\\\/2026\\\/01\\\/13304-recette_viennois-ete-poulet-cheddar.jpg\",\"datePublished\":\"2026-01-05T13:40:34+00:00\",\"dateModified\":\"2026-01-23T15:14:28+00:00\",\"breadcrumb\":{\"@id\":\"https:\\\/\\\/www.lafourneedoree.fr\\\/fr-CA\\\/recettes\\\/baguette-briochee-estivale-poulet-et-cheddar\\\/#breadcrumb\"},\"inLanguage\":\"ca-FR\",\"potentialAction\":[{\"@type\":\"ReadAction\",\"target\":[\"https:\\\/\\\/www.lafourneedoree.fr\\\/fr-CA\\\/recettes\\\/baguette-briochee-estivale-poulet-et-cheddar\\\/\"]}]},{\"@type\":\"ImageObject\",\"inLanguage\":\"ca-FR\",\"@id\":\"https:\\\/\\\/www.lafourneedoree.fr\\\/fr-CA\\\/recettes\\\/baguette-briochee-estivale-poulet-et-cheddar\\\/#primaryimage\",\"url\":\"https:\\\/\\\/www.lafourneedoree.fr\\\/wp-content\\\/uploads\\\/2026\\\/01\\\/13304-recette_viennois-ete-poulet-cheddar.jpg\",\"contentUrl\":\"https:\\\/\\\/www.lafourneedoree.fr\\\/wp-content\\\/uploads\\\/2026\\\/01\\\/13304-recette_viennois-ete-poulet-cheddar.jpg\",\"width\":608,\"height\":590},{\"@type\":\"BreadcrumbList\",\"@id\":\"https:\\\/\\\/www.lafourneedoree.fr\\\/fr-CA\\\/recettes\\\/baguette-briochee-estivale-poulet-et-cheddar\\\/#breadcrumb\",\"itemListElement\":[{\"@type\":\"ListItem\",\"position\":1,\"name\":\"La Fourn\u00e9e Dor\u00e9e\",\"item\":\"https:\\\/\\\/www.lafourneedoree.fr\\\/fr-CA\\\/\"},{\"@type\":\"ListItem\",\"position\":2,\"name\":\"Baguette brioch\u00e9e estivale poulet et cheddar\"}]},{\"@type\":\"WebSite\",\"@id\":\"https:\\\/\\\/www.lafourneedoree.fr\\\/#website\",\"url\":\"https:\\\/\\\/www.lafourneedoree.fr\\\/\",\"name\":\"La Fourn\u00e9e Dor\u00e9e - La saveur retrouv\u00e9e\",\"description\":\"\",\"potentialAction\":[{\"@type\":\"SearchAction\",\"target\":{\"@type\":\"EntryPoint\",\"urlTemplate\":\"https:\\\/\\\/www.lafourneedoree.fr\\\/?s={search_term_string}\"},\"query-input\":{\"@type\":\"PropertyValueSpecification\",\"valueRequired\":true,\"valueName\":\"search_term_string\"}}],\"inLanguage\":\"ca-FR\"}]}<\/script>\n<!-- \/ Yoast SEO plugin. -->","yoast_head_json":{"title":"Baguette brioch\u00e9e estivale poulet et cheddar - La Fourn\u00e9e Dor\u00e9e - La saveur retrouv\u00e9e","robots":{"index":"index","follow":"follow","max-snippet":"max-snippet:-1","max-image-preview":"max-image-preview:large","max-video-preview":"max-video-preview:-1"},"canonical":"https:\/\/www.lafourneedoree.fr\/fr-CA\/recettes\/baguette-briochee-estivale-poulet-et-cheddar\/","og_locale":"en_US","og_type":"article","og_title":"Baguette brioch\u00e9e estivale poulet et cheddar - La Fourn\u00e9e Dor\u00e9e - La saveur retrouv\u00e9e","og_url":"https:\/\/www.lafourneedoree.fr\/fr-CA\/recettes\/baguette-briochee-estivale-poulet-et-cheddar\/","og_site_name":"La Fourn\u00e9e Dor\u00e9e - La saveur retrouv\u00e9e","article_modified_time":"2026-01-23T15:14:28+00:00","og_image":[{"width":608,"height":590,"url":"https:\/\/www.lafourneedoree.fr\/wp-content\/uploads\/2026\/01\/13304-recette_viennois-ete-poulet-cheddar.jpg","type":"image\/jpeg"}],"twitter_card":"summary_large_image","twitter_misc":{"Est. reading time":"2 minutes"},"schema":{"@context":"https:\/\/schema.org","@graph":[{"@type":"WebPage","@id":"https:\/\/www.lafourneedoree.fr\/fr-CA\/recettes\/baguette-briochee-estivale-poulet-et-cheddar\/","url":"https:\/\/www.lafourneedoree.fr\/fr-CA\/recettes\/baguette-briochee-estivale-poulet-et-cheddar\/","name":"Baguette brioch\u00e9e estivale poulet et cheddar - La Fourn\u00e9e Dor\u00e9e - La saveur retrouv\u00e9e","isPartOf":{"@id":"https:\/\/www.lafourneedoree.fr\/#website"},"primaryImageOfPage":{"@id":"https:\/\/www.lafourneedoree.fr\/fr-CA\/recettes\/baguette-briochee-estivale-poulet-et-cheddar\/#primaryimage"},"image":{"@id":"https:\/\/www.lafourneedoree.fr\/fr-CA\/recettes\/baguette-briochee-estivale-poulet-et-cheddar\/#primaryimage"},"thumbnailUrl":"https:\/\/www.lafourneedoree.fr\/wp-content\/uploads\/2026\/01\/13304-recette_viennois-ete-poulet-cheddar.jpg","datePublished":"2026-01-05T13:40:34+00:00","dateModified":"2026-01-23T15:14:28+00:00","breadcrumb":{"@id":"https:\/\/www.lafourneedoree.fr\/fr-CA\/recettes\/baguette-briochee-estivale-poulet-et-cheddar\/#breadcrumb"},"inLanguage":"ca-FR","potentialAction":[{"@type":"ReadAction","target":["https:\/\/www.lafourneedoree.fr\/fr-CA\/recettes\/baguette-briochee-estivale-poulet-et-cheddar\/"]}]},{"@type":"ImageObject","inLanguage":"ca-FR","@id":"https:\/\/www.lafourneedoree.fr\/fr-CA\/recettes\/baguette-briochee-estivale-poulet-et-cheddar\/#primaryimage","url":"https:\/\/www.lafourneedoree.fr\/wp-content\/uploads\/2026\/01\/13304-recette_viennois-ete-poulet-cheddar.jpg","contentUrl":"https:\/\/www.lafourneedoree.fr\/wp-content\/uploads\/2026\/01\/13304-recette_viennois-ete-poulet-cheddar.jpg","width":608,"height":590},{"@type":"BreadcrumbList","@id":"https:\/\/www.lafourneedoree.fr\/fr-CA\/recettes\/baguette-briochee-estivale-poulet-et-cheddar\/#breadcrumb","itemListElement":[{"@type":"ListItem","position":1,"name":"La Fourn\u00e9e Dor\u00e9e","item":"https:\/\/www.lafourneedoree.fr\/fr-CA\/"},{"@type":"ListItem","position":2,"name":"Baguette brioch\u00e9e estivale poulet et cheddar"}]},{"@type":"WebSite","@id":"https:\/\/www.lafourneedoree.fr\/#website","url":"https:\/\/www.lafourneedoree.fr\/","name":"La Fourn\u00e9e Dor\u00e9e - La saveur retrouv\u00e9e","description":"","potentialAction":[{"@type":"SearchAction","target":{"@type":"EntryPoint","urlTemplate":"https:\/\/www.lafourneedoree.fr\/?s={search_term_string}"},"query-input":{"@type":"PropertyValueSpecification","valueRequired":true,"valueName":"search_term_string"}}],"inLanguage":"ca-FR"}]}},"_links":{"self":[{"href":"https:\/\/www.lafourneedoree.fr\/fr-CA\/wp-json\/wp\/v2\/recipes\/18480","targetHints":{"allow":["GET"]}}],"collection":[{"href":"https:\/\/www.lafourneedoree.fr\/fr-CA\/wp-json\/wp\/v2\/recipes"}],"about":[{"href":"https:\/\/www.lafourneedoree.fr\/fr-CA\/wp-json\/wp\/v2\/types\/recipes"}],"wp:featuredmedia":[{"embeddable":true,"href":"https:\/\/www.lafourneedoree.fr\/fr-CA\/wp-json\/wp\/v2\/media\/17253"}],"wp:attachment":[{"href":"https:\/\/www.lafourneedoree.fr\/fr-CA\/wp-json\/wp\/v2\/media?parent=18480"}],"wp:term":[{"taxonomy":"recipe-type","embeddable":true,"href":"https:\/\/www.lafourneedoree.fr\/fr-CA\/wp-json\/wp\/v2\/recipe-type?post=18480"}],"curies":[{"name":"wp","href":"https:\/\/api.w.org\/{rel}","templated":true}]}}