{"id":18518,"date":"2026-01-19T11:00:56","date_gmt":"2026-01-19T10:00:56","guid":{"rendered":"http:\/\/preprod.lafourneedoree.fr\/?post_type=recipes&#038;p=18518"},"modified":"2026-01-23T14:14:12","modified_gmt":"2026-01-23T13:14:12","slug":"brioche-facon-gaufres-au-chocolat","status":"publish","type":"recipes","link":"https:\/\/www.lafourneedoree.fr\/fr-CA\/recettes\/brioche-facon-gaufres-au-chocolat\/","title":{"rendered":"Brioche fa\u00e7on Gaufres au Chocolat"},"content":{"rendered":"\n<div id=\"wp-block-themeisle-blocks-advanced-columns-b9cb080e\" class=\"wp-block-themeisle-blocks-advanced-columns alignfull has-1-columns has-desktop-equal-layout has-tablet-equal-layout has-mobile-equal-layout has-vertical-unset\"><div class=\"wp-block-themeisle-blocks-advanced-columns-overlay\"><\/div><div class=\"innerblocks-wrap\">\n<div id=\"wp-block-themeisle-blocks-advanced-column-66cec8b6\" class=\"wp-block-themeisle-blocks-advanced-column\"><div class=\"yoast-breadcrumbs ticss-2838c4d8\"><span><span><a href=\"https:\/\/www.lafourneedoree.fr\/fr-CA\/\">La Fourn\u00e9e Dor\u00e9e<\/a><\/span> \u00bb <span class=\"breadcrumb_last\" aria-current=\"page\">Brioche fa\u00e7on Gaufres au Chocolat<\/span><\/span><\/div>\n\n\n<div id=\"wp-block-themeisle-blocks-advanced-columns-8097b5d5\" class=\"wp-block-themeisle-blocks-advanced-columns has-2-columns has-desktop-oneTwo-layout has-tablet-equal-layout has-mobile-collapsedRows-layout has-reverse-columns-mobile has-vertical-unset\"><div class=\"wp-block-themeisle-blocks-advanced-columns-overlay\"><\/div><div class=\"innerblocks-wrap\">\n<div id=\"wp-block-themeisle-blocks-advanced-column-06625f8f\" class=\"wp-block-themeisle-blocks-advanced-column ticss-bf70e9dc\">\n<div id=\"wp-block-themeisle-blocks-advanced-columns-344832dd\" class=\"wp-block-themeisle-blocks-advanced-columns has-1-columns has-desktop-equal-layout has-tablet-equal-layout hide-in-mobile has-vertical-unset\"><div class=\"wp-block-themeisle-blocks-advanced-columns-overlay\"><\/div><div class=\"innerblocks-wrap\">\n<div id=\"wp-block-themeisle-blocks-advanced-column-94732394\" class=\"wp-block-themeisle-blocks-advanced-column\">\n<figure class=\"wp-block-image size-full is-resized\"><img loading=\"lazy\" decoding=\"async\" width=\"1080\" height=\"1080\" src=\"https:\/\/www.lafourneedoree.fr\/wp-content\/uploads\/2026\/01\/chocolate-waffles-1.png\" alt=\"\" class=\"wp-image-18851\" style=\"width:600px\" srcset=\"https:\/\/www.lafourneedoree.fr\/wp-content\/uploads\/2026\/01\/chocolate-waffles-1.png 1080w, https:\/\/www.lafourneedoree.fr\/wp-content\/uploads\/2026\/01\/chocolate-waffles-1-300x300.png 300w, https:\/\/www.lafourneedoree.fr\/wp-content\/uploads\/2026\/01\/chocolate-waffles-1-1024x1024.png 1024w, https:\/\/www.lafourneedoree.fr\/wp-content\/uploads\/2026\/01\/chocolate-waffles-1-150x150.png 150w, https:\/\/www.lafourneedoree.fr\/wp-content\/uploads\/2026\/01\/chocolate-waffles-1-768x768.png 768w, https:\/\/www.lafourneedoree.fr\/wp-content\/uploads\/2026\/01\/chocolate-waffles-1-650x650.png 650w\" sizes=\"auto, (max-width: 1080px) 100vw, 1080px\" \/><\/figure>\n<\/div>\n<\/div><\/div>\n<\/div>\n\n\n\n<div id=\"wp-block-themeisle-blocks-advanced-column-dc2fc8c1\" class=\"wp-block-themeisle-blocks-advanced-column ticss-97586afe\">\n<div id=\"wp-block-themeisle-blocks-advanced-columns-7a998239\" class=\"wp-block-themeisle-blocks-advanced-columns has-1-columns has-desktop-equal-layout has-tablet-equal-layout has-mobile-equal-layout has-vertical-unset\"><div class=\"wp-block-themeisle-blocks-advanced-columns-overlay\"><\/div><div class=\"innerblocks-wrap\">\n<div id=\"wp-block-themeisle-blocks-advanced-column-6166fc40\" class=\"wp-block-themeisle-blocks-advanced-column\">\n<h1 id=\"wp-block-themeisle-blocks-advanced-heading-219f9de1\" class=\"wp-block-themeisle-blocks-advanced-heading wp-block-themeisle-blocks-advanced-heading-219f9de1\">Brioche fa\u00e7on Gaufres au Chocolat<\/h1>\n\n\n\n<div id=\"wp-block-themeisle-blocks-advanced-columns-8975ffaf\" class=\"wp-block-themeisle-blocks-advanced-columns has-1-columns has-mobile-equal-layout hide-in-desktop hide-in-tablet has-vertical-unset\"><div class=\"wp-block-themeisle-blocks-advanced-columns-overlay\"><\/div><div class=\"innerblocks-wrap\">\n<div id=\"wp-block-themeisle-blocks-advanced-column-87d2b03d\" class=\"wp-block-themeisle-blocks-advanced-column\">\n<figure class=\"wp-block-image size-full is-resized\"><img loading=\"lazy\" decoding=\"async\" width=\"1080\" height=\"1080\" src=\"https:\/\/www.lafourneedoree.fr\/wp-content\/uploads\/2026\/01\/chocolate-waffles-1.png\" alt=\"\" class=\"wp-image-18851\" style=\"width:600px\" srcset=\"https:\/\/www.lafourneedoree.fr\/wp-content\/uploads\/2026\/01\/chocolate-waffles-1.png 1080w, https:\/\/www.lafourneedoree.fr\/wp-content\/uploads\/2026\/01\/chocolate-waffles-1-300x300.png 300w, https:\/\/www.lafourneedoree.fr\/wp-content\/uploads\/2026\/01\/chocolate-waffles-1-1024x1024.png 1024w, https:\/\/www.lafourneedoree.fr\/wp-content\/uploads\/2026\/01\/chocolate-waffles-1-150x150.png 150w, https:\/\/www.lafourneedoree.fr\/wp-content\/uploads\/2026\/01\/chocolate-waffles-1-768x768.png 768w, https:\/\/www.lafourneedoree.fr\/wp-content\/uploads\/2026\/01\/chocolate-waffles-1-650x650.png 650w\" sizes=\"auto, (max-width: 1080px) 100vw, 1080px\" \/><\/figure>\n<\/div>\n<\/div><\/div>\n\n\n\n\n\n\n<div style=\"height:20px\" aria-hidden=\"true\" class=\"wp-block-spacer\"><\/div>\n\n\n\n<div id=\"wp-block-themeisle-blocks-button-group-37365f0e\" class=\"wp-block-themeisle-blocks-button-group wp-block-buttons align-center-mobile\">\n<div id=\"wp-block-themeisle-blocks-button-dcd7150a\" class=\"wp-block-themeisle-blocks-button wp-block-button js-make-pdf\"><a target=\"_self\" rel=\"noopener noreferrer\" class=\"wp-block-button__link\"><span>IMPRIMER LA RECETTE<\/span><\/a><\/div>\n<\/div>\n<\/div>\n<\/div><\/div>\n\n\n\n<div id=\"wp-block-themeisle-blocks-advanced-columns-dc04d5ec\" class=\"wp-block-themeisle-blocks-advanced-columns has-1-columns has-desktop-equal-layout has-tablet-equal-layout has-mobile-equal-layout has-vertical-unset has-light-bg\"><div class=\"wp-block-themeisle-blocks-advanced-columns-overlay\"><\/div><div class=\"innerblocks-wrap\">\n<div id=\"wp-block-themeisle-blocks-advanced-column-fb8ca843\" class=\"wp-block-themeisle-blocks-advanced-column\">\n<span id=\"wp-block-themeisle-blocks-advanced-heading-89222245\" class=\"wp-block-themeisle-blocks-advanced-heading wp-block-themeisle-blocks-advanced-heading-89222245 arial-rounded\">Ingr\u00e9dients<\/span>\n\n\n\n<ul class=\"wp-block-list\">\n<li class=\"has-neve-link-color-color has-text-color has-link-color wp-elements-6df0e1a8fe873b4b48c78628f74cfd36\" style=\"font-size:20px\">8 tranches de Brioche en Tranches<\/li>\n\n\n\n<li class=\"has-neve-link-color-color has-text-color has-link-color wp-elements-30a1ed263845ad7a7cd672d5efcdb4fd\" style=\"font-size:20px\">1 tasse de Nutella\u00ae<\/li>\n\n\n\n<li class=\"has-neve-link-color-color has-text-color has-link-color wp-elements-c3b773fdc766389e39525d4779341229\" style=\"font-size:20px\">De l\u2019eau<\/li>\n\n\n\n<li class=\"has-neve-link-color-color has-text-color has-link-color wp-elements-2ec42682cba9be28648f575ce3e5f4d3\" style=\"font-size:20px\">Garnitures optionnelles : cr\u00e8me fouett\u00e9e, fraises tranch\u00e9es, noix hach\u00e9es<\/li>\n<\/ul>\n<\/div>\n<\/div><\/div>\n\n\n\n<div id=\"wp-block-themeisle-blocks-advanced-columns-a33d74fe\" class=\"wp-block-themeisle-blocks-advanced-columns has-1-columns has-desktop-equal-layout has-tablet-equal-layout has-mobile-equal-layout has-vertical-unset\"><div class=\"wp-block-themeisle-blocks-advanced-columns-overlay\"><\/div><div class=\"innerblocks-wrap\">\n<div id=\"wp-block-themeisle-blocks-advanced-column-2cdc147c\" class=\"wp-block-themeisle-blocks-advanced-column\">\n<span id=\"wp-block-themeisle-blocks-advanced-heading-68dfe006\" class=\"wp-block-themeisle-blocks-advanced-heading wp-block-themeisle-blocks-advanced-heading-68dfe006 arial-rounded\">Pr\u00e9paration<\/span>\n\n\n\n<ul class=\"wp-block-list\">\n<li class=\"has-neve-link-color-color has-text-color has-link-color wp-elements-b8305798a64bc384dcc31ee0dfbb21d4\" style=\"font-size:20px\">Enduisez un gaufrier d\u2019un spray de cuisson et pr\u00e9chauffez-le.<\/li>\n\n\n\n<li class=\"has-neve-link-color-color has-text-color has-link-color wp-elements-f26a8c7453e8f1a2b5018656c0298de4\" style=\"font-size:20px\">Retirez les cro\u00fbtes des tranches de brioche<\/li>\n\n\n\n<li class=\"has-neve-link-color-color has-text-color has-link-color wp-elements-2250d8497a6003d45e584d66833931ab\" style=\"font-size:20px\">Placez 4 tranches sur une surface de travail propre et d\u00e9posez 2 cuill\u00e8res \u00e0 soupe de Nutella\u00ae au centre de chaque tranche de brioche.<\/li>\n\n\n\n<li class=\"has-neve-link-color-color has-text-color has-link-color wp-elements-38b9388bff068f0ea7e1f25fe68077c3\" style=\"font-size:20px\">\u00c9talez ensuite le Nutella\u00ae sur la tranche, en laissant une bordure<\/li>\n\n\n\n<li class=\"has-neve-link-color-color has-text-color has-link-color wp-elements-f031062d3f652e46f1becf693cc08ef5\" style=\"font-size:20px\">Badigeonnez l\u00e9g\u00e8rement les bords de la brioche avec de l\u2019eau.<\/li>\n\n\n\n<li class=\"has-neve-link-color-color has-text-color has-link-color wp-elements-b3a1d9b31b6f5ed0a87de12792f2917b\" style=\"font-size:20px\">Recouvrez avec les 4 tranches de brioche restantes.<\/li>\n\n\n\n<li class=\"has-neve-link-color-color has-text-color has-link-color wp-elements-8f156c467c2901c6f09ba4a132680fe1\" style=\"font-size:20px\">Faites cuire les sandwiches au Nutella dans le gaufrier pendant 30 secondes, ou jusqu\u2019\u00e0 ce qu\u2019ils soient croustillants et dor\u00e9s.<\/li>\n<\/ul>\n\n\n\n<p class=\"has-text-align-center has-custom-3-color has-text-color has-link-color has-large-font-size wp-elements-f8cfb8cf5607d48b99740c40589f8ce0\"><strong>Bon app\u00e9tit !<\/strong><\/p>\n<\/div>\n<\/div><\/div>\n<\/div>\n<\/div><\/div>\n<\/div>\n<\/div><\/div>\n\n\n\n<div id=\"wp-block-themeisle-blocks-advanced-columns-c8025a9b\" class=\"wp-block-themeisle-blocks-advanced-columns alignfull has-1-columns has-desktop-equal-layout has-tablet-equal-layout has-mobile-equal-layout has-vertical-unset recipe-video\"><div class=\"wp-block-themeisle-blocks-advanced-columns-overlay\"><\/div><div class=\"innerblocks-wrap\">\n<div id=\"wp-block-themeisle-blocks-advanced-column-3210a02d\" class=\"wp-block-themeisle-blocks-advanced-column\">\n<div id=\"wp-block-themeisle-blocks-advanced-columns-62c07bb3\" class=\"wp-block-themeisle-blocks-advanced-columns has-1-columns has-desktop-equal-layout has-tablet-equal-layout has-mobile-equal-layout has-vertical-unset\"><div class=\"wp-block-themeisle-blocks-advanced-columns-overlay\"><\/div><div class=\"innerblocks-wrap\">\n<div id=\"wp-block-themeisle-blocks-advanced-column-42ffc874\" class=\"wp-block-themeisle-blocks-advanced-column\">\n<h2 id=\"wp-block-themeisle-blocks-advanced-heading-fac0fb6e\" class=\"wp-block-themeisle-blocks-advanced-heading wp-block-themeisle-blocks-advanced-heading-fac0fb6e titre-cc ticss-fac0fb6e\">Recette r\u00e9alisable avec<\/h2>\n\n\n    <section class=\"bg-rel-simple\">\r\n            <ul class=\"bg-rel-grid\">\r\n        \t\t  <li class=\"bg-rel-card has-hover\">\r\n\t\t\t<a href=\"https:\/\/www.lafourneedoree.fr\/fr-CA\/produit\/brioche-en-tranches\/\" class=\"bg-rel-link\">\r\n\t\t\t  <span class=\"bg-rel-figure\">\r\n\t\t\t\t\t\t\t\t  <span class=\"bg-rel-img bg-rel-main\"><img width=\"1024\" height=\"993\" src=\"https:\/\/www.lafourneedoree.fr\/wp-content\/uploads\/2025\/12\/sliced-brioche-pack-produit-1-1024x993.png\" class=\"attachment-large size-large wp-post-image\" alt=\"\" loading=\"lazy\" decoding=\"async\" srcset=\"https:\/\/www.lafourneedoree.fr\/wp-content\/uploads\/2025\/12\/sliced-brioche-pack-produit-1-1024x993.png 1024w, https:\/\/www.lafourneedoree.fr\/wp-content\/uploads\/2025\/12\/sliced-brioche-pack-produit-1-300x291.png 300w, https:\/\/www.lafourneedoree.fr\/wp-content\/uploads\/2025\/12\/sliced-brioche-pack-produit-1-768x745.png 768w, https:\/\/www.lafourneedoree.fr\/wp-content\/uploads\/2025\/12\/sliced-brioche-pack-produit-1.png 1267w\" sizes=\"auto, (max-width: 1024px) 100vw, 1024px\" \/><\/span>\r\n\t\t\t\t\t\t\t\t\t\t\t\t  <span class=\"bg-rel-img bg-rel-hover\" aria-hidden=\"true\"><img width=\"608\" height=\"590\" src=\"https:\/\/www.lafourneedoree.fr\/wp-content\/uploads\/2025\/12\/sliced-brioche-loaf-ingredients.png\" class=\"attachment-large size-large\" alt=\"\" loading=\"lazy\" decoding=\"async\" srcset=\"https:\/\/www.lafourneedoree.fr\/wp-content\/uploads\/2025\/12\/sliced-brioche-loaf-ingredients.png 608w, https:\/\/www.lafourneedoree.fr\/wp-content\/uploads\/2025\/12\/sliced-brioche-loaf-ingredients-300x291.png 300w\" sizes=\"auto, (max-width: 608px) 100vw, 608px\" \/><\/span>\r\n\t\t\t\t\t\t\t  <\/span>\r\n\t\t\t  <span class=\"bg-rel-name\">Brioche en tranches<\/span>\r\n                \t\t\t  \t\t\t<\/a>\r\n\t\t  <\/li>\r\n\t\t\t\t  <li class=\"bg-rel-card has-hover\">\r\n\t\t\t<a href=\"https:\/\/www.lafourneedoree.fr\/fr-CA\/produit\/brioche-tressee-au-beurre\/\" class=\"bg-rel-link\">\r\n\t\t\t  <span class=\"bg-rel-figure\">\r\n\t\t\t\t\t\t\t\t  <span class=\"bg-rel-img bg-rel-main\"><img width=\"1024\" height=\"993\" src=\"https:\/\/www.lafourneedoree.fr\/wp-content\/uploads\/2025\/12\/butter-brioche-loaf-pack-produit-1-1024x993.png\" class=\"attachment-large size-large wp-post-image\" alt=\"\" loading=\"lazy\" decoding=\"async\" srcset=\"https:\/\/www.lafourneedoree.fr\/wp-content\/uploads\/2025\/12\/butter-brioche-loaf-pack-produit-1-1024x993.png 1024w, https:\/\/www.lafourneedoree.fr\/wp-content\/uploads\/2025\/12\/butter-brioche-loaf-pack-produit-1-300x291.png 300w, https:\/\/www.lafourneedoree.fr\/wp-content\/uploads\/2025\/12\/butter-brioche-loaf-pack-produit-1-768x745.png 768w, https:\/\/www.lafourneedoree.fr\/wp-content\/uploads\/2025\/12\/butter-brioche-loaf-pack-produit-1.png 1267w\" sizes=\"auto, (max-width: 1024px) 100vw, 1024px\" \/><\/span>\r\n\t\t\t\t\t\t\t\t\t\t\t\t  <span class=\"bg-rel-img bg-rel-hover\" aria-hidden=\"true\"><img width=\"608\" height=\"590\" src=\"https:\/\/www.lafourneedoree.fr\/wp-content\/uploads\/2025\/12\/brioche-tressee-au-beurre-ingredients-1.png\" class=\"attachment-large size-large\" alt=\"\" loading=\"lazy\" decoding=\"async\" srcset=\"https:\/\/www.lafourneedoree.fr\/wp-content\/uploads\/2025\/12\/brioche-tressee-au-beurre-ingredients-1.png 608w, https:\/\/www.lafourneedoree.fr\/wp-content\/uploads\/2025\/12\/brioche-tressee-au-beurre-ingredients-1-300x291.png 300w\" sizes=\"auto, (max-width: 608px) 100vw, 608px\" \/><\/span>\r\n\t\t\t\t\t\t\t  <\/span>\r\n\t\t\t  <span class=\"bg-rel-name\">Brioche Tress\u00e9e au Beurre<\/span>\r\n                \t\t\t  \t\t\t<\/a>\r\n\t\t  <\/li>\r\n\t\t      <\/ul>\r\n    <\/section>\r\n    \n<\/div>\n<\/div><\/div>\n<\/div>\n<\/div><\/div>\n\n\n\n<div id=\"wp-block-themeisle-blocks-advanced-columns-c24f46c6\" class=\"wp-block-themeisle-blocks-advanced-columns alignfull has-1-columns has-desktop-equal-layout has-tablet-equal-layout has-mobile-equal-layout has-vertical-unset ticss-89ac11e2\"><div class=\"wp-block-themeisle-blocks-advanced-columns-overlay\"><\/div><div class=\"innerblocks-wrap\">\n<div id=\"wp-block-themeisle-blocks-advanced-column-3bc36067\" class=\"wp-block-themeisle-blocks-advanced-column\">\n<h2 class=\"wp-block-heading has-text-align-center titre-cc has-custom-3-color has-text-color has-link-color wp-elements-ae752e11b715942cd017827b6e32f4c9\">Vous aimerez aussi<\/h2>\n\n\n\n        <section class=\"bg-rel-simple\">\n\n            \n            <ul class=\"bg-rel-grid\">\n\n                \n                    <li class=\"bg-rel-card no-hover \">\n\n                        <a href=\"https:\/\/www.lafourneedoree.fr\/fr-CA\/recettes\/brioche-perdue-au-chocolat-1\/\" class=\"bg-rel-link\">\n\n\t\t\t  <span class=\"bg-rel-figure\">\n\n\t\t\t\t\n                    <span class=\"bg-rel-img bg-rel-main\"><img width=\"365\" height=\"354\" src=\"https:\/\/www.lafourneedoree.fr\/wp-content\/uploads\/2025\/12\/brioche-perdue-chocolat.png\" class=\"bg-rel-thumb\" alt=\"Brioche Perdue Au Chocolat\" loading=\"lazy\" decoding=\"async\" srcset=\"https:\/\/www.lafourneedoree.fr\/wp-content\/uploads\/2025\/12\/brioche-perdue-chocolat.png 365w, https:\/\/www.lafourneedoree.fr\/wp-content\/uploads\/2025\/12\/brioche-perdue-chocolat-300x291.png 300w\" sizes=\"auto, (max-width: 365px) 100vw, 365px\" \/><\/span>\n\n                \n                  \n\t\t\t  <\/span>\n\n                            <span class=\"bg-rel-name\">Brioche Perdue Au Chocolat<\/span>\n\n\n                                                            <hr class=\"separateur\">\n                                <span class=\"bg-rel-meta\">\n\n\t\t\t\t  \n                            <div class=\"recette_picto\">\n                                <span class=\"servings\">\n                                        <div class=\"recette_picto_icon\">\n                                            <span class=\"icon-users icon\"><\/span>\n                                        <\/div>\n                                        2 pers.<\/span>\n                            <\/div>  <div class=\"recette_picto\">\n                                                <div class=\"recette_picto-icon\">\n                                                     <span class=\"icon-clock2 icon\"><\/span>\n                                                <\/div>\n\t\t\t\t                                <span class=\"prep-time\"><time datetime=\"PT15M\">15 min<\/time><\/span>\n\t\t\t\t                            <\/div>       <div class=\"recette_picto\">\n                                                <div class=\"recette_picto-icon\">\n                                                    <span class=\"icon-chapeau-cuisine icon\"><\/span>\n                                                <\/div>\n                                                <span class=\"difficulty\">Facile<\/span>\n                                            <\/div>\n                                            \n\t\t\t\t<\/span>\n\n                            \n                        <\/a>\n\n                    <\/li>\n\n                \n                    <li class=\"bg-rel-card no-hover \">\n\n                        <a href=\"https:\/\/www.lafourneedoree.fr\/fr-CA\/recettes\/brioche-en-tranches-facon-pain-perdu-a-la-confiture-de-poire-vanillee\/\" class=\"bg-rel-link\">\n\n\t\t\t  <span class=\"bg-rel-figure\">\n\n\t\t\t\t\n                    <span class=\"bg-rel-img bg-rel-main\"><img width=\"608\" height=\"590\" src=\"https:\/\/www.lafourneedoree.fr\/wp-content\/uploads\/2025\/11\/13250-recette_brioche-facon-pain-perdu.jpg\" class=\"bg-rel-thumb\" alt=\"Brioche en Tranches fa\u00e7on pain perdu \u00e0 la confiture de poire vanill\u00e9e\" loading=\"lazy\" decoding=\"async\" srcset=\"https:\/\/www.lafourneedoree.fr\/wp-content\/uploads\/2025\/11\/13250-recette_brioche-facon-pain-perdu.jpg 608w, https:\/\/www.lafourneedoree.fr\/wp-content\/uploads\/2025\/11\/13250-recette_brioche-facon-pain-perdu-300x291.jpg 300w\" sizes=\"auto, (max-width: 608px) 100vw, 608px\" \/><\/span>\n\n                \n                  \n\t\t\t  <\/span>\n\n                            <span class=\"bg-rel-name\">Brioche en Tranches fa\u00e7on pain perdu \u00e0 la confiture de poire vanill\u00e9e<\/span>\n\n\n                                                            <hr class=\"separateur\">\n                                <span class=\"bg-rel-meta\">\n\n\t\t\t\t  \n                            <div class=\"recette_picto\">\n                                <span class=\"servings\">\n                                        <div class=\"recette_picto_icon\">\n                                            <span class=\"icon-users icon\"><\/span>\n                                        <\/div>\n                                        4 pers.<\/span>\n                            <\/div>  <div class=\"recette_picto\">\n                                                <div class=\"recette_picto-icon\">\n                                                     <span class=\"icon-clock2 icon\"><\/span>\n                                                <\/div>\n\t\t\t\t                                <span class=\"prep-time\"><time datetime=\"PT40M\">40 min<\/time><\/span>\n\t\t\t\t                            <\/div>       <div class=\"recette_picto\">\n                                                <div class=\"recette_picto-icon\">\n                                                    <span class=\"icon-chapeau-cuisine icon\"><\/span>\n                                                <\/div>\n                                                <span class=\"difficulty\">Facile<\/span>\n                                            <\/div>\n                                            \n\t\t\t\t<\/span>\n\n                            \n                        <\/a>\n\n                    <\/li>\n\n                \n                    <li class=\"bg-rel-card no-hover \">\n\n                        <a href=\"https:\/\/www.lafourneedoree.fr\/fr-CA\/recettes\/sandwich-dejeuner\/\" class=\"bg-rel-link\">\n\n\t\t\t  <span class=\"bg-rel-figure\">\n\n\t\t\t\t\n                    <span class=\"bg-rel-img bg-rel-main\"><img width=\"608\" height=\"590\" src=\"https:\/\/www.lafourneedoree.fr\/wp-content\/uploads\/2025\/12\/brunch-toast-sandwich-1.jpg\" class=\"bg-rel-thumb\" alt=\"Sandwich-d\u00e9jeuner\" loading=\"lazy\" decoding=\"async\" srcset=\"https:\/\/www.lafourneedoree.fr\/wp-content\/uploads\/2025\/12\/brunch-toast-sandwich-1.jpg 608w, https:\/\/www.lafourneedoree.fr\/wp-content\/uploads\/2025\/12\/brunch-toast-sandwich-1-300x291.jpg 300w\" sizes=\"auto, (max-width: 608px) 100vw, 608px\" \/><\/span>\n\n                \n                  \n\t\t\t  <\/span>\n\n                            <span class=\"bg-rel-name\">Sandwich-d\u00e9jeuner<\/span>\n\n\n                                                            <hr class=\"separateur\">\n                                <span class=\"bg-rel-meta\">\n\n\t\t\t\t  \n                            <div class=\"recette_picto\">\n                                <span class=\"servings\">\n                                        <div class=\"recette_picto_icon\">\n                                            <span class=\"icon-users icon\"><\/span>\n                                        <\/div>\n                                        4 pers.<\/span>\n                            <\/div>  <div class=\"recette_picto\">\n                                                <div class=\"recette_picto-icon\">\n                                                     <span class=\"icon-clock2 icon\"><\/span>\n                                                <\/div>\n\t\t\t\t                                <span class=\"prep-time\"><time datetime=\"PT11M\">11 min<\/time><\/span>\n\t\t\t\t                            <\/div>       <div class=\"recette_picto\">\n                                                <div class=\"recette_picto-icon\">\n                                                    <span class=\"icon-chapeau-cuisine icon\"><\/span>\n                                                <\/div>\n                                                <span class=\"difficulty\">Facile<\/span>\n                                            <\/div>\n                                            \n\t\t\t\t<\/span>\n\n                            \n                        <\/a>\n\n                    <\/li>\n\n                \n            <\/ul>\n\n        <\/section>\n\n        \n<\/div>\n<\/div><\/div>\n","protected":false},"featured_media":17105,"parent":0,"template":"","meta":{"_acf_changed":false,"neve_meta_sidebar":"","neve_meta_container":"","neve_meta_enable_content_width":"","neve_meta_content_width":0,"neve_meta_title_alignment":"","neve_meta_author_avatar":"","neve_post_elements_order":"","neve_meta_disable_header":"","neve_meta_disable_footer":"","neve_meta_disable_title":"","neve_meta_reading_time":"","_themeisle_gutenberg_block_has_review":false},"recipe-type":[],"class_list":["post-18518","recipes","type-recipes","status-publish","has-post-thumbnail","hentry"],"acf":[],"yoast_head":"<!-- This site is optimized with the Yoast SEO plugin v27.3 - https:\/\/yoast.com\/product\/yoast-seo-wordpress\/ -->\n<title>Brioche fa\u00e7on Gaufres au Chocolat - La Fourn\u00e9e Dor\u00e9e - La saveur retrouv\u00e9e<\/title>\n<meta name=\"robots\" content=\"index, follow, max-snippet:-1, max-image-preview:large, max-video-preview:-1\" \/>\n<link rel=\"canonical\" href=\"https:\/\/www.lafourneedoree.fr\/fr-CA\/recettes\/brioche-facon-gaufres-au-chocolat\/\" \/>\n<meta property=\"og:locale\" content=\"en_US\" \/>\n<meta property=\"og:type\" content=\"article\" \/>\n<meta property=\"og:title\" content=\"Brioche fa\u00e7on Gaufres au Chocolat - La Fourn\u00e9e Dor\u00e9e - La saveur retrouv\u00e9e\" \/>\n<meta property=\"og:url\" content=\"https:\/\/www.lafourneedoree.fr\/fr-CA\/recettes\/brioche-facon-gaufres-au-chocolat\/\" \/>\n<meta property=\"og:site_name\" content=\"La Fourn\u00e9e Dor\u00e9e - La saveur retrouv\u00e9e\" \/>\n<meta property=\"article:modified_time\" content=\"2026-01-23T13:14:12+00:00\" \/>\n<meta property=\"og:image\" content=\"https:\/\/www.lafourneedoree.fr\/wp-content\/uploads\/2026\/01\/chocolate-waffles.png\" \/>\n\t<meta property=\"og:image:width\" content=\"1080\" \/>\n\t<meta property=\"og:image:height\" content=\"1080\" \/>\n\t<meta property=\"og:image:type\" content=\"image\/png\" \/>\n<meta name=\"twitter:card\" content=\"summary_large_image\" \/>\n<meta name=\"twitter:label1\" content=\"Est. reading time\" \/>\n\t<meta name=\"twitter:data1\" content=\"2 minutes\" \/>\n<script type=\"application\/ld+json\" class=\"yoast-schema-graph\">{\"@context\":\"https:\\\/\\\/schema.org\",\"@graph\":[{\"@type\":\"WebPage\",\"@id\":\"https:\\\/\\\/www.lafourneedoree.fr\\\/fr-CA\\\/recettes\\\/brioche-facon-gaufres-au-chocolat\\\/\",\"url\":\"https:\\\/\\\/www.lafourneedoree.fr\\\/fr-CA\\\/recettes\\\/brioche-facon-gaufres-au-chocolat\\\/\",\"name\":\"Brioche fa\u00e7on Gaufres au Chocolat - La Fourn\u00e9e Dor\u00e9e - La saveur retrouv\u00e9e\",\"isPartOf\":{\"@id\":\"https:\\\/\\\/www.lafourneedoree.fr\\\/#website\"},\"primaryImageOfPage\":{\"@id\":\"https:\\\/\\\/www.lafourneedoree.fr\\\/fr-CA\\\/recettes\\\/brioche-facon-gaufres-au-chocolat\\\/#primaryimage\"},\"image\":{\"@id\":\"https:\\\/\\\/www.lafourneedoree.fr\\\/fr-CA\\\/recettes\\\/brioche-facon-gaufres-au-chocolat\\\/#primaryimage\"},\"thumbnailUrl\":\"https:\\\/\\\/www.lafourneedoree.fr\\\/wp-content\\\/uploads\\\/2026\\\/01\\\/chocolate-waffles.png\",\"datePublished\":\"2026-01-19T10:00:56+00:00\",\"dateModified\":\"2026-01-23T13:14:12+00:00\",\"breadcrumb\":{\"@id\":\"https:\\\/\\\/www.lafourneedoree.fr\\\/fr-CA\\\/recettes\\\/brioche-facon-gaufres-au-chocolat\\\/#breadcrumb\"},\"inLanguage\":\"ca-FR\",\"potentialAction\":[{\"@type\":\"ReadAction\",\"target\":[\"https:\\\/\\\/www.lafourneedoree.fr\\\/fr-CA\\\/recettes\\\/brioche-facon-gaufres-au-chocolat\\\/\"]}]},{\"@type\":\"ImageObject\",\"inLanguage\":\"ca-FR\",\"@id\":\"https:\\\/\\\/www.lafourneedoree.fr\\\/fr-CA\\\/recettes\\\/brioche-facon-gaufres-au-chocolat\\\/#primaryimage\",\"url\":\"https:\\\/\\\/www.lafourneedoree.fr\\\/wp-content\\\/uploads\\\/2026\\\/01\\\/chocolate-waffles.png\",\"contentUrl\":\"https:\\\/\\\/www.lafourneedoree.fr\\\/wp-content\\\/uploads\\\/2026\\\/01\\\/chocolate-waffles.png\",\"width\":1080,\"height\":1080},{\"@type\":\"BreadcrumbList\",\"@id\":\"https:\\\/\\\/www.lafourneedoree.fr\\\/fr-CA\\\/recettes\\\/brioche-facon-gaufres-au-chocolat\\\/#breadcrumb\",\"itemListElement\":[{\"@type\":\"ListItem\",\"position\":1,\"name\":\"La Fourn\u00e9e Dor\u00e9e\",\"item\":\"https:\\\/\\\/www.lafourneedoree.fr\\\/fr-CA\\\/\"},{\"@type\":\"ListItem\",\"position\":2,\"name\":\"Brioche fa\u00e7on Gaufres au Chocolat\"}]},{\"@type\":\"WebSite\",\"@id\":\"https:\\\/\\\/www.lafourneedoree.fr\\\/#website\",\"url\":\"https:\\\/\\\/www.lafourneedoree.fr\\\/\",\"name\":\"La Fourn\u00e9e Dor\u00e9e - La saveur retrouv\u00e9e\",\"description\":\"\",\"potentialAction\":[{\"@type\":\"SearchAction\",\"target\":{\"@type\":\"EntryPoint\",\"urlTemplate\":\"https:\\\/\\\/www.lafourneedoree.fr\\\/?s={search_term_string}\"},\"query-input\":{\"@type\":\"PropertyValueSpecification\",\"valueRequired\":true,\"valueName\":\"search_term_string\"}}],\"inLanguage\":\"ca-FR\"}]}<\/script>\n<!-- \/ Yoast SEO plugin. -->","yoast_head_json":{"title":"Brioche fa\u00e7on Gaufres au Chocolat - La Fourn\u00e9e Dor\u00e9e - La saveur retrouv\u00e9e","robots":{"index":"index","follow":"follow","max-snippet":"max-snippet:-1","max-image-preview":"max-image-preview:large","max-video-preview":"max-video-preview:-1"},"canonical":"https:\/\/www.lafourneedoree.fr\/fr-CA\/recettes\/brioche-facon-gaufres-au-chocolat\/","og_locale":"en_US","og_type":"article","og_title":"Brioche fa\u00e7on Gaufres au Chocolat - La Fourn\u00e9e Dor\u00e9e - La saveur retrouv\u00e9e","og_url":"https:\/\/www.lafourneedoree.fr\/fr-CA\/recettes\/brioche-facon-gaufres-au-chocolat\/","og_site_name":"La Fourn\u00e9e Dor\u00e9e - La saveur retrouv\u00e9e","article_modified_time":"2026-01-23T13:14:12+00:00","og_image":[{"width":1080,"height":1080,"url":"https:\/\/www.lafourneedoree.fr\/wp-content\/uploads\/2026\/01\/chocolate-waffles.png","type":"image\/png"}],"twitter_card":"summary_large_image","twitter_misc":{"Est. reading time":"2 minutes"},"schema":{"@context":"https:\/\/schema.org","@graph":[{"@type":"WebPage","@id":"https:\/\/www.lafourneedoree.fr\/fr-CA\/recettes\/brioche-facon-gaufres-au-chocolat\/","url":"https:\/\/www.lafourneedoree.fr\/fr-CA\/recettes\/brioche-facon-gaufres-au-chocolat\/","name":"Brioche fa\u00e7on Gaufres au Chocolat - La Fourn\u00e9e Dor\u00e9e - La saveur retrouv\u00e9e","isPartOf":{"@id":"https:\/\/www.lafourneedoree.fr\/#website"},"primaryImageOfPage":{"@id":"https:\/\/www.lafourneedoree.fr\/fr-CA\/recettes\/brioche-facon-gaufres-au-chocolat\/#primaryimage"},"image":{"@id":"https:\/\/www.lafourneedoree.fr\/fr-CA\/recettes\/brioche-facon-gaufres-au-chocolat\/#primaryimage"},"thumbnailUrl":"https:\/\/www.lafourneedoree.fr\/wp-content\/uploads\/2026\/01\/chocolate-waffles.png","datePublished":"2026-01-19T10:00:56+00:00","dateModified":"2026-01-23T13:14:12+00:00","breadcrumb":{"@id":"https:\/\/www.lafourneedoree.fr\/fr-CA\/recettes\/brioche-facon-gaufres-au-chocolat\/#breadcrumb"},"inLanguage":"ca-FR","potentialAction":[{"@type":"ReadAction","target":["https:\/\/www.lafourneedoree.fr\/fr-CA\/recettes\/brioche-facon-gaufres-au-chocolat\/"]}]},{"@type":"ImageObject","inLanguage":"ca-FR","@id":"https:\/\/www.lafourneedoree.fr\/fr-CA\/recettes\/brioche-facon-gaufres-au-chocolat\/#primaryimage","url":"https:\/\/www.lafourneedoree.fr\/wp-content\/uploads\/2026\/01\/chocolate-waffles.png","contentUrl":"https:\/\/www.lafourneedoree.fr\/wp-content\/uploads\/2026\/01\/chocolate-waffles.png","width":1080,"height":1080},{"@type":"BreadcrumbList","@id":"https:\/\/www.lafourneedoree.fr\/fr-CA\/recettes\/brioche-facon-gaufres-au-chocolat\/#breadcrumb","itemListElement":[{"@type":"ListItem","position":1,"name":"La Fourn\u00e9e Dor\u00e9e","item":"https:\/\/www.lafourneedoree.fr\/fr-CA\/"},{"@type":"ListItem","position":2,"name":"Brioche fa\u00e7on Gaufres au Chocolat"}]},{"@type":"WebSite","@id":"https:\/\/www.lafourneedoree.fr\/#website","url":"https:\/\/www.lafourneedoree.fr\/","name":"La Fourn\u00e9e Dor\u00e9e - La saveur retrouv\u00e9e","description":"","potentialAction":[{"@type":"SearchAction","target":{"@type":"EntryPoint","urlTemplate":"https:\/\/www.lafourneedoree.fr\/?s={search_term_string}"},"query-input":{"@type":"PropertyValueSpecification","valueRequired":true,"valueName":"search_term_string"}}],"inLanguage":"ca-FR"}]}},"_links":{"self":[{"href":"https:\/\/www.lafourneedoree.fr\/fr-CA\/wp-json\/wp\/v2\/recipes\/18518","targetHints":{"allow":["GET"]}}],"collection":[{"href":"https:\/\/www.lafourneedoree.fr\/fr-CA\/wp-json\/wp\/v2\/recipes"}],"about":[{"href":"https:\/\/www.lafourneedoree.fr\/fr-CA\/wp-json\/wp\/v2\/types\/recipes"}],"wp:featuredmedia":[{"embeddable":true,"href":"https:\/\/www.lafourneedoree.fr\/fr-CA\/wp-json\/wp\/v2\/media\/17105"}],"wp:attachment":[{"href":"https:\/\/www.lafourneedoree.fr\/fr-CA\/wp-json\/wp\/v2\/media?parent=18518"}],"wp:term":[{"taxonomy":"recipe-type","embeddable":true,"href":"https:\/\/www.lafourneedoree.fr\/fr-CA\/wp-json\/wp\/v2\/recipe-type?post=18518"}],"curies":[{"name":"wp","href":"https:\/\/api.w.org\/{rel}","templated":true}]}}