{"id":18520,"date":"2026-01-19T11:05:28","date_gmt":"2026-01-19T10:05:28","guid":{"rendered":"http:\/\/preprod.lafourneedoree.fr\/?post_type=recipes&#038;p=18520"},"modified":"2026-01-28T06:01:51","modified_gmt":"2026-01-28T05:01:51","slug":"brioche-gourmande-chocolat-et-creme-glacee-a-la-vanille","status":"publish","type":"recipes","link":"https:\/\/www.lafourneedoree.fr\/fr-CA\/recettes\/brioche-gourmande-chocolat-et-creme-glacee-a-la-vanille\/","title":{"rendered":"Brioche gourmande chocolat et cr\u00e8me glac\u00e9e \u00e0 la vanille"},"content":{"rendered":"\n<div id=\"wp-block-themeisle-blocks-advanced-columns-b9cb080e\" class=\"wp-block-themeisle-blocks-advanced-columns alignfull has-1-columns has-desktop-equal-layout has-tablet-equal-layout has-mobile-equal-layout has-vertical-unset\"><div class=\"wp-block-themeisle-blocks-advanced-columns-overlay\"><\/div><div class=\"innerblocks-wrap\">\n<div id=\"wp-block-themeisle-blocks-advanced-column-66cec8b6\" class=\"wp-block-themeisle-blocks-advanced-column\"><div class=\"yoast-breadcrumbs ticss-2838c4d8\"><span><span><a href=\"https:\/\/www.lafourneedoree.fr\/fr-CA\/\">La Fourn\u00e9e Dor\u00e9e<\/a><\/span> \u00bb <span class=\"breadcrumb_last\" aria-current=\"page\">Brioche gourmande chocolat et cr\u00e8me glac\u00e9e \u00e0 la vanille<\/span><\/span><\/div>\n\n\n<div id=\"wp-block-themeisle-blocks-advanced-columns-8097b5d5\" class=\"wp-block-themeisle-blocks-advanced-columns has-2-columns has-desktop-oneTwo-layout has-tablet-equal-layout has-mobile-collapsedRows-layout has-reverse-columns-mobile has-vertical-unset\"><div class=\"wp-block-themeisle-blocks-advanced-columns-overlay\"><\/div><div class=\"innerblocks-wrap\">\n<div id=\"wp-block-themeisle-blocks-advanced-column-06625f8f\" class=\"wp-block-themeisle-blocks-advanced-column ticss-bf70e9dc\">\n<div id=\"wp-block-themeisle-blocks-advanced-columns-344832dd\" class=\"wp-block-themeisle-blocks-advanced-columns has-1-columns has-desktop-equal-layout has-tablet-equal-layout hide-in-mobile has-vertical-unset\"><div class=\"wp-block-themeisle-blocks-advanced-columns-overlay\"><\/div><div class=\"innerblocks-wrap\">\n<div id=\"wp-block-themeisle-blocks-advanced-column-94732394\" class=\"wp-block-themeisle-blocks-advanced-column\">\n<figure class=\"wp-block-image size-full is-resized\"><img loading=\"lazy\" decoding=\"async\" width=\"2500\" height=\"1875\" src=\"https:\/\/www.lafourneedoree.fr\/wp-content\/uploads\/2026\/01\/RECETTE-BRIOCHE-TOAST-SUCRE-BD-1.jpg\" alt=\"\" class=\"wp-image-19173\" style=\"width:600px\" srcset=\"https:\/\/www.lafourneedoree.fr\/wp-content\/uploads\/2026\/01\/RECETTE-BRIOCHE-TOAST-SUCRE-BD-1.jpg 2500w, https:\/\/www.lafourneedoree.fr\/wp-content\/uploads\/2026\/01\/RECETTE-BRIOCHE-TOAST-SUCRE-BD-1-300x225.jpg 300w, https:\/\/www.lafourneedoree.fr\/wp-content\/uploads\/2026\/01\/RECETTE-BRIOCHE-TOAST-SUCRE-BD-1-1024x768.jpg 1024w, https:\/\/www.lafourneedoree.fr\/wp-content\/uploads\/2026\/01\/RECETTE-BRIOCHE-TOAST-SUCRE-BD-1-768x576.jpg 768w, https:\/\/www.lafourneedoree.fr\/wp-content\/uploads\/2026\/01\/RECETTE-BRIOCHE-TOAST-SUCRE-BD-1-1536x1152.jpg 1536w, https:\/\/www.lafourneedoree.fr\/wp-content\/uploads\/2026\/01\/RECETTE-BRIOCHE-TOAST-SUCRE-BD-1-2048x1536.jpg 2048w\" sizes=\"auto, (max-width: 2500px) 100vw, 2500px\" \/><\/figure>\n<\/div>\n<\/div><\/div>\n<\/div>\n\n\n\n<div id=\"wp-block-themeisle-blocks-advanced-column-dc2fc8c1\" class=\"wp-block-themeisle-blocks-advanced-column ticss-97586afe\">\n<div id=\"wp-block-themeisle-blocks-advanced-columns-7a998239\" class=\"wp-block-themeisle-blocks-advanced-columns has-1-columns has-desktop-equal-layout has-tablet-equal-layout has-mobile-equal-layout has-vertical-unset\"><div class=\"wp-block-themeisle-blocks-advanced-columns-overlay\"><\/div><div class=\"innerblocks-wrap\">\n<div id=\"wp-block-themeisle-blocks-advanced-column-6166fc40\" class=\"wp-block-themeisle-blocks-advanced-column\">\n<h1 id=\"wp-block-themeisle-blocks-advanced-heading-219f9de1\" class=\"wp-block-themeisle-blocks-advanced-heading wp-block-themeisle-blocks-advanced-heading-219f9de1\">Brioche gourmande chocolat et cr\u00e8me glac\u00e9e \u00e0 la vanille<\/h1>\n\n\n\n<div id=\"wp-block-themeisle-blocks-advanced-columns-8975ffaf\" class=\"wp-block-themeisle-blocks-advanced-columns has-1-columns has-mobile-equal-layout hide-in-desktop hide-in-tablet has-vertical-unset\"><div class=\"wp-block-themeisle-blocks-advanced-columns-overlay\"><\/div><div class=\"innerblocks-wrap\">\n<div id=\"wp-block-themeisle-blocks-advanced-column-87d2b03d\" class=\"wp-block-themeisle-blocks-advanced-column\">\n<figure class=\"wp-block-image size-full is-resized\"><img loading=\"lazy\" decoding=\"async\" width=\"2500\" height=\"1875\" src=\"https:\/\/www.lafourneedoree.fr\/wp-content\/uploads\/2026\/01\/RECETTE-BRIOCHE-TOAST-SUCRE-BD-1.jpg\" alt=\"\" class=\"wp-image-19173\" style=\"width:600px\" srcset=\"https:\/\/www.lafourneedoree.fr\/wp-content\/uploads\/2026\/01\/RECETTE-BRIOCHE-TOAST-SUCRE-BD-1.jpg 2500w, https:\/\/www.lafourneedoree.fr\/wp-content\/uploads\/2026\/01\/RECETTE-BRIOCHE-TOAST-SUCRE-BD-1-300x225.jpg 300w, https:\/\/www.lafourneedoree.fr\/wp-content\/uploads\/2026\/01\/RECETTE-BRIOCHE-TOAST-SUCRE-BD-1-1024x768.jpg 1024w, https:\/\/www.lafourneedoree.fr\/wp-content\/uploads\/2026\/01\/RECETTE-BRIOCHE-TOAST-SUCRE-BD-1-768x576.jpg 768w, https:\/\/www.lafourneedoree.fr\/wp-content\/uploads\/2026\/01\/RECETTE-BRIOCHE-TOAST-SUCRE-BD-1-1536x1152.jpg 1536w, https:\/\/www.lafourneedoree.fr\/wp-content\/uploads\/2026\/01\/RECETTE-BRIOCHE-TOAST-SUCRE-BD-1-2048x1536.jpg 2048w\" sizes=\"auto, (max-width: 2500px) 100vw, 2500px\" \/><\/figure>\n<\/div>\n<\/div><\/div>\n\n\n\n\n\n\n<div style=\"height:20px\" aria-hidden=\"true\" class=\"wp-block-spacer\"><\/div>\n\n\n\n<div id=\"wp-block-themeisle-blocks-button-group-37365f0e\" class=\"wp-block-themeisle-blocks-button-group wp-block-buttons align-center-mobile\">\n<div id=\"wp-block-themeisle-blocks-button-dcd7150a\" class=\"wp-block-themeisle-blocks-button wp-block-button js-make-pdf\"><a target=\"_self\" rel=\"noopener noreferrer\" class=\"wp-block-button__link\"><span>Imprimer la recette<\/span><\/a><\/div>\n<\/div>\n<\/div>\n<\/div><\/div>\n\n\n\n<div id=\"wp-block-themeisle-blocks-advanced-columns-dc04d5ec\" class=\"wp-block-themeisle-blocks-advanced-columns has-1-columns has-desktop-equal-layout has-tablet-equal-layout has-mobile-equal-layout has-vertical-unset has-light-bg\"><div class=\"wp-block-themeisle-blocks-advanced-columns-overlay\"><\/div><div class=\"innerblocks-wrap\">\n<div id=\"wp-block-themeisle-blocks-advanced-column-fb8ca843\" class=\"wp-block-themeisle-blocks-advanced-column\">\n<span id=\"wp-block-themeisle-blocks-advanced-heading-89222245\" class=\"wp-block-themeisle-blocks-advanced-heading wp-block-themeisle-blocks-advanced-heading-89222245 arial-rounded\">Ingr\u00e9dients<\/span>\n\n\n\n<p class=\"has-neve-link-color-color has-text-color has-link-color has-medium-font-size wp-elements-45a5d3caac930bd66c2bf322f84f7ecb\"><strong>Pour la confiture :<\/strong><\/p>\n\n\n\n<ul class=\"wp-block-list\">\n<li class=\"has-neve-link-color-color has-text-color has-link-color wp-elements-fc3f5bed05074919d97cfccc5821dc9b\" style=\"font-size:20px\">4 belles poires Abate<\/li>\n\n\n\n<li class=\"has-neve-link-color-color has-text-color has-link-color wp-elements-68fe96a476d0976287298da02d573ceb\" style=\"font-size:20px\">400g de viande de boeuf hach\u00e9<\/li>\n\n\n\n<li class=\"has-neve-link-color-color has-text-color has-link-color wp-elements-6ee275cf072045985c41005f74121f4a\" style=\"font-size:20px\">1\/2 gousse de vanille<\/li>\n\n\n\n<li class=\"has-neve-link-color-color has-text-color has-link-color wp-elements-8c4f11fdee7fec70e3cb43f12e9849b2\" style=\"font-size:20px\">Jus d\u2019un demi-citron<\/li>\n\n\n\n<li class=\"has-neve-link-color-color has-text-color has-link-color wp-elements-c5b38be506ecfb61af23b98123fc97c0\" style=\"font-size:20px\">2 cuill\u00e8res \u00e0 soupe de sucre glace<\/li>\n<\/ul>\n\n\n\n<p class=\"has-neve-link-color-color has-text-color has-link-color has-medium-font-size wp-elements-c9d97b693924b06028d66e76eefecca2\"><strong>Pour la G\u00e2che fa\u00e7on pain perdu :<\/strong><\/p>\n\n\n\n<ul class=\"wp-block-list\">\n<li class=\"has-neve-link-color-color has-text-color has-link-color wp-elements-ecf82c1b0097a1b18eb9ab70ae83004d\" style=\"font-size:20px\">4 tranches de G\u00e2che La Fourn\u00e9e Dor\u00e9e<\/li>\n\n\n\n<li class=\"has-neve-link-color-color has-text-color has-link-color wp-elements-9f2ac0e9464fda7fb8db279168dc7697\" style=\"font-size:20px\">1 poire Abate<\/li>\n\n\n\n<li class=\"has-neve-link-color-color has-text-color has-link-color wp-elements-be15416463eb9ed6d036b285505f37bc\" style=\"font-size:20px\">2 \u0153ufs<\/li>\n\n\n\n<li class=\"has-neve-link-color-color has-text-color has-link-color wp-elements-927d6ec1c47fec9e33bb1734f4efae45\" style=\"font-size:20px\">30g de sucre<\/li>\n\n\n\n<li class=\"has-neve-link-color-color has-text-color has-link-color wp-elements-5175ca4b7e945ca656cb48f9d4e8f071\" style=\"font-size:20px\">10cl de lait<\/li>\n\n\n\n<li class=\"has-neve-link-color-color has-text-color has-link-color wp-elements-7df947b1123890c31dc5fa0d43f3599e\" style=\"font-size:20px\">10cl de cr\u00e8me liquide<\/li>\n\n\n\n<li class=\"has-neve-link-color-color has-text-color has-link-color wp-elements-471c93c870278972d97127833eda73b3\" style=\"font-size:20px\">10g de beurre<\/li>\n\n\n\n<li class=\"has-neve-link-color-color has-text-color has-link-color wp-elements-239f5ff6e35db0a995d12db1af09f5f0\" style=\"font-size:20px\">1\/2 cuill\u00e8re \u00e0 caf\u00e9 de vanille en poudre<\/li>\n<\/ul>\n<\/div>\n<\/div><\/div>\n\n\n\n<div id=\"wp-block-themeisle-blocks-advanced-columns-a33d74fe\" class=\"wp-block-themeisle-blocks-advanced-columns has-1-columns has-desktop-equal-layout has-tablet-equal-layout has-mobile-equal-layout has-vertical-unset\"><div class=\"wp-block-themeisle-blocks-advanced-columns-overlay\"><\/div><div class=\"innerblocks-wrap\">\n<div id=\"wp-block-themeisle-blocks-advanced-column-2cdc147c\" class=\"wp-block-themeisle-blocks-advanced-column\">\n<span id=\"wp-block-themeisle-blocks-advanced-heading-68dfe006\" class=\"wp-block-themeisle-blocks-advanced-heading wp-block-themeisle-blocks-advanced-heading-68dfe006 arial-rounded\">Pr\u00e9paration<\/span>\n\n\n\n<ul class=\"wp-block-list\">\n<li class=\"has-neve-link-color-color has-text-color has-link-color wp-elements-ac26b106abf1720261e0891ad70eb4df\" style=\"font-size:20px\">Pour la confiture, \u00e9plucher, \u00e9p\u00e9piner et couper les poires en petits morceaux, puis arroser-les du jus d\u2019un demi-citron (pour \u00e9viter qu\u2019elles noircissent).<\/li>\n\n\n\n<li class=\"has-neve-link-color-color has-text-color has-link-color wp-elements-8d5bbdd3b53638f4cabe5722600a3b59\" style=\"font-size:20px\">Faire caram\u00e9liser le sucre dans une casserole puis ajouter les poires et la gousse de vanille coup\u00e9e dans le sens de la longueur. M\u00e9langer r\u00e9guli\u00e8rement pendant une trentaine de minutes \u00e0 feu doux. Laisser refroidir. R\u00e9server<\/li>\n\n\n\n<li class=\"has-neve-link-color-color has-text-color has-link-color wp-elements-9d22b0a9e84d9793e5f1b3fe822a1d06\" style=\"font-size:20px\">Pour la G\u00e2che fa\u00e7on pain perdu, m\u00e9langer dans un grand bol les \u0153ufs, le sucre, le lait et la cr\u00e8me liquide, sans oublier la vanille en poudre. Plonger les tranches de G\u00e2che dans le bol et veiller \u00e0 bien les imbiber. Dans une po\u00eale, faire fondre le beurre et faire cuire les tranches de G\u00e2che 3 \u00e0 4 minutes de chaque c\u00f4t\u00e9.<\/li>\n\n\n\n<li class=\"has-neve-link-color-color has-text-color has-link-color wp-elements-d23391581c488539909fc04041953e4d\" style=\"font-size:20px\">Avant de servir, d\u00e9couper la poire \u00e9pluch\u00e9e en quatre morceaux.<\/li>\n\n\n\n<li class=\"has-neve-link-color-color has-text-color has-link-color wp-elements-336eb74f4a9163e8b188632143b8f89d\" style=\"font-size:20px\">Dans chaque assiette, dresser une tranche de G\u00e2che chaude, ajouter la confiture de poire vanill\u00e9e ti\u00e8de et d\u00e9poser un quartier de poire fra\u00eeche. Servir.<br><\/li>\n<\/ul>\n\n\n\n<p class=\"has-text-align-center has-custom-3-color has-text-color has-link-color has-large-font-size wp-elements-f8cfb8cf5607d48b99740c40589f8ce0\"><strong>Bon app\u00e9tit !<\/strong><\/p>\n<\/div>\n<\/div><\/div>\n<\/div>\n<\/div><\/div>\n<\/div>\n<\/div><\/div>\n\n\n\n<div id=\"wp-block-themeisle-blocks-advanced-columns-c8025a9b\" class=\"wp-block-themeisle-blocks-advanced-columns alignfull has-1-columns has-desktop-equal-layout has-tablet-equal-layout has-mobile-equal-layout has-vertical-unset recipe-video\"><div class=\"wp-block-themeisle-blocks-advanced-columns-overlay\"><\/div><div class=\"innerblocks-wrap\">\n<div id=\"wp-block-themeisle-blocks-advanced-column-3210a02d\" class=\"wp-block-themeisle-blocks-advanced-column\">\n<div id=\"wp-block-themeisle-blocks-advanced-columns-62c07bb3\" class=\"wp-block-themeisle-blocks-advanced-columns has-1-columns has-desktop-equal-layout has-tablet-equal-layout has-mobile-equal-layout has-vertical-unset\"><div class=\"wp-block-themeisle-blocks-advanced-columns-overlay\"><\/div><div class=\"innerblocks-wrap\">\n<div id=\"wp-block-themeisle-blocks-advanced-column-42ffc874\" class=\"wp-block-themeisle-blocks-advanced-column\">\n<h2 id=\"wp-block-themeisle-blocks-advanced-heading-fac0fb6e\" class=\"wp-block-themeisle-blocks-advanced-heading wp-block-themeisle-blocks-advanced-heading-fac0fb6e titre-cc ticss-fac0fb6e\">Recette r\u00e9alisable avec<\/h2>\n\n\n    <section class=\"bg-rel-simple\">\r\n            <ul class=\"bg-rel-grid\">\r\n        \t\t  <li class=\"bg-rel-card has-hover\">\r\n\t\t\t<a href=\"https:\/\/www.lafourneedoree.fr\/fr-CA\/produit\/brioche-tressee-au-beurre\/\" class=\"bg-rel-link\">\r\n\t\t\t  <span class=\"bg-rel-figure\">\r\n\t\t\t\t\t\t\t\t  <span class=\"bg-rel-img bg-rel-main\"><img width=\"1024\" height=\"993\" src=\"https:\/\/www.lafourneedoree.fr\/wp-content\/uploads\/2025\/12\/butter-brioche-loaf-pack-produit-1-1024x993.png\" class=\"attachment-large size-large wp-post-image\" alt=\"\" loading=\"lazy\" decoding=\"async\" srcset=\"https:\/\/www.lafourneedoree.fr\/wp-content\/uploads\/2025\/12\/butter-brioche-loaf-pack-produit-1-1024x993.png 1024w, https:\/\/www.lafourneedoree.fr\/wp-content\/uploads\/2025\/12\/butter-brioche-loaf-pack-produit-1-300x291.png 300w, https:\/\/www.lafourneedoree.fr\/wp-content\/uploads\/2025\/12\/butter-brioche-loaf-pack-produit-1-768x745.png 768w, https:\/\/www.lafourneedoree.fr\/wp-content\/uploads\/2025\/12\/butter-brioche-loaf-pack-produit-1.png 1267w\" sizes=\"auto, (max-width: 1024px) 100vw, 1024px\" \/><\/span>\r\n\t\t\t\t\t\t\t\t\t\t\t\t  <span class=\"bg-rel-img bg-rel-hover\" aria-hidden=\"true\"><img width=\"608\" height=\"590\" src=\"https:\/\/www.lafourneedoree.fr\/wp-content\/uploads\/2025\/12\/brioche-tressee-au-beurre-ingredients-1.png\" class=\"attachment-large size-large\" alt=\"\" loading=\"lazy\" decoding=\"async\" srcset=\"https:\/\/www.lafourneedoree.fr\/wp-content\/uploads\/2025\/12\/brioche-tressee-au-beurre-ingredients-1.png 608w, https:\/\/www.lafourneedoree.fr\/wp-content\/uploads\/2025\/12\/brioche-tressee-au-beurre-ingredients-1-300x291.png 300w\" sizes=\"auto, (max-width: 608px) 100vw, 608px\" \/><\/span>\r\n\t\t\t\t\t\t\t  <\/span>\r\n\t\t\t  <span class=\"bg-rel-name\">Brioche Tress\u00e9e au Beurre<\/span>\r\n                \t\t\t  \t\t\t<\/a>\r\n\t\t  <\/li>\r\n\t\t\t\t  <li class=\"bg-rel-card has-hover\">\r\n\t\t\t<a href=\"https:\/\/www.lafourneedoree.fr\/fr-CA\/produit\/brioche-en-tranches\/\" class=\"bg-rel-link\">\r\n\t\t\t  <span class=\"bg-rel-figure\">\r\n\t\t\t\t\t\t\t\t  <span class=\"bg-rel-img bg-rel-main\"><img width=\"1024\" height=\"993\" src=\"https:\/\/www.lafourneedoree.fr\/wp-content\/uploads\/2025\/12\/sliced-brioche-pack-produit-1-1024x993.png\" class=\"attachment-large size-large wp-post-image\" alt=\"\" loading=\"lazy\" decoding=\"async\" srcset=\"https:\/\/www.lafourneedoree.fr\/wp-content\/uploads\/2025\/12\/sliced-brioche-pack-produit-1-1024x993.png 1024w, https:\/\/www.lafourneedoree.fr\/wp-content\/uploads\/2025\/12\/sliced-brioche-pack-produit-1-300x291.png 300w, https:\/\/www.lafourneedoree.fr\/wp-content\/uploads\/2025\/12\/sliced-brioche-pack-produit-1-768x745.png 768w, https:\/\/www.lafourneedoree.fr\/wp-content\/uploads\/2025\/12\/sliced-brioche-pack-produit-1.png 1267w\" sizes=\"auto, (max-width: 1024px) 100vw, 1024px\" \/><\/span>\r\n\t\t\t\t\t\t\t\t\t\t\t\t  <span class=\"bg-rel-img bg-rel-hover\" aria-hidden=\"true\"><img width=\"608\" height=\"590\" src=\"https:\/\/www.lafourneedoree.fr\/wp-content\/uploads\/2025\/12\/sliced-brioche-loaf-ingredients.png\" class=\"attachment-large size-large\" alt=\"\" loading=\"lazy\" decoding=\"async\" srcset=\"https:\/\/www.lafourneedoree.fr\/wp-content\/uploads\/2025\/12\/sliced-brioche-loaf-ingredients.png 608w, https:\/\/www.lafourneedoree.fr\/wp-content\/uploads\/2025\/12\/sliced-brioche-loaf-ingredients-300x291.png 300w\" sizes=\"auto, (max-width: 608px) 100vw, 608px\" \/><\/span>\r\n\t\t\t\t\t\t\t  <\/span>\r\n\t\t\t  <span class=\"bg-rel-name\">Brioche en tranches<\/span>\r\n                \t\t\t  \t\t\t<\/a>\r\n\t\t  <\/li>\r\n\t\t      <\/ul>\r\n    <\/section>\r\n    \n<\/div>\n<\/div><\/div>\n<\/div>\n<\/div><\/div>\n\n\n\n<div id=\"wp-block-themeisle-blocks-advanced-columns-c24f46c6\" class=\"wp-block-themeisle-blocks-advanced-columns alignfull has-1-columns has-desktop-equal-layout has-tablet-equal-layout has-mobile-equal-layout has-vertical-unset ticss-89ac11e2\"><div class=\"wp-block-themeisle-blocks-advanced-columns-overlay\"><\/div><div class=\"innerblocks-wrap\">\n<div id=\"wp-block-themeisle-blocks-advanced-column-3bc36067\" class=\"wp-block-themeisle-blocks-advanced-column\">\n<h2 class=\"wp-block-heading has-text-align-center titre-cc has-custom-3-color has-text-color has-link-color wp-elements-ae752e11b715942cd017827b6e32f4c9\">Vous aimerez aussi<\/h2>\n\n\n\n        <section class=\"bg-rel-simple\">\n\n            \n            <ul class=\"bg-rel-grid\">\n\n                \n                    <li class=\"bg-rel-card no-hover \">\n\n                        <a href=\"https:\/\/www.lafourneedoree.fr\/fr-CA\/recettes\/brioche-dejeuner-tranchee\/\" class=\"bg-rel-link\">\n\n\t\t\t  <span class=\"bg-rel-figure\">\n\n\t\t\t\t\n                    <span class=\"bg-rel-img bg-rel-main\"><img width=\"1024\" height=\"1024\" src=\"https:\/\/www.lafourneedoree.fr\/wp-content\/uploads\/2026\/01\/breakfast-brioche-1024x1024.png\" class=\"bg-rel-thumb\" alt=\"Brioche d\u00e9jeuner tranch\u00e9e\" loading=\"lazy\" decoding=\"async\" srcset=\"https:\/\/www.lafourneedoree.fr\/wp-content\/uploads\/2026\/01\/breakfast-brioche-1024x1024.png 1024w, https:\/\/www.lafourneedoree.fr\/wp-content\/uploads\/2026\/01\/breakfast-brioche-300x300.png 300w, https:\/\/www.lafourneedoree.fr\/wp-content\/uploads\/2026\/01\/breakfast-brioche-150x150.png 150w, https:\/\/www.lafourneedoree.fr\/wp-content\/uploads\/2026\/01\/breakfast-brioche-768x768.png 768w, https:\/\/www.lafourneedoree.fr\/wp-content\/uploads\/2026\/01\/breakfast-brioche-650x650.png 650w, https:\/\/www.lafourneedoree.fr\/wp-content\/uploads\/2026\/01\/breakfast-brioche.png 1080w\" sizes=\"auto, (max-width: 1024px) 100vw, 1024px\" \/><\/span>\n\n                \n                  \n\t\t\t  <\/span>\n\n                            <span class=\"bg-rel-name\">Brioche d\u00e9jeuner tranch\u00e9e<\/span>\n\n\n                                                            <hr class=\"separateur\">\n                                <span class=\"bg-rel-meta\">\n\n\t\t\t\t  \n                            <div class=\"recette_picto\">\n                                <span class=\"servings\">\n                                        <div class=\"recette_picto_icon\">\n                                            <span class=\"icon-users icon\"><\/span>\n                                        <\/div>\n                                        2 pers.<\/span>\n                            <\/div>  <div class=\"recette_picto\">\n                                                <div class=\"recette_picto-icon\">\n                                                     <span class=\"icon-clock2 icon\"><\/span>\n                                                <\/div>\n\t\t\t\t                                <span class=\"prep-time\"><time datetime=\"PT15M\">15 min<\/time><\/span>\n\t\t\t\t                            <\/div>       <div class=\"recette_picto\">\n                                                <div class=\"recette_picto-icon\">\n                                                    <span class=\"icon-chapeau-cuisine icon\"><\/span>\n                                                <\/div>\n                                                <span class=\"difficulty\">Facile<\/span>\n                                            <\/div>\n                                            \n\t\t\t\t<\/span>\n\n                            \n                        <\/a>\n\n                    <\/li>\n\n                \n                    <li class=\"bg-rel-card no-hover \">\n\n                        <a href=\"https:\/\/www.lafourneedoree.fr\/fr-CA\/recettes\/sandwich-dejeuner\/\" class=\"bg-rel-link\">\n\n\t\t\t  <span class=\"bg-rel-figure\">\n\n\t\t\t\t\n                    <span class=\"bg-rel-img bg-rel-main\"><img width=\"608\" height=\"590\" src=\"https:\/\/www.lafourneedoree.fr\/wp-content\/uploads\/2025\/12\/brunch-toast-sandwich-1.jpg\" class=\"bg-rel-thumb\" alt=\"Sandwich-d\u00e9jeuner\" loading=\"lazy\" decoding=\"async\" srcset=\"https:\/\/www.lafourneedoree.fr\/wp-content\/uploads\/2025\/12\/brunch-toast-sandwich-1.jpg 608w, https:\/\/www.lafourneedoree.fr\/wp-content\/uploads\/2025\/12\/brunch-toast-sandwich-1-300x291.jpg 300w\" sizes=\"auto, (max-width: 608px) 100vw, 608px\" \/><\/span>\n\n                \n                  \n\t\t\t  <\/span>\n\n                            <span class=\"bg-rel-name\">Sandwich-d\u00e9jeuner<\/span>\n\n\n                                                            <hr class=\"separateur\">\n                                <span class=\"bg-rel-meta\">\n\n\t\t\t\t  \n                            <div class=\"recette_picto\">\n                                <span class=\"servings\">\n                                        <div class=\"recette_picto_icon\">\n                                            <span class=\"icon-users icon\"><\/span>\n                                        <\/div>\n                                        4 pers.<\/span>\n                            <\/div>  <div class=\"recette_picto\">\n                                                <div class=\"recette_picto-icon\">\n                                                     <span class=\"icon-clock2 icon\"><\/span>\n                                                <\/div>\n\t\t\t\t                                <span class=\"prep-time\"><time datetime=\"PT11M\">11 min<\/time><\/span>\n\t\t\t\t                            <\/div>       <div class=\"recette_picto\">\n                                                <div class=\"recette_picto-icon\">\n                                                    <span class=\"icon-chapeau-cuisine icon\"><\/span>\n                                                <\/div>\n                                                <span class=\"difficulty\">Facile<\/span>\n                                            <\/div>\n                                            \n\t\t\t\t<\/span>\n\n                            \n                        <\/a>\n\n                    <\/li>\n\n                \n                    <li class=\"bg-rel-card no-hover \">\n\n                        <a href=\"https:\/\/www.lafourneedoree.fr\/fr-CA\/recettes\/brioche-perdue-au-chocolat-1\/\" class=\"bg-rel-link\">\n\n\t\t\t  <span class=\"bg-rel-figure\">\n\n\t\t\t\t\n                    <span class=\"bg-rel-img bg-rel-main\"><img width=\"365\" height=\"354\" src=\"https:\/\/www.lafourneedoree.fr\/wp-content\/uploads\/2025\/12\/brioche-perdue-chocolat.png\" class=\"bg-rel-thumb\" alt=\"Brioche Perdue Au Chocolat\" loading=\"lazy\" decoding=\"async\" srcset=\"https:\/\/www.lafourneedoree.fr\/wp-content\/uploads\/2025\/12\/brioche-perdue-chocolat.png 365w, https:\/\/www.lafourneedoree.fr\/wp-content\/uploads\/2025\/12\/brioche-perdue-chocolat-300x291.png 300w\" sizes=\"auto, (max-width: 365px) 100vw, 365px\" \/><\/span>\n\n                \n                  \n\t\t\t  <\/span>\n\n                            <span class=\"bg-rel-name\">Brioche Perdue Au Chocolat<\/span>\n\n\n                                                            <hr class=\"separateur\">\n                                <span class=\"bg-rel-meta\">\n\n\t\t\t\t  \n                            <div class=\"recette_picto\">\n                                <span class=\"servings\">\n                                        <div class=\"recette_picto_icon\">\n                                            <span class=\"icon-users icon\"><\/span>\n                                        <\/div>\n                                        2 pers.<\/span>\n                            <\/div>  <div class=\"recette_picto\">\n                                                <div class=\"recette_picto-icon\">\n                                                     <span class=\"icon-clock2 icon\"><\/span>\n                                                <\/div>\n\t\t\t\t                                <span class=\"prep-time\"><time datetime=\"PT15M\">15 min<\/time><\/span>\n\t\t\t\t                            <\/div>       <div class=\"recette_picto\">\n                                                <div class=\"recette_picto-icon\">\n                                                    <span class=\"icon-chapeau-cuisine icon\"><\/span>\n                                                <\/div>\n                                                <span class=\"difficulty\">Facile<\/span>\n                                            <\/div>\n                                            \n\t\t\t\t<\/span>\n\n                            \n                        <\/a>\n\n                    <\/li>\n\n                \n            <\/ul>\n\n        <\/section>\n\n        \n<\/div>\n<\/div><\/div>\n","protected":false},"featured_media":18521,"parent":0,"template":"","meta":{"_acf_changed":true,"neve_meta_sidebar":"","neve_meta_container":"","neve_meta_enable_content_width":"","neve_meta_content_width":0,"neve_meta_title_alignment":"","neve_meta_author_avatar":"","neve_post_elements_order":"","neve_meta_disable_header":"","neve_meta_disable_footer":"","neve_meta_disable_title":"","neve_meta_reading_time":"","_themeisle_gutenberg_block_has_review":false},"recipe-type":[],"class_list":["post-18520","recipes","type-recipes","status-publish","has-post-thumbnail","hentry"],"acf":[],"yoast_head":"<!-- This site is optimized with the Yoast SEO plugin v27.3 - https:\/\/yoast.com\/product\/yoast-seo-wordpress\/ -->\n<title>Brioche gourmande chocolat et cr\u00e8me glac\u00e9e \u00e0 la vanille - La Fourn\u00e9e Dor\u00e9e - La saveur retrouv\u00e9e<\/title>\n<meta name=\"robots\" content=\"index, follow, max-snippet:-1, max-image-preview:large, max-video-preview:-1\" \/>\n<link rel=\"canonical\" href=\"https:\/\/www.lafourneedoree.fr\/fr-CA\/recettes\/brioche-gourmande-chocolat-et-creme-glacee-a-la-vanille\/\" \/>\n<meta property=\"og:locale\" content=\"en_US\" \/>\n<meta property=\"og:type\" content=\"article\" \/>\n<meta property=\"og:title\" content=\"Brioche gourmande chocolat et cr\u00e8me glac\u00e9e \u00e0 la vanille - La Fourn\u00e9e Dor\u00e9e - La saveur retrouv\u00e9e\" \/>\n<meta property=\"og:url\" content=\"https:\/\/www.lafourneedoree.fr\/fr-CA\/recettes\/brioche-gourmande-chocolat-et-creme-glacee-a-la-vanille\/\" \/>\n<meta property=\"og:site_name\" content=\"La Fourn\u00e9e Dor\u00e9e - La saveur retrouv\u00e9e\" \/>\n<meta property=\"article:modified_time\" content=\"2026-01-28T05:01:51+00:00\" \/>\n<meta property=\"og:image\" content=\"https:\/\/www.lafourneedoree.fr\/wp-content\/uploads\/2026\/01\/RECETTE-BRIOCHE-TOAST-SUCRE-BD-e1769576501562.jpg\" \/>\n\t<meta property=\"og:image:width\" content=\"1875\" \/>\n\t<meta property=\"og:image:height\" content=\"1875\" \/>\n\t<meta property=\"og:image:type\" content=\"image\/jpeg\" \/>\n<meta name=\"twitter:card\" content=\"summary_large_image\" \/>\n<meta name=\"twitter:label1\" content=\"Est. reading time\" \/>\n\t<meta name=\"twitter:data1\" content=\"2 minutes\" \/>\n<script type=\"application\/ld+json\" class=\"yoast-schema-graph\">{\"@context\":\"https:\\\/\\\/schema.org\",\"@graph\":[{\"@type\":\"WebPage\",\"@id\":\"https:\\\/\\\/www.lafourneedoree.fr\\\/fr-CA\\\/recettes\\\/brioche-gourmande-chocolat-et-creme-glacee-a-la-vanille\\\/\",\"url\":\"https:\\\/\\\/www.lafourneedoree.fr\\\/fr-CA\\\/recettes\\\/brioche-gourmande-chocolat-et-creme-glacee-a-la-vanille\\\/\",\"name\":\"Brioche gourmande chocolat et cr\u00e8me glac\u00e9e \u00e0 la vanille - La Fourn\u00e9e Dor\u00e9e - La saveur retrouv\u00e9e\",\"isPartOf\":{\"@id\":\"https:\\\/\\\/www.lafourneedoree.fr\\\/#website\"},\"primaryImageOfPage\":{\"@id\":\"https:\\\/\\\/www.lafourneedoree.fr\\\/fr-CA\\\/recettes\\\/brioche-gourmande-chocolat-et-creme-glacee-a-la-vanille\\\/#primaryimage\"},\"image\":{\"@id\":\"https:\\\/\\\/www.lafourneedoree.fr\\\/fr-CA\\\/recettes\\\/brioche-gourmande-chocolat-et-creme-glacee-a-la-vanille\\\/#primaryimage\"},\"thumbnailUrl\":\"https:\\\/\\\/www.lafourneedoree.fr\\\/wp-content\\\/uploads\\\/2026\\\/01\\\/RECETTE-BRIOCHE-TOAST-SUCRE-BD-e1769576501562.jpg\",\"datePublished\":\"2026-01-19T10:05:28+00:00\",\"dateModified\":\"2026-01-28T05:01:51+00:00\",\"breadcrumb\":{\"@id\":\"https:\\\/\\\/www.lafourneedoree.fr\\\/fr-CA\\\/recettes\\\/brioche-gourmande-chocolat-et-creme-glacee-a-la-vanille\\\/#breadcrumb\"},\"inLanguage\":\"ca-FR\",\"potentialAction\":[{\"@type\":\"ReadAction\",\"target\":[\"https:\\\/\\\/www.lafourneedoree.fr\\\/fr-CA\\\/recettes\\\/brioche-gourmande-chocolat-et-creme-glacee-a-la-vanille\\\/\"]}]},{\"@type\":\"ImageObject\",\"inLanguage\":\"ca-FR\",\"@id\":\"https:\\\/\\\/www.lafourneedoree.fr\\\/fr-CA\\\/recettes\\\/brioche-gourmande-chocolat-et-creme-glacee-a-la-vanille\\\/#primaryimage\",\"url\":\"https:\\\/\\\/www.lafourneedoree.fr\\\/wp-content\\\/uploads\\\/2026\\\/01\\\/RECETTE-BRIOCHE-TOAST-SUCRE-BD-e1769576501562.jpg\",\"contentUrl\":\"https:\\\/\\\/www.lafourneedoree.fr\\\/wp-content\\\/uploads\\\/2026\\\/01\\\/RECETTE-BRIOCHE-TOAST-SUCRE-BD-e1769576501562.jpg\",\"width\":1875,\"height\":1875},{\"@type\":\"BreadcrumbList\",\"@id\":\"https:\\\/\\\/www.lafourneedoree.fr\\\/fr-CA\\\/recettes\\\/brioche-gourmande-chocolat-et-creme-glacee-a-la-vanille\\\/#breadcrumb\",\"itemListElement\":[{\"@type\":\"ListItem\",\"position\":1,\"name\":\"La Fourn\u00e9e Dor\u00e9e\",\"item\":\"https:\\\/\\\/www.lafourneedoree.fr\\\/fr-CA\\\/\"},{\"@type\":\"ListItem\",\"position\":2,\"name\":\"Brioche gourmande chocolat et cr\u00e8me glac\u00e9e \u00e0 la vanille\"}]},{\"@type\":\"WebSite\",\"@id\":\"https:\\\/\\\/www.lafourneedoree.fr\\\/#website\",\"url\":\"https:\\\/\\\/www.lafourneedoree.fr\\\/\",\"name\":\"La Fourn\u00e9e Dor\u00e9e - La saveur retrouv\u00e9e\",\"description\":\"\",\"potentialAction\":[{\"@type\":\"SearchAction\",\"target\":{\"@type\":\"EntryPoint\",\"urlTemplate\":\"https:\\\/\\\/www.lafourneedoree.fr\\\/?s={search_term_string}\"},\"query-input\":{\"@type\":\"PropertyValueSpecification\",\"valueRequired\":true,\"valueName\":\"search_term_string\"}}],\"inLanguage\":\"ca-FR\"}]}<\/script>\n<!-- \/ Yoast SEO plugin. -->","yoast_head_json":{"title":"Brioche gourmande chocolat et cr\u00e8me glac\u00e9e \u00e0 la vanille - La Fourn\u00e9e Dor\u00e9e - La saveur retrouv\u00e9e","robots":{"index":"index","follow":"follow","max-snippet":"max-snippet:-1","max-image-preview":"max-image-preview:large","max-video-preview":"max-video-preview:-1"},"canonical":"https:\/\/www.lafourneedoree.fr\/fr-CA\/recettes\/brioche-gourmande-chocolat-et-creme-glacee-a-la-vanille\/","og_locale":"en_US","og_type":"article","og_title":"Brioche gourmande chocolat et cr\u00e8me glac\u00e9e \u00e0 la vanille - La Fourn\u00e9e Dor\u00e9e - La saveur retrouv\u00e9e","og_url":"https:\/\/www.lafourneedoree.fr\/fr-CA\/recettes\/brioche-gourmande-chocolat-et-creme-glacee-a-la-vanille\/","og_site_name":"La Fourn\u00e9e Dor\u00e9e - La saveur retrouv\u00e9e","article_modified_time":"2026-01-28T05:01:51+00:00","og_image":[{"width":1875,"height":1875,"url":"https:\/\/www.lafourneedoree.fr\/wp-content\/uploads\/2026\/01\/RECETTE-BRIOCHE-TOAST-SUCRE-BD-e1769576501562.jpg","type":"image\/jpeg"}],"twitter_card":"summary_large_image","twitter_misc":{"Est. reading time":"2 minutes"},"schema":{"@context":"https:\/\/schema.org","@graph":[{"@type":"WebPage","@id":"https:\/\/www.lafourneedoree.fr\/fr-CA\/recettes\/brioche-gourmande-chocolat-et-creme-glacee-a-la-vanille\/","url":"https:\/\/www.lafourneedoree.fr\/fr-CA\/recettes\/brioche-gourmande-chocolat-et-creme-glacee-a-la-vanille\/","name":"Brioche gourmande chocolat et cr\u00e8me glac\u00e9e \u00e0 la vanille - La Fourn\u00e9e Dor\u00e9e - La saveur retrouv\u00e9e","isPartOf":{"@id":"https:\/\/www.lafourneedoree.fr\/#website"},"primaryImageOfPage":{"@id":"https:\/\/www.lafourneedoree.fr\/fr-CA\/recettes\/brioche-gourmande-chocolat-et-creme-glacee-a-la-vanille\/#primaryimage"},"image":{"@id":"https:\/\/www.lafourneedoree.fr\/fr-CA\/recettes\/brioche-gourmande-chocolat-et-creme-glacee-a-la-vanille\/#primaryimage"},"thumbnailUrl":"https:\/\/www.lafourneedoree.fr\/wp-content\/uploads\/2026\/01\/RECETTE-BRIOCHE-TOAST-SUCRE-BD-e1769576501562.jpg","datePublished":"2026-01-19T10:05:28+00:00","dateModified":"2026-01-28T05:01:51+00:00","breadcrumb":{"@id":"https:\/\/www.lafourneedoree.fr\/fr-CA\/recettes\/brioche-gourmande-chocolat-et-creme-glacee-a-la-vanille\/#breadcrumb"},"inLanguage":"ca-FR","potentialAction":[{"@type":"ReadAction","target":["https:\/\/www.lafourneedoree.fr\/fr-CA\/recettes\/brioche-gourmande-chocolat-et-creme-glacee-a-la-vanille\/"]}]},{"@type":"ImageObject","inLanguage":"ca-FR","@id":"https:\/\/www.lafourneedoree.fr\/fr-CA\/recettes\/brioche-gourmande-chocolat-et-creme-glacee-a-la-vanille\/#primaryimage","url":"https:\/\/www.lafourneedoree.fr\/wp-content\/uploads\/2026\/01\/RECETTE-BRIOCHE-TOAST-SUCRE-BD-e1769576501562.jpg","contentUrl":"https:\/\/www.lafourneedoree.fr\/wp-content\/uploads\/2026\/01\/RECETTE-BRIOCHE-TOAST-SUCRE-BD-e1769576501562.jpg","width":1875,"height":1875},{"@type":"BreadcrumbList","@id":"https:\/\/www.lafourneedoree.fr\/fr-CA\/recettes\/brioche-gourmande-chocolat-et-creme-glacee-a-la-vanille\/#breadcrumb","itemListElement":[{"@type":"ListItem","position":1,"name":"La Fourn\u00e9e Dor\u00e9e","item":"https:\/\/www.lafourneedoree.fr\/fr-CA\/"},{"@type":"ListItem","position":2,"name":"Brioche gourmande chocolat et cr\u00e8me glac\u00e9e \u00e0 la vanille"}]},{"@type":"WebSite","@id":"https:\/\/www.lafourneedoree.fr\/#website","url":"https:\/\/www.lafourneedoree.fr\/","name":"La Fourn\u00e9e Dor\u00e9e - La saveur retrouv\u00e9e","description":"","potentialAction":[{"@type":"SearchAction","target":{"@type":"EntryPoint","urlTemplate":"https:\/\/www.lafourneedoree.fr\/?s={search_term_string}"},"query-input":{"@type":"PropertyValueSpecification","valueRequired":true,"valueName":"search_term_string"}}],"inLanguage":"ca-FR"}]}},"_links":{"self":[{"href":"https:\/\/www.lafourneedoree.fr\/fr-CA\/wp-json\/wp\/v2\/recipes\/18520","targetHints":{"allow":["GET"]}}],"collection":[{"href":"https:\/\/www.lafourneedoree.fr\/fr-CA\/wp-json\/wp\/v2\/recipes"}],"about":[{"href":"https:\/\/www.lafourneedoree.fr\/fr-CA\/wp-json\/wp\/v2\/types\/recipes"}],"wp:featuredmedia":[{"embeddable":true,"href":"https:\/\/www.lafourneedoree.fr\/fr-CA\/wp-json\/wp\/v2\/media\/18521"}],"wp:attachment":[{"href":"https:\/\/www.lafourneedoree.fr\/fr-CA\/wp-json\/wp\/v2\/media?parent=18520"}],"wp:term":[{"taxonomy":"recipe-type","embeddable":true,"href":"https:\/\/www.lafourneedoree.fr\/fr-CA\/wp-json\/wp\/v2\/recipe-type?post=18520"}],"curies":[{"name":"wp","href":"https:\/\/api.w.org\/{rel}","templated":true}]}}