{"id":18571,"date":"2025-12-31T14:24:31","date_gmt":"2025-12-31T13:24:31","guid":{"rendered":"http:\/\/preprod.lafourneedoree.fr\/?post_type=recipes&#038;p=18571"},"modified":"2026-01-23T16:50:37","modified_gmt":"2026-01-23T15:50:37","slug":"sandwich-dejeuner","status":"publish","type":"recipes","link":"https:\/\/www.lafourneedoree.fr\/fr-CA\/recettes\/sandwich-dejeuner\/","title":{"rendered":"Sandwich-d\u00e9jeuner"},"content":{"rendered":"\n<div id=\"wp-block-themeisle-blocks-advanced-columns-b9cb080e\" class=\"wp-block-themeisle-blocks-advanced-columns alignfull has-1-columns has-desktop-equal-layout has-tablet-equal-layout has-mobile-equal-layout has-vertical-unset\"><div class=\"wp-block-themeisle-blocks-advanced-columns-overlay\"><\/div><div class=\"innerblocks-wrap\">\n<div id=\"wp-block-themeisle-blocks-advanced-column-66cec8b6\" class=\"wp-block-themeisle-blocks-advanced-column\"><div class=\"yoast-breadcrumbs ticss-2838c4d8\"><span><span><a href=\"https:\/\/www.lafourneedoree.fr\/fr-CA\/\">La Fourn\u00e9e Dor\u00e9e<\/a><\/span> \u00bb <span class=\"breadcrumb_last\" aria-current=\"page\">Sandwich-d\u00e9jeuner<\/span><\/span><\/div>\n\n\n<div id=\"wp-block-themeisle-blocks-advanced-columns-8097b5d5\" class=\"wp-block-themeisle-blocks-advanced-columns has-2-columns has-desktop-oneTwo-layout has-tablet-equal-layout has-mobile-collapsedRows-layout has-reverse-columns-mobile has-vertical-unset\"><div class=\"wp-block-themeisle-blocks-advanced-columns-overlay\"><\/div><div class=\"innerblocks-wrap\">\n<div id=\"wp-block-themeisle-blocks-advanced-column-06625f8f\" class=\"wp-block-themeisle-blocks-advanced-column ticss-bf70e9dc\">\n<div id=\"wp-block-themeisle-blocks-advanced-columns-344832dd\" class=\"wp-block-themeisle-blocks-advanced-columns has-1-columns has-desktop-equal-layout has-tablet-equal-layout hide-in-mobile has-vertical-unset\"><div class=\"wp-block-themeisle-blocks-advanced-columns-overlay\"><\/div><div class=\"innerblocks-wrap\">\n<div id=\"wp-block-themeisle-blocks-advanced-column-94732394\" class=\"wp-block-themeisle-blocks-advanced-column\">\n<figure class=\"wp-block-image size-full is-resized\"><img loading=\"lazy\" decoding=\"async\" width=\"608\" height=\"590\" src=\"https:\/\/www.lafourneedoree.fr\/wp-content\/uploads\/2025\/12\/brunch-toast-sandwich-1.jpg\" alt=\"\" class=\"wp-image-16254\" style=\"width:600px\" srcset=\"https:\/\/www.lafourneedoree.fr\/wp-content\/uploads\/2025\/12\/brunch-toast-sandwich-1.jpg 608w, https:\/\/www.lafourneedoree.fr\/wp-content\/uploads\/2025\/12\/brunch-toast-sandwich-1-300x291.jpg 300w\" sizes=\"auto, (max-width: 608px) 100vw, 608px\" \/><\/figure>\n<\/div>\n<\/div><\/div>\n<\/div>\n\n\n\n<div id=\"wp-block-themeisle-blocks-advanced-column-dc2fc8c1\" class=\"wp-block-themeisle-blocks-advanced-column ticss-97586afe\">\n<div id=\"wp-block-themeisle-blocks-advanced-columns-7a998239\" class=\"wp-block-themeisle-blocks-advanced-columns has-1-columns has-desktop-equal-layout has-tablet-equal-layout has-mobile-equal-layout has-vertical-unset\"><div class=\"wp-block-themeisle-blocks-advanced-columns-overlay\"><\/div><div class=\"innerblocks-wrap\">\n<div id=\"wp-block-themeisle-blocks-advanced-column-6166fc40\" class=\"wp-block-themeisle-blocks-advanced-column\">\n<h1 id=\"wp-block-themeisle-blocks-advanced-heading-219f9de1\" class=\"wp-block-themeisle-blocks-advanced-heading wp-block-themeisle-blocks-advanced-heading-219f9de1\">Sandwich-d\u00e9jeuner<\/h1>\n\n\n\n<div id=\"wp-block-themeisle-blocks-advanced-columns-8975ffaf\" class=\"wp-block-themeisle-blocks-advanced-columns has-1-columns has-mobile-equal-layout hide-in-desktop hide-in-tablet has-vertical-unset\"><div class=\"wp-block-themeisle-blocks-advanced-columns-overlay\"><\/div><div class=\"innerblocks-wrap\">\n<div id=\"wp-block-themeisle-blocks-advanced-column-87d2b03d\" class=\"wp-block-themeisle-blocks-advanced-column\">\n<figure class=\"wp-block-image size-full is-resized\"><img loading=\"lazy\" decoding=\"async\" width=\"608\" height=\"590\" src=\"https:\/\/www.lafourneedoree.fr\/wp-content\/uploads\/2025\/12\/brunch-toast-sandwich-1.jpg\" alt=\"\" class=\"wp-image-16254\" style=\"width:600px\" srcset=\"https:\/\/www.lafourneedoree.fr\/wp-content\/uploads\/2025\/12\/brunch-toast-sandwich-1.jpg 608w, https:\/\/www.lafourneedoree.fr\/wp-content\/uploads\/2025\/12\/brunch-toast-sandwich-1-300x291.jpg 300w\" sizes=\"auto, (max-width: 608px) 100vw, 608px\" \/><\/figure>\n<\/div>\n<\/div><\/div>\n\n\n\n\n\n\n<div style=\"height:20px\" aria-hidden=\"true\" class=\"wp-block-spacer\"><\/div>\n\n\n\n<div id=\"wp-block-themeisle-blocks-button-group-37365f0e\" class=\"wp-block-themeisle-blocks-button-group wp-block-buttons align-center-mobile\">\n<div id=\"wp-block-themeisle-blocks-button-dcd7150a\" class=\"wp-block-themeisle-blocks-button wp-block-button js-make-pdf\"><a target=\"_self\" rel=\"noopener noreferrer\" class=\"wp-block-button__link\"><span>Imprimer la recette<\/span><\/a><\/div>\n<\/div>\n<\/div>\n<\/div><\/div>\n\n\n\n<div id=\"wp-block-themeisle-blocks-advanced-columns-dc04d5ec\" class=\"wp-block-themeisle-blocks-advanced-columns has-1-columns has-desktop-equal-layout has-tablet-equal-layout has-mobile-equal-layout has-vertical-unset has-light-bg\"><div class=\"wp-block-themeisle-blocks-advanced-columns-overlay\"><\/div><div class=\"innerblocks-wrap\">\n<div id=\"wp-block-themeisle-blocks-advanced-column-fb8ca843\" class=\"wp-block-themeisle-blocks-advanced-column\">\n<span id=\"wp-block-themeisle-blocks-advanced-heading-89222245\" class=\"wp-block-themeisle-blocks-advanced-heading wp-block-themeisle-blocks-advanced-heading-89222245 arial-rounded\">Ingr\u00e9dients<\/span>\n\n\n\n<ul class=\"wp-block-list\">\n<li class=\"has-neve-link-color-color has-text-color has-link-color wp-elements-6df0e1a8fe873b4b48c78628f74cfd36\" style=\"font-size:20px\">8 tranches de Brioche en Tranches<\/li>\n\n\n\n<li class=\"has-neve-link-color-color has-text-color has-link-color wp-elements-42ed1f491a40bef7f936bbae66958210\" style=\"font-size:20px\">8 tranches de Cheddar<\/li>\n\n\n\n<li class=\"has-neve-link-color-color has-text-color has-link-color wp-elements-a7ba827ccd4b00f4407a1893ad7d517f\" style=\"font-size:20px\">8 oeufs<\/li>\n\n\n\n<li class=\"has-neve-link-color-color has-text-color has-link-color wp-elements-49bb59b75626c036ac3060e3aaf90e9d\" style=\"font-size:20px\">8 tranches de lard<\/li>\n\n\n\n<li class=\"has-neve-link-color-color has-text-color has-link-color wp-elements-dd0a4b15d22af38b1bff8de5e1fd5b8b\" style=\"font-size:20px\">4 noisette de beurre<\/li>\n\n\n\n<li class=\"has-neve-link-color-color has-text-color has-link-color wp-elements-1b0858fb17c29268bb7b253dbd9e4c15\" style=\"font-size:20px\">2 c. \u00e0 caf\u00e9 de sauce Siracha<\/li>\n<\/ul>\n<\/div>\n<\/div><\/div>\n\n\n\n<div id=\"wp-block-themeisle-blocks-advanced-columns-a33d74fe\" class=\"wp-block-themeisle-blocks-advanced-columns has-1-columns has-desktop-equal-layout has-tablet-equal-layout has-mobile-equal-layout has-vertical-unset\"><div class=\"wp-block-themeisle-blocks-advanced-columns-overlay\"><\/div><div class=\"innerblocks-wrap\">\n<div id=\"wp-block-themeisle-blocks-advanced-column-2cdc147c\" class=\"wp-block-themeisle-blocks-advanced-column\">\n<span id=\"wp-block-themeisle-blocks-advanced-heading-68dfe006\" class=\"wp-block-themeisle-blocks-advanced-heading wp-block-themeisle-blocks-advanced-heading-68dfe006 arial-rounded\">Pr\u00e9paration<\/span>\n\n\n\n<ul class=\"wp-block-list\">\n<li class=\"has-neve-link-color-color has-text-color has-link-color wp-elements-20954e03e5231e51e504be25097a7b13\" style=\"font-size:20px\">Cassez les \u0153ufs dans un saladier, salez, poivrez et ajoutez une noisette de beurre si vous le souhaitez.<\/li>\n\n\n\n<li class=\"has-neve-link-color-color has-text-color has-link-color wp-elements-179bce5b29011f3d00ab51c565d0291b\" style=\"font-size:20px\">Fouettez le tout \u00e0 la fourchette. Faites toaster les tranches de brioche dans une po\u00eale avec une noix de beurre 30 secondes de chaque c\u00f4t\u00e9 sur feu moyen. Elles doivent \u00eatre bien dor\u00e9es. chauffer une po\u00eale avec le reste de beurre.<\/li>\n\n\n\n<li class=\"has-neve-link-color-color has-text-color has-link-color wp-elements-cdcd1d42b3357b7cc704db31b46941d0\" style=\"font-size:20px\">Versez les \u0153ufs battus et faites cuire 1 minute sur feu moyen en m\u00e9langeant d\u00e9licatement \u00e0 la spatule. D\u00e9barrassez sur une assiette.<\/li>\n\n\n\n<li class=\"has-neve-link-color-color has-text-color has-link-color wp-elements-f9ba7114b932864a40bb9d0faac1ae3a\" style=\"font-size:20px\">Gardez la m\u00eame po\u00eale et faites cuire le lard 1 minute de chaque c\u00f4t\u00e9 sur feu vif. Il doit devenir presque croustillant. D\u00e9barrassez ensuite sur une feuille de papier essuie-tout.<\/li>\n\n\n\n<li class=\"has-neve-link-color-color has-text-color has-link-color wp-elements-188fbe0f561806ed9d7f5351de4e2e3b\" style=\"font-size:20px\">D\u00e9posez les tranches de cheddar sur une tranche de brioche. Ajoutez ensuite les \u0153ufs brouill\u00e9s, les tranches de lard et refermez le sandwich avec la seconde tranche de brioche. Selon vos go\u00fbts, ajoutez un peu de sauce piquante sur le dessus du sandwich, c\u2019est pr\u00eat<\/li>\n<\/ul>\n\n\n\n<p class=\"has-text-align-center has-custom-3-color has-text-color has-link-color has-large-font-size wp-elements-f8cfb8cf5607d48b99740c40589f8ce0\"><strong>Bon app\u00e9tit !<\/strong><\/p>\n<\/div>\n<\/div><\/div>\n<\/div>\n<\/div><\/div>\n<\/div>\n<\/div><\/div>\n\n\n\n<div id=\"wp-block-themeisle-blocks-advanced-columns-c8025a9b\" class=\"wp-block-themeisle-blocks-advanced-columns alignfull has-1-columns has-desktop-equal-layout has-tablet-equal-layout has-mobile-equal-layout has-vertical-unset recipe-video\"><div class=\"wp-block-themeisle-blocks-advanced-columns-overlay\"><\/div><div class=\"innerblocks-wrap\">\n<div id=\"wp-block-themeisle-blocks-advanced-column-3210a02d\" class=\"wp-block-themeisle-blocks-advanced-column\">\n<div id=\"wp-block-themeisle-blocks-advanced-columns-62c07bb3\" class=\"wp-block-themeisle-blocks-advanced-columns has-1-columns has-desktop-equal-layout has-tablet-equal-layout has-mobile-equal-layout has-vertical-unset\"><div class=\"wp-block-themeisle-blocks-advanced-columns-overlay\"><\/div><div class=\"innerblocks-wrap\">\n<div id=\"wp-block-themeisle-blocks-advanced-column-42ffc874\" class=\"wp-block-themeisle-blocks-advanced-column\">\n<h2 id=\"wp-block-themeisle-blocks-advanced-heading-fac0fb6e\" class=\"wp-block-themeisle-blocks-advanced-heading wp-block-themeisle-blocks-advanced-heading-fac0fb6e titre-cc ticss-fac0fb6e\">Recette r\u00e9alisable avec<\/h2>\n\n\n    <section class=\"bg-rel-simple\">\r\n            <ul class=\"bg-rel-grid\">\r\n        \t\t  <li class=\"bg-rel-card has-hover\">\r\n\t\t\t<a href=\"https:\/\/www.lafourneedoree.fr\/fr-CA\/produit\/brioche-en-tranches\/\" class=\"bg-rel-link\">\r\n\t\t\t  <span class=\"bg-rel-figure\">\r\n\t\t\t\t\t\t\t\t  <span class=\"bg-rel-img bg-rel-main\"><img width=\"1024\" height=\"993\" src=\"https:\/\/www.lafourneedoree.fr\/wp-content\/uploads\/2025\/12\/sliced-brioche-pack-produit-1-1024x993.png\" class=\"attachment-large size-large wp-post-image\" alt=\"\" loading=\"lazy\" decoding=\"async\" srcset=\"https:\/\/www.lafourneedoree.fr\/wp-content\/uploads\/2025\/12\/sliced-brioche-pack-produit-1-1024x993.png 1024w, https:\/\/www.lafourneedoree.fr\/wp-content\/uploads\/2025\/12\/sliced-brioche-pack-produit-1-300x291.png 300w, https:\/\/www.lafourneedoree.fr\/wp-content\/uploads\/2025\/12\/sliced-brioche-pack-produit-1-768x745.png 768w, https:\/\/www.lafourneedoree.fr\/wp-content\/uploads\/2025\/12\/sliced-brioche-pack-produit-1.png 1267w\" sizes=\"auto, (max-width: 1024px) 100vw, 1024px\" \/><\/span>\r\n\t\t\t\t\t\t\t\t\t\t\t\t  <span class=\"bg-rel-img bg-rel-hover\" aria-hidden=\"true\"><img width=\"608\" height=\"590\" src=\"https:\/\/www.lafourneedoree.fr\/wp-content\/uploads\/2025\/12\/sliced-brioche-loaf-ingredients.png\" class=\"attachment-large size-large\" alt=\"\" loading=\"lazy\" decoding=\"async\" srcset=\"https:\/\/www.lafourneedoree.fr\/wp-content\/uploads\/2025\/12\/sliced-brioche-loaf-ingredients.png 608w, https:\/\/www.lafourneedoree.fr\/wp-content\/uploads\/2025\/12\/sliced-brioche-loaf-ingredients-300x291.png 300w\" sizes=\"auto, (max-width: 608px) 100vw, 608px\" \/><\/span>\r\n\t\t\t\t\t\t\t  <\/span>\r\n\t\t\t  <span class=\"bg-rel-name\">Brioche en tranches<\/span>\r\n                \t\t\t  \t\t\t<\/a>\r\n\t\t  <\/li>\r\n\t\t\t\t  <li class=\"bg-rel-card has-hover\">\r\n\t\t\t<a href=\"https:\/\/www.lafourneedoree.fr\/fr-CA\/produit\/brioche-tressee-au-beurre\/\" class=\"bg-rel-link\">\r\n\t\t\t  <span class=\"bg-rel-figure\">\r\n\t\t\t\t\t\t\t\t  <span class=\"bg-rel-img bg-rel-main\"><img width=\"1024\" height=\"993\" src=\"https:\/\/www.lafourneedoree.fr\/wp-content\/uploads\/2025\/12\/butter-brioche-loaf-pack-produit-1-1024x993.png\" class=\"attachment-large size-large wp-post-image\" alt=\"\" loading=\"lazy\" decoding=\"async\" srcset=\"https:\/\/www.lafourneedoree.fr\/wp-content\/uploads\/2025\/12\/butter-brioche-loaf-pack-produit-1-1024x993.png 1024w, https:\/\/www.lafourneedoree.fr\/wp-content\/uploads\/2025\/12\/butter-brioche-loaf-pack-produit-1-300x291.png 300w, https:\/\/www.lafourneedoree.fr\/wp-content\/uploads\/2025\/12\/butter-brioche-loaf-pack-produit-1-768x745.png 768w, https:\/\/www.lafourneedoree.fr\/wp-content\/uploads\/2025\/12\/butter-brioche-loaf-pack-produit-1.png 1267w\" sizes=\"auto, (max-width: 1024px) 100vw, 1024px\" \/><\/span>\r\n\t\t\t\t\t\t\t\t\t\t\t\t  <span class=\"bg-rel-img bg-rel-hover\" aria-hidden=\"true\"><img width=\"608\" height=\"590\" src=\"https:\/\/www.lafourneedoree.fr\/wp-content\/uploads\/2025\/12\/brioche-tressee-au-beurre-ingredients-1.png\" class=\"attachment-large size-large\" alt=\"\" loading=\"lazy\" decoding=\"async\" srcset=\"https:\/\/www.lafourneedoree.fr\/wp-content\/uploads\/2025\/12\/brioche-tressee-au-beurre-ingredients-1.png 608w, https:\/\/www.lafourneedoree.fr\/wp-content\/uploads\/2025\/12\/brioche-tressee-au-beurre-ingredients-1-300x291.png 300w\" sizes=\"auto, (max-width: 608px) 100vw, 608px\" \/><\/span>\r\n\t\t\t\t\t\t\t  <\/span>\r\n\t\t\t  <span class=\"bg-rel-name\">Brioche Tress\u00e9e au Beurre<\/span>\r\n                \t\t\t  \t\t\t<\/a>\r\n\t\t  <\/li>\r\n\t\t      <\/ul>\r\n    <\/section>\r\n    \n<\/div>\n<\/div><\/div>\n<\/div>\n<\/div><\/div>\n\n\n\n<div id=\"wp-block-themeisle-blocks-advanced-columns-c24f46c6\" class=\"wp-block-themeisle-blocks-advanced-columns alignfull has-1-columns has-desktop-equal-layout has-tablet-equal-layout has-mobile-equal-layout has-vertical-unset ticss-89ac11e2\"><div class=\"wp-block-themeisle-blocks-advanced-columns-overlay\"><\/div><div class=\"innerblocks-wrap\">\n<div id=\"wp-block-themeisle-blocks-advanced-column-3bc36067\" class=\"wp-block-themeisle-blocks-advanced-column\">\n<h2 class=\"wp-block-heading has-text-align-center titre-cc has-custom-3-color has-text-color has-link-color wp-elements-ae752e11b715942cd017827b6e32f4c9\">Vous aimerez aussi<\/h2>\n\n\n\n        <section class=\"bg-rel-simple\">\n\n            \n            <ul class=\"bg-rel-grid\">\n\n                \n                    <li class=\"bg-rel-card no-hover \">\n\n                        <a href=\"https:\/\/www.lafourneedoree.fr\/fr-CA\/recettes\/brioche-perdue-au-chocolat-1\/\" class=\"bg-rel-link\">\n\n\t\t\t  <span class=\"bg-rel-figure\">\n\n\t\t\t\t\n                    <span class=\"bg-rel-img bg-rel-main\"><img width=\"365\" height=\"354\" src=\"https:\/\/www.lafourneedoree.fr\/wp-content\/uploads\/2025\/12\/brioche-perdue-chocolat.png\" class=\"bg-rel-thumb\" alt=\"Brioche Perdue Au Chocolat\" loading=\"lazy\" decoding=\"async\" srcset=\"https:\/\/www.lafourneedoree.fr\/wp-content\/uploads\/2025\/12\/brioche-perdue-chocolat.png 365w, https:\/\/www.lafourneedoree.fr\/wp-content\/uploads\/2025\/12\/brioche-perdue-chocolat-300x291.png 300w\" sizes=\"auto, (max-width: 365px) 100vw, 365px\" \/><\/span>\n\n                \n                  \n\t\t\t  <\/span>\n\n                            <span class=\"bg-rel-name\">Brioche Perdue Au Chocolat<\/span>\n\n\n                                                            <hr class=\"separateur\">\n                                <span class=\"bg-rel-meta\">\n\n\t\t\t\t  \n                            <div class=\"recette_picto\">\n                                <span class=\"servings\">\n                                        <div class=\"recette_picto_icon\">\n                                            <span class=\"icon-users icon\"><\/span>\n                                        <\/div>\n                                        2 pers.<\/span>\n                            <\/div>  <div class=\"recette_picto\">\n                                                <div class=\"recette_picto-icon\">\n                                                     <span class=\"icon-clock2 icon\"><\/span>\n                                                <\/div>\n\t\t\t\t                                <span class=\"prep-time\"><time datetime=\"PT15M\">15 min<\/time><\/span>\n\t\t\t\t                            <\/div>       <div class=\"recette_picto\">\n                                                <div class=\"recette_picto-icon\">\n                                                    <span class=\"icon-chapeau-cuisine icon\"><\/span>\n                                                <\/div>\n                                                <span class=\"difficulty\">Facile<\/span>\n                                            <\/div>\n                                            \n\t\t\t\t<\/span>\n\n                            \n                        <\/a>\n\n                    <\/li>\n\n                \n                    <li class=\"bg-rel-card no-hover \">\n\n                        <a href=\"https:\/\/www.lafourneedoree.fr\/fr-CA\/recettes\/brioche-en-tranches-facon-pain-perdu-a-la-confiture-de-poire-vanillee\/\" class=\"bg-rel-link\">\n\n\t\t\t  <span class=\"bg-rel-figure\">\n\n\t\t\t\t\n                    <span class=\"bg-rel-img bg-rel-main\"><img width=\"608\" height=\"590\" src=\"https:\/\/www.lafourneedoree.fr\/wp-content\/uploads\/2025\/11\/13250-recette_brioche-facon-pain-perdu.jpg\" class=\"bg-rel-thumb\" alt=\"Brioche en Tranches fa\u00e7on pain perdu \u00e0 la confiture de poire vanill\u00e9e\" loading=\"lazy\" decoding=\"async\" srcset=\"https:\/\/www.lafourneedoree.fr\/wp-content\/uploads\/2025\/11\/13250-recette_brioche-facon-pain-perdu.jpg 608w, https:\/\/www.lafourneedoree.fr\/wp-content\/uploads\/2025\/11\/13250-recette_brioche-facon-pain-perdu-300x291.jpg 300w\" sizes=\"auto, (max-width: 608px) 100vw, 608px\" \/><\/span>\n\n                \n                  \n\t\t\t  <\/span>\n\n                            <span class=\"bg-rel-name\">Brioche en Tranches fa\u00e7on pain perdu \u00e0 la confiture de poire vanill\u00e9e<\/span>\n\n\n                                                            <hr class=\"separateur\">\n                                <span class=\"bg-rel-meta\">\n\n\t\t\t\t  \n                            <div class=\"recette_picto\">\n                                <span class=\"servings\">\n                                        <div class=\"recette_picto_icon\">\n                                            <span class=\"icon-users icon\"><\/span>\n                                        <\/div>\n                                        4 pers.<\/span>\n                            <\/div>  <div class=\"recette_picto\">\n                                                <div class=\"recette_picto-icon\">\n                                                     <span class=\"icon-clock2 icon\"><\/span>\n                                                <\/div>\n\t\t\t\t                                <span class=\"prep-time\"><time datetime=\"PT40M\">40 min<\/time><\/span>\n\t\t\t\t                            <\/div>       <div class=\"recette_picto\">\n                                                <div class=\"recette_picto-icon\">\n                                                    <span class=\"icon-chapeau-cuisine icon\"><\/span>\n                                                <\/div>\n                                                <span class=\"difficulty\">Facile<\/span>\n                                            <\/div>\n                                            \n\t\t\t\t<\/span>\n\n                            \n                        <\/a>\n\n                    <\/li>\n\n                \n                    <li class=\"bg-rel-card no-hover \">\n\n                        <a href=\"https:\/\/www.lafourneedoree.fr\/fr-CA\/recettes\/sandwich-dejeuner\/\" class=\"bg-rel-link\">\n\n\t\t\t  <span class=\"bg-rel-figure\">\n\n\t\t\t\t\n                    <span class=\"bg-rel-img bg-rel-main\"><img width=\"608\" height=\"590\" src=\"https:\/\/www.lafourneedoree.fr\/wp-content\/uploads\/2025\/12\/brunch-toast-sandwich-1.jpg\" class=\"bg-rel-thumb\" alt=\"Sandwich-d\u00e9jeuner\" loading=\"lazy\" decoding=\"async\" srcset=\"https:\/\/www.lafourneedoree.fr\/wp-content\/uploads\/2025\/12\/brunch-toast-sandwich-1.jpg 608w, https:\/\/www.lafourneedoree.fr\/wp-content\/uploads\/2025\/12\/brunch-toast-sandwich-1-300x291.jpg 300w\" sizes=\"auto, (max-width: 608px) 100vw, 608px\" \/><\/span>\n\n                \n                  \n\t\t\t  <\/span>\n\n                            <span class=\"bg-rel-name\">Sandwich-d\u00e9jeuner<\/span>\n\n\n                                                            <hr class=\"separateur\">\n                                <span class=\"bg-rel-meta\">\n\n\t\t\t\t  \n                            <div class=\"recette_picto\">\n                                <span class=\"servings\">\n                                        <div class=\"recette_picto_icon\">\n                                            <span class=\"icon-users icon\"><\/span>\n                                        <\/div>\n                                        4 pers.<\/span>\n                            <\/div>  <div class=\"recette_picto\">\n                                                <div class=\"recette_picto-icon\">\n                                                     <span class=\"icon-clock2 icon\"><\/span>\n                                                <\/div>\n\t\t\t\t                                <span class=\"prep-time\"><time datetime=\"PT11M\">11 min<\/time><\/span>\n\t\t\t\t                            <\/div>       <div class=\"recette_picto\">\n                                                <div class=\"recette_picto-icon\">\n                                                    <span class=\"icon-chapeau-cuisine icon\"><\/span>\n                                                <\/div>\n                                                <span class=\"difficulty\">Facile<\/span>\n                                            <\/div>\n                                            \n\t\t\t\t<\/span>\n\n                            \n                        <\/a>\n\n                    <\/li>\n\n                \n            <\/ul>\n\n        <\/section>\n\n        \n<\/div>\n<\/div><\/div>\n","protected":false},"featured_media":16254,"parent":0,"template":"","meta":{"_acf_changed":false,"neve_meta_sidebar":"","neve_meta_container":"","neve_meta_enable_content_width":"","neve_meta_content_width":0,"neve_meta_title_alignment":"","neve_meta_author_avatar":"","neve_post_elements_order":"","neve_meta_disable_header":"","neve_meta_disable_footer":"","neve_meta_disable_title":"","neve_meta_reading_time":"","_themeisle_gutenberg_block_has_review":false},"recipe-type":[51],"class_list":["post-18571","recipes","type-recipes","status-publish","has-post-thumbnail","hentry","recipe-type-sale"],"acf":[],"yoast_head":"<!-- This site is optimized with the Yoast SEO plugin v27.3 - https:\/\/yoast.com\/product\/yoast-seo-wordpress\/ -->\n<title>Sandwich-d\u00e9jeuner - La Fourn\u00e9e Dor\u00e9e - La saveur retrouv\u00e9e<\/title>\n<meta name=\"robots\" content=\"index, follow, max-snippet:-1, max-image-preview:large, max-video-preview:-1\" \/>\n<link rel=\"canonical\" href=\"https:\/\/www.lafourneedoree.fr\/fr-CA\/recettes\/sandwich-dejeuner\/\" \/>\n<meta property=\"og:locale\" content=\"en_US\" \/>\n<meta property=\"og:type\" content=\"article\" \/>\n<meta property=\"og:title\" content=\"Sandwich-d\u00e9jeuner - La Fourn\u00e9e Dor\u00e9e - La saveur retrouv\u00e9e\" \/>\n<meta property=\"og:url\" content=\"https:\/\/www.lafourneedoree.fr\/fr-CA\/recettes\/sandwich-dejeuner\/\" \/>\n<meta property=\"og:site_name\" content=\"La Fourn\u00e9e Dor\u00e9e - La saveur retrouv\u00e9e\" \/>\n<meta property=\"article:modified_time\" content=\"2026-01-23T15:50:37+00:00\" \/>\n<meta property=\"og:image\" content=\"https:\/\/www.lafourneedoree.fr\/wp-content\/uploads\/2025\/12\/brunch-toast-sandwich-1.jpg\" \/>\n\t<meta property=\"og:image:width\" content=\"608\" \/>\n\t<meta property=\"og:image:height\" content=\"590\" \/>\n\t<meta property=\"og:image:type\" content=\"image\/jpeg\" \/>\n<meta name=\"twitter:card\" content=\"summary_large_image\" \/>\n<meta name=\"twitter:label1\" content=\"Est. reading time\" \/>\n\t<meta name=\"twitter:data1\" content=\"2 minutes\" \/>\n<script type=\"application\/ld+json\" class=\"yoast-schema-graph\">{\"@context\":\"https:\\\/\\\/schema.org\",\"@graph\":[{\"@type\":\"WebPage\",\"@id\":\"https:\\\/\\\/www.lafourneedoree.fr\\\/fr-CA\\\/recettes\\\/sandwich-dejeuner\\\/\",\"url\":\"https:\\\/\\\/www.lafourneedoree.fr\\\/fr-CA\\\/recettes\\\/sandwich-dejeuner\\\/\",\"name\":\"Sandwich-d\u00e9jeuner - La Fourn\u00e9e Dor\u00e9e - La saveur retrouv\u00e9e\",\"isPartOf\":{\"@id\":\"https:\\\/\\\/www.lafourneedoree.fr\\\/#website\"},\"primaryImageOfPage\":{\"@id\":\"https:\\\/\\\/www.lafourneedoree.fr\\\/fr-CA\\\/recettes\\\/sandwich-dejeuner\\\/#primaryimage\"},\"image\":{\"@id\":\"https:\\\/\\\/www.lafourneedoree.fr\\\/fr-CA\\\/recettes\\\/sandwich-dejeuner\\\/#primaryimage\"},\"thumbnailUrl\":\"https:\\\/\\\/www.lafourneedoree.fr\\\/wp-content\\\/uploads\\\/2025\\\/12\\\/brunch-toast-sandwich-1.jpg\",\"datePublished\":\"2025-12-31T13:24:31+00:00\",\"dateModified\":\"2026-01-23T15:50:37+00:00\",\"breadcrumb\":{\"@id\":\"https:\\\/\\\/www.lafourneedoree.fr\\\/fr-CA\\\/recettes\\\/sandwich-dejeuner\\\/#breadcrumb\"},\"inLanguage\":\"ca-FR\",\"potentialAction\":[{\"@type\":\"ReadAction\",\"target\":[\"https:\\\/\\\/www.lafourneedoree.fr\\\/fr-CA\\\/recettes\\\/sandwich-dejeuner\\\/\"]}]},{\"@type\":\"ImageObject\",\"inLanguage\":\"ca-FR\",\"@id\":\"https:\\\/\\\/www.lafourneedoree.fr\\\/fr-CA\\\/recettes\\\/sandwich-dejeuner\\\/#primaryimage\",\"url\":\"https:\\\/\\\/www.lafourneedoree.fr\\\/wp-content\\\/uploads\\\/2025\\\/12\\\/brunch-toast-sandwich-1.jpg\",\"contentUrl\":\"https:\\\/\\\/www.lafourneedoree.fr\\\/wp-content\\\/uploads\\\/2025\\\/12\\\/brunch-toast-sandwich-1.jpg\",\"width\":608,\"height\":590},{\"@type\":\"BreadcrumbList\",\"@id\":\"https:\\\/\\\/www.lafourneedoree.fr\\\/fr-CA\\\/recettes\\\/sandwich-dejeuner\\\/#breadcrumb\",\"itemListElement\":[{\"@type\":\"ListItem\",\"position\":1,\"name\":\"La Fourn\u00e9e Dor\u00e9e\",\"item\":\"https:\\\/\\\/www.lafourneedoree.fr\\\/fr-CA\\\/\"},{\"@type\":\"ListItem\",\"position\":2,\"name\":\"Sandwich-d\u00e9jeuner\"}]},{\"@type\":\"WebSite\",\"@id\":\"https:\\\/\\\/www.lafourneedoree.fr\\\/#website\",\"url\":\"https:\\\/\\\/www.lafourneedoree.fr\\\/\",\"name\":\"La Fourn\u00e9e Dor\u00e9e - La saveur retrouv\u00e9e\",\"description\":\"\",\"potentialAction\":[{\"@type\":\"SearchAction\",\"target\":{\"@type\":\"EntryPoint\",\"urlTemplate\":\"https:\\\/\\\/www.lafourneedoree.fr\\\/?s={search_term_string}\"},\"query-input\":{\"@type\":\"PropertyValueSpecification\",\"valueRequired\":true,\"valueName\":\"search_term_string\"}}],\"inLanguage\":\"ca-FR\"}]}<\/script>\n<!-- \/ Yoast SEO plugin. -->","yoast_head_json":{"title":"Sandwich-d\u00e9jeuner - La Fourn\u00e9e Dor\u00e9e - La saveur retrouv\u00e9e","robots":{"index":"index","follow":"follow","max-snippet":"max-snippet:-1","max-image-preview":"max-image-preview:large","max-video-preview":"max-video-preview:-1"},"canonical":"https:\/\/www.lafourneedoree.fr\/fr-CA\/recettes\/sandwich-dejeuner\/","og_locale":"en_US","og_type":"article","og_title":"Sandwich-d\u00e9jeuner - La Fourn\u00e9e Dor\u00e9e - La saveur retrouv\u00e9e","og_url":"https:\/\/www.lafourneedoree.fr\/fr-CA\/recettes\/sandwich-dejeuner\/","og_site_name":"La Fourn\u00e9e Dor\u00e9e - La saveur retrouv\u00e9e","article_modified_time":"2026-01-23T15:50:37+00:00","og_image":[{"width":608,"height":590,"url":"https:\/\/www.lafourneedoree.fr\/wp-content\/uploads\/2025\/12\/brunch-toast-sandwich-1.jpg","type":"image\/jpeg"}],"twitter_card":"summary_large_image","twitter_misc":{"Est. reading time":"2 minutes"},"schema":{"@context":"https:\/\/schema.org","@graph":[{"@type":"WebPage","@id":"https:\/\/www.lafourneedoree.fr\/fr-CA\/recettes\/sandwich-dejeuner\/","url":"https:\/\/www.lafourneedoree.fr\/fr-CA\/recettes\/sandwich-dejeuner\/","name":"Sandwich-d\u00e9jeuner - La Fourn\u00e9e Dor\u00e9e - La saveur retrouv\u00e9e","isPartOf":{"@id":"https:\/\/www.lafourneedoree.fr\/#website"},"primaryImageOfPage":{"@id":"https:\/\/www.lafourneedoree.fr\/fr-CA\/recettes\/sandwich-dejeuner\/#primaryimage"},"image":{"@id":"https:\/\/www.lafourneedoree.fr\/fr-CA\/recettes\/sandwich-dejeuner\/#primaryimage"},"thumbnailUrl":"https:\/\/www.lafourneedoree.fr\/wp-content\/uploads\/2025\/12\/brunch-toast-sandwich-1.jpg","datePublished":"2025-12-31T13:24:31+00:00","dateModified":"2026-01-23T15:50:37+00:00","breadcrumb":{"@id":"https:\/\/www.lafourneedoree.fr\/fr-CA\/recettes\/sandwich-dejeuner\/#breadcrumb"},"inLanguage":"ca-FR","potentialAction":[{"@type":"ReadAction","target":["https:\/\/www.lafourneedoree.fr\/fr-CA\/recettes\/sandwich-dejeuner\/"]}]},{"@type":"ImageObject","inLanguage":"ca-FR","@id":"https:\/\/www.lafourneedoree.fr\/fr-CA\/recettes\/sandwich-dejeuner\/#primaryimage","url":"https:\/\/www.lafourneedoree.fr\/wp-content\/uploads\/2025\/12\/brunch-toast-sandwich-1.jpg","contentUrl":"https:\/\/www.lafourneedoree.fr\/wp-content\/uploads\/2025\/12\/brunch-toast-sandwich-1.jpg","width":608,"height":590},{"@type":"BreadcrumbList","@id":"https:\/\/www.lafourneedoree.fr\/fr-CA\/recettes\/sandwich-dejeuner\/#breadcrumb","itemListElement":[{"@type":"ListItem","position":1,"name":"La Fourn\u00e9e Dor\u00e9e","item":"https:\/\/www.lafourneedoree.fr\/fr-CA\/"},{"@type":"ListItem","position":2,"name":"Sandwich-d\u00e9jeuner"}]},{"@type":"WebSite","@id":"https:\/\/www.lafourneedoree.fr\/#website","url":"https:\/\/www.lafourneedoree.fr\/","name":"La Fourn\u00e9e Dor\u00e9e - La saveur retrouv\u00e9e","description":"","potentialAction":[{"@type":"SearchAction","target":{"@type":"EntryPoint","urlTemplate":"https:\/\/www.lafourneedoree.fr\/?s={search_term_string}"},"query-input":{"@type":"PropertyValueSpecification","valueRequired":true,"valueName":"search_term_string"}}],"inLanguage":"ca-FR"}]}},"_links":{"self":[{"href":"https:\/\/www.lafourneedoree.fr\/fr-CA\/wp-json\/wp\/v2\/recipes\/18571","targetHints":{"allow":["GET"]}}],"collection":[{"href":"https:\/\/www.lafourneedoree.fr\/fr-CA\/wp-json\/wp\/v2\/recipes"}],"about":[{"href":"https:\/\/www.lafourneedoree.fr\/fr-CA\/wp-json\/wp\/v2\/types\/recipes"}],"wp:featuredmedia":[{"embeddable":true,"href":"https:\/\/www.lafourneedoree.fr\/fr-CA\/wp-json\/wp\/v2\/media\/16254"}],"wp:attachment":[{"href":"https:\/\/www.lafourneedoree.fr\/fr-CA\/wp-json\/wp\/v2\/media?parent=18571"}],"wp:term":[{"taxonomy":"recipe-type","embeddable":true,"href":"https:\/\/www.lafourneedoree.fr\/fr-CA\/wp-json\/wp\/v2\/recipe-type?post=18571"}],"curies":[{"name":"wp","href":"https:\/\/api.w.org\/{rel}","templated":true}]}}